{"id":9687,"date":"2023-02-01T13:18:00","date_gmt":"2023-02-01T12:18:00","guid":{"rendered":"https:\/\/www.gerhardsteinwender.eu\/?page_id=9687"},"modified":"2023-04-16T16:03:44","modified_gmt":"2023-04-16T14:03:44","slug":"budapest-juedischer-friedhof-salgotarjani-utca","status":"publish","type":"page","link":"https:\/\/www.gerhardsteinwender.eu\/?page_id=9687","title":{"rendered":"Budapest, j\u00fcdischer Friedhof Salg\u00f3tarj\u00e1ni utca"},"content":{"rendered":"<div data-carousel-extra='{\"blog_id\":1,\"permalink\":\"https:\\\/\\\/www.gerhardsteinwender.eu\\\/?page_id=9687\"}' id='gallery-1' class='gallery galleryid-9687 gallery-columns-3 gallery-size-thumbnail'><figure class='gallery-item'>\n\t\t\t<div class='gallery-icon landscape'>\n\t\t\t\t<a href='https:\/\/www.gerhardsteinwender.eu\/?attachment_id=9816'><img loading=\"lazy\" decoding=\"async\" data-attachment-id=\"9816\" data-orig-file=\"https:\/\/www.gerhardsteinwender.eu\/wp-content\/uploads\/2023\/02\/Budapest_Juedischer-Friedhof-Salgotarjani_u_GST-5481.jpg\" data-orig-size=\"1200,800\" data-comments-opened=\"1\" data-image-meta=\"{&quot;aperture&quot;:&quot;5.6&quot;,&quot;credit&quot;:&quot;G.STEINWENDER     photo8181&quot;,&quot;camera&quot;:&quot;NIKON D850&quot;,&quot;caption&quot;:&quot;&quot;,&quot;created_timestamp&quot;:&quot;1674987071&quot;,&quot;copyright&quot;:&quot;G.STEINWENDER     photo8181&quot;,&quot;focal_length&quot;:&quot;52&quot;,&quot;iso&quot;:&quot;400&quot;,&quot;shutter_speed&quot;:&quot;0.0125&quot;,&quot;title&quot;:&quot;&quot;,&quot;orientation&quot;:&quot;0&quot;}\" data-image-title=\"\" data-image-description=\"\" data-medium-file=\"https:\/\/www.gerhardsteinwender.eu\/wp-content\/uploads\/2023\/02\/Budapest_Juedischer-Friedhof-Salgotarjani_u_GST-5481-300x200.jpg\" data-large-file=\"https:\/\/www.gerhardsteinwender.eu\/wp-content\/uploads\/2023\/02\/Budapest_Juedischer-Friedhof-Salgotarjani_u_GST-5481-846x564.jpg\" title=\"\" width=\"200\" height=\"200\" src=\"https:\/\/www.gerhardsteinwender.eu\/wp-content\/uploads\/2023\/02\/Budapest_Juedischer-Friedhof-Salgotarjani_u_GST-5481-200x200.jpg\" class=\"attachment-thumbnail size-thumbnail\" alt=\"\" srcset=\"https:\/\/www.gerhardsteinwender.eu\/wp-content\/uploads\/2023\/02\/Budapest_Juedischer-Friedhof-Salgotarjani_u_GST-5481-200x200.jpg 200w, https:\/\/www.gerhardsteinwender.eu\/wp-content\/uploads\/2023\/02\/Budapest_Juedischer-Friedhof-Salgotarjani_u_GST-5481-533x533.jpg 533w, https:\/\/www.gerhardsteinwender.eu\/wp-content\/uploads\/2023\/02\/Budapest_Juedischer-Friedhof-Salgotarjani_u_GST-5481-640x640.jpg 640w\" sizes=\"auto, (max-width: 200px) 100vw, 200px\" \/><\/a>\n\t\t\t<\/div><\/figure><figure class='gallery-item'>\n\t\t\t<div class='gallery-icon landscape'>\n\t\t\t\t<a href='https:\/\/www.gerhardsteinwender.eu\/?attachment_id=9818'><img loading=\"lazy\" decoding=\"async\" data-attachment-id=\"9818\" data-orig-file=\"https:\/\/www.gerhardsteinwender.eu\/wp-content\/uploads\/2023\/02\/Budapest_Juedischer-Friedhof-Salgotarjani_u_GST-5483.jpg\" data-orig-size=\"1200,800\" data-comments-opened=\"1\" data-image-meta=\"{&quot;aperture&quot;:&quot;5.6&quot;,&quot;credit&quot;:&quot;G.STEINWENDER     photo8181&quot;,&quot;camera&quot;:&quot;NIKON D850&quot;,&quot;caption&quot;:&quot;&quot;,&quot;created_timestamp&quot;:&quot;1674987131&quot;,&quot;copyright&quot;:&quot;G.STEINWENDER     photo8181&quot;,&quot;focal_length&quot;:&quot;70&quot;,&quot;iso&quot;:&quot;400&quot;,&quot;shutter_speed&quot;:&quot;0.003125&quot;,&quot;title&quot;:&quot;&quot;,&quot;orientation&quot;:&quot;0&quot;}\" data-image-title=\"\" data-image-description=\"\" data-medium-file=\"https:\/\/www.gerhardsteinwender.eu\/wp-content\/uploads\/2023\/02\/Budapest_Juedischer-Friedhof-Salgotarjani_u_GST-5483-300x200.jpg\" data-large-file=\"https:\/\/www.gerhardsteinwender.eu\/wp-content\/uploads\/2023\/02\/Budapest_Juedischer-Friedhof-Salgotarjani_u_GST-5483-846x564.jpg\" title=\"\" width=\"200\" height=\"200\" src=\"https:\/\/www.gerhardsteinwender.eu\/wp-content\/uploads\/2023\/02\/Budapest_Juedischer-Friedhof-Salgotarjani_u_GST-5483-200x200.jpg\" class=\"attachment-thumbnail size-thumbnail\" alt=\"\" srcset=\"https:\/\/www.gerhardsteinwender.eu\/wp-content\/uploads\/2023\/02\/Budapest_Juedischer-Friedhof-Salgotarjani_u_GST-5483-200x200.jpg 200w, https:\/\/www.gerhardsteinwender.eu\/wp-content\/uploads\/2023\/02\/Budapest_Juedischer-Friedhof-Salgotarjani_u_GST-5483-533x533.jpg 533w, https:\/\/www.gerhardsteinwender.eu\/wp-content\/uploads\/2023\/02\/Budapest_Juedischer-Friedhof-Salgotarjani_u_GST-5483-640x640.jpg 640w\" sizes=\"auto, (max-width: 200px) 100vw, 200px\" \/><\/a>\n\t\t\t<\/div><\/figure><figure class='gallery-item'>\n\t\t\t<div class='gallery-icon landscape'>\n\t\t\t\t<a href='https:\/\/www.gerhardsteinwender.eu\/?attachment_id=9817'><img loading=\"lazy\" decoding=\"async\" data-attachment-id=\"9817\" data-orig-file=\"https:\/\/www.gerhardsteinwender.eu\/wp-content\/uploads\/2023\/02\/Budapest_Juedischer-Friedhof-Salgotarjani_u_GST-5482.jpg\" data-orig-size=\"1200,800\" data-comments-opened=\"1\" data-image-meta=\"{&quot;aperture&quot;:&quot;5.6&quot;,&quot;credit&quot;:&quot;G.STEINWENDER     photo8181&quot;,&quot;camera&quot;:&quot;NIKON D850&quot;,&quot;caption&quot;:&quot;&quot;,&quot;created_timestamp&quot;:&quot;1674987092&quot;,&quot;copyright&quot;:&quot;G.STEINWENDER     photo8181&quot;,&quot;focal_length&quot;:&quot;24&quot;,&quot;iso&quot;:&quot;400&quot;,&quot;shutter_speed&quot;:&quot;0.0125&quot;,&quot;title&quot;:&quot;&quot;,&quot;orientation&quot;:&quot;0&quot;}\" data-image-title=\"\" data-image-description=\"\" data-medium-file=\"https:\/\/www.gerhardsteinwender.eu\/wp-content\/uploads\/2023\/02\/Budapest_Juedischer-Friedhof-Salgotarjani_u_GST-5482-300x200.jpg\" data-large-file=\"https:\/\/www.gerhardsteinwender.eu\/wp-content\/uploads\/2023\/02\/Budapest_Juedischer-Friedhof-Salgotarjani_u_GST-5482-846x564.jpg\" title=\"\" width=\"200\" height=\"200\" src=\"https:\/\/www.gerhardsteinwender.eu\/wp-content\/uploads\/2023\/02\/Budapest_Juedischer-Friedhof-Salgotarjani_u_GST-5482-200x200.jpg\" class=\"attachment-thumbnail size-thumbnail\" alt=\"\" srcset=\"https:\/\/www.gerhardsteinwender.eu\/wp-content\/uploads\/2023\/02\/Budapest_Juedischer-Friedhof-Salgotarjani_u_GST-5482-200x200.jpg 200w, https:\/\/www.gerhardsteinwender.eu\/wp-content\/uploads\/2023\/02\/Budapest_Juedischer-Friedhof-Salgotarjani_u_GST-5482-533x533.jpg 533w, https:\/\/www.gerhardsteinwender.eu\/wp-content\/uploads\/2023\/02\/Budapest_Juedischer-Friedhof-Salgotarjani_u_GST-5482-640x640.jpg 640w\" sizes=\"auto, (max-width: 200px) 100vw, 200px\" \/><\/a>\n\t\t\t<\/div><\/figure><figure class='gallery-item'>\n\t\t\t<div class='gallery-icon landscape'>\n\t\t\t\t<a href='https:\/\/www.gerhardsteinwender.eu\/?attachment_id=9815'><img loading=\"lazy\" decoding=\"async\" data-attachment-id=\"9815\" data-orig-file=\"https:\/\/www.gerhardsteinwender.eu\/wp-content\/uploads\/2023\/02\/Budapest_Juedischer-Friedhof-Salgotarjani_u_GST-5480.jpg\" data-orig-size=\"1200,800\" data-comments-opened=\"1\" data-image-meta=\"{&quot;aperture&quot;:&quot;5.6&quot;,&quot;credit&quot;:&quot;G.STEINWENDER     photo8181&quot;,&quot;camera&quot;:&quot;NIKON D850&quot;,&quot;caption&quot;:&quot;&quot;,&quot;created_timestamp&quot;:&quot;1674987039&quot;,&quot;copyright&quot;:&quot;G.STEINWENDER     photo8181&quot;,&quot;focal_length&quot;:&quot;70&quot;,&quot;iso&quot;:&quot;400&quot;,&quot;shutter_speed&quot;:&quot;0.016666666666667&quot;,&quot;title&quot;:&quot;&quot;,&quot;orientation&quot;:&quot;0&quot;}\" data-image-title=\"Budapest_Ju\u0308discher Friedhof Salgo\u0301tarja\u0301ni_u_GST-5480\" data-image-description=\"\" data-medium-file=\"https:\/\/www.gerhardsteinwender.eu\/wp-content\/uploads\/2023\/02\/Budapest_Juedischer-Friedhof-Salgotarjani_u_GST-5480-300x200.jpg\" data-large-file=\"https:\/\/www.gerhardsteinwender.eu\/wp-content\/uploads\/2023\/02\/Budapest_Juedischer-Friedhof-Salgotarjani_u_GST-5480-846x564.jpg\" title=\"Budapest_Ju\u0308discher Friedhof Salgo\u0301tarja\u0301ni_u_GST-5480\" width=\"200\" height=\"200\" src=\"https:\/\/www.gerhardsteinwender.eu\/wp-content\/uploads\/2023\/02\/Budapest_Juedischer-Friedhof-Salgotarjani_u_GST-5480-200x200.jpg\" class=\"attachment-thumbnail size-thumbnail\" alt=\"\" srcset=\"https:\/\/www.gerhardsteinwender.eu\/wp-content\/uploads\/2023\/02\/Budapest_Juedischer-Friedhof-Salgotarjani_u_GST-5480-200x200.jpg 200w, https:\/\/www.gerhardsteinwender.eu\/wp-content\/uploads\/2023\/02\/Budapest_Juedischer-Friedhof-Salgotarjani_u_GST-5480-533x533.jpg 533w, https:\/\/www.gerhardsteinwender.eu\/wp-content\/uploads\/2023\/02\/Budapest_Juedischer-Friedhof-Salgotarjani_u_GST-5480-640x640.jpg 640w\" sizes=\"auto, (max-width: 200px) 100vw, 200px\" \/><\/a>\n\t\t\t<\/div><\/figure><figure class='gallery-item'>\n\t\t\t<div class='gallery-icon landscape'>\n\t\t\t\t<a href='https:\/\/www.gerhardsteinwender.eu\/?attachment_id=9814'><img loading=\"lazy\" decoding=\"async\" data-attachment-id=\"9814\" data-orig-file=\"https:\/\/www.gerhardsteinwender.eu\/wp-content\/uploads\/2023\/02\/Budapest_Juedischer-Friedhof-Salgotarjani_u_GST-5479.jpg\" data-orig-size=\"1200,800\" data-comments-opened=\"1\" data-image-meta=\"{&quot;aperture&quot;:&quot;5.6&quot;,&quot;credit&quot;:&quot;G.STEINWENDER     photo8181&quot;,&quot;camera&quot;:&quot;NIKON D850&quot;,&quot;caption&quot;:&quot;&quot;,&quot;created_timestamp&quot;:&quot;1674987012&quot;,&quot;copyright&quot;:&quot;G.STEINWENDER     photo8181&quot;,&quot;focal_length&quot;:&quot;34&quot;,&quot;iso&quot;:&quot;400&quot;,&quot;shutter_speed&quot;:&quot;0.005&quot;,&quot;title&quot;:&quot;&quot;,&quot;orientation&quot;:&quot;0&quot;}\" data-image-title=\"Budapest_Ju\u0308discher Friedhof Salgo\u0301tarja\u0301ni_(c) Gerhard Steinwender\" data-image-description=\"\" data-medium-file=\"https:\/\/www.gerhardsteinwender.eu\/wp-content\/uploads\/2023\/02\/Budapest_Juedischer-Friedhof-Salgotarjani_u_GST-5479-300x200.jpg\" data-large-file=\"https:\/\/www.gerhardsteinwender.eu\/wp-content\/uploads\/2023\/02\/Budapest_Juedischer-Friedhof-Salgotarjani_u_GST-5479-846x564.jpg\" title=\"Budapest_Ju\u0308discher Friedhof Salgo\u0301tarja\u0301ni_(c) Gerhard Steinwender\" width=\"200\" height=\"200\" src=\"https:\/\/www.gerhardsteinwender.eu\/wp-content\/uploads\/2023\/02\/Budapest_Juedischer-Friedhof-Salgotarjani_u_GST-5479-200x200.jpg\" class=\"attachment-thumbnail size-thumbnail\" alt=\"\" srcset=\"https:\/\/www.gerhardsteinwender.eu\/wp-content\/uploads\/2023\/02\/Budapest_Juedischer-Friedhof-Salgotarjani_u_GST-5479-200x200.jpg 200w, https:\/\/www.gerhardsteinwender.eu\/wp-content\/uploads\/2023\/02\/Budapest_Juedischer-Friedhof-Salgotarjani_u_GST-5479-533x533.jpg 533w, https:\/\/www.gerhardsteinwender.eu\/wp-content\/uploads\/2023\/02\/Budapest_Juedischer-Friedhof-Salgotarjani_u_GST-5479-640x640.jpg 640w\" sizes=\"auto, (max-width: 200px) 100vw, 200px\" \/><\/a>\n\t\t\t<\/div><\/figure><figure class='gallery-item'>\n\t\t\t<div class='gallery-icon landscape'>\n\t\t\t\t<a href='https:\/\/www.gerhardsteinwender.eu\/?attachment_id=9813'><img loading=\"lazy\" decoding=\"async\" data-attachment-id=\"9813\" data-orig-file=\"https:\/\/www.gerhardsteinwender.eu\/wp-content\/uploads\/2023\/02\/Budapest_Juedischer-Friedhof-Salgotarjani_u_GST-5478.jpg\" data-orig-size=\"1200,800\" data-comments-opened=\"1\" data-image-meta=\"{&quot;aperture&quot;:&quot;5.6&quot;,&quot;credit&quot;:&quot;G.STEINWENDER     photo8181&quot;,&quot;camera&quot;:&quot;NIKON D850&quot;,&quot;caption&quot;:&quot;&quot;,&quot;created_timestamp&quot;:&quot;1674986999&quot;,&quot;copyright&quot;:&quot;G.STEINWENDER     photo8181&quot;,&quot;focal_length&quot;:&quot;24&quot;,&quot;iso&quot;:&quot;400&quot;,&quot;shutter_speed&quot;:&quot;0.0015625&quot;,&quot;title&quot;:&quot;&quot;,&quot;orientation&quot;:&quot;0&quot;}\" data-image-title=\"Budapest_Ju\u0308discher Friedhof Salgo\u0301tarja\u0301ni_(c) Gerhard Steinwender\" data-image-description=\"\" data-medium-file=\"https:\/\/www.gerhardsteinwender.eu\/wp-content\/uploads\/2023\/02\/Budapest_Juedischer-Friedhof-Salgotarjani_u_GST-5478-300x200.jpg\" data-large-file=\"https:\/\/www.gerhardsteinwender.eu\/wp-content\/uploads\/2023\/02\/Budapest_Juedischer-Friedhof-Salgotarjani_u_GST-5478-846x564.jpg\" title=\"Budapest_Ju\u0308discher Friedhof Salgo\u0301tarja\u0301ni_(c) Gerhard Steinwender\" width=\"200\" height=\"200\" src=\"https:\/\/www.gerhardsteinwender.eu\/wp-content\/uploads\/2023\/02\/Budapest_Juedischer-Friedhof-Salgotarjani_u_GST-5478-200x200.jpg\" class=\"attachment-thumbnail size-thumbnail\" alt=\"\" srcset=\"https:\/\/www.gerhardsteinwender.eu\/wp-content\/uploads\/2023\/02\/Budapest_Juedischer-Friedhof-Salgotarjani_u_GST-5478-200x200.jpg 200w, https:\/\/www.gerhardsteinwender.eu\/wp-content\/uploads\/2023\/02\/Budapest_Juedischer-Friedhof-Salgotarjani_u_GST-5478-533x533.jpg 533w, https:\/\/www.gerhardsteinwender.eu\/wp-content\/uploads\/2023\/02\/Budapest_Juedischer-Friedhof-Salgotarjani_u_GST-5478-640x640.jpg 640w\" sizes=\"auto, (max-width: 200px) 100vw, 200px\" \/><\/a>\n\t\t\t<\/div><\/figure><figure class='gallery-item'>\n\t\t\t<div class='gallery-icon portrait'>\n\t\t\t\t<a href='https:\/\/www.gerhardsteinwender.eu\/?attachment_id=9812'><img loading=\"lazy\" decoding=\"async\" data-attachment-id=\"9812\" data-orig-file=\"https:\/\/www.gerhardsteinwender.eu\/wp-content\/uploads\/2023\/02\/Budapest_Juedischer-Friedhof-Salgotarjani_u_GST-5477.jpg\" data-orig-size=\"800,1200\" data-comments-opened=\"1\" data-image-meta=\"{&quot;aperture&quot;:&quot;5.6&quot;,&quot;credit&quot;:&quot;G.STEINWENDER     photo8181&quot;,&quot;camera&quot;:&quot;NIKON D850&quot;,&quot;caption&quot;:&quot;&quot;,&quot;created_timestamp&quot;:&quot;1674986974&quot;,&quot;copyright&quot;:&quot;G.STEINWENDER     photo8181&quot;,&quot;focal_length&quot;:&quot;35&quot;,&quot;iso&quot;:&quot;400&quot;,&quot;shutter_speed&quot;:&quot;0.0025&quot;,&quot;title&quot;:&quot;&quot;,&quot;orientation&quot;:&quot;0&quot;}\" data-image-title=\"Budapest_Ju\u0308discher Friedhof Salgo\u0301tarja\u0301ni_(c) Gerhard Steinwender\" data-image-description=\"\" data-medium-file=\"https:\/\/www.gerhardsteinwender.eu\/wp-content\/uploads\/2023\/02\/Budapest_Juedischer-Friedhof-Salgotarjani_u_GST-5477-200x300.jpg\" data-large-file=\"https:\/\/www.gerhardsteinwender.eu\/wp-content\/uploads\/2023\/02\/Budapest_Juedischer-Friedhof-Salgotarjani_u_GST-5477.jpg\" title=\"Budapest_Ju\u0308discher Friedhof Salgo\u0301tarja\u0301ni_(c) Gerhard Steinwender\" width=\"200\" height=\"200\" src=\"https:\/\/www.gerhardsteinwender.eu\/wp-content\/uploads\/2023\/02\/Budapest_Juedischer-Friedhof-Salgotarjani_u_GST-5477-200x200.jpg\" class=\"attachment-thumbnail size-thumbnail\" alt=\"\" srcset=\"https:\/\/www.gerhardsteinwender.eu\/wp-content\/uploads\/2023\/02\/Budapest_Juedischer-Friedhof-Salgotarjani_u_GST-5477-200x200.jpg 200w, https:\/\/www.gerhardsteinwender.eu\/wp-content\/uploads\/2023\/02\/Budapest_Juedischer-Friedhof-Salgotarjani_u_GST-5477-533x533.jpg 533w, https:\/\/www.gerhardsteinwender.eu\/wp-content\/uploads\/2023\/02\/Budapest_Juedischer-Friedhof-Salgotarjani_u_GST-5477-640x640.jpg 640w\" sizes=\"auto, (max-width: 200px) 100vw, 200px\" \/><\/a>\n\t\t\t<\/div><\/figure><figure class='gallery-item'>\n\t\t\t<div class='gallery-icon landscape'>\n\t\t\t\t<a href='https:\/\/www.gerhardsteinwender.eu\/?attachment_id=9811'><img loading=\"lazy\" decoding=\"async\" data-attachment-id=\"9811\" data-orig-file=\"https:\/\/www.gerhardsteinwender.eu\/wp-content\/uploads\/2023\/02\/Budapest_Juedischer-Friedhof-Salgotarjani_u_GST-5476.jpg\" data-orig-size=\"1200,800\" data-comments-opened=\"1\" data-image-meta=\"{&quot;aperture&quot;:&quot;5&quot;,&quot;credit&quot;:&quot;G.STEINWENDER     photo8181&quot;,&quot;camera&quot;:&quot;NIKON D850&quot;,&quot;caption&quot;:&quot;&quot;,&quot;created_timestamp&quot;:&quot;1674986924&quot;,&quot;copyright&quot;:&quot;G.STEINWENDER     photo8181&quot;,&quot;focal_length&quot;:&quot;24&quot;,&quot;iso&quot;:&quot;400&quot;,&quot;shutter_speed&quot;:&quot;0.004&quot;,&quot;title&quot;:&quot;&quot;,&quot;orientation&quot;:&quot;0&quot;}\" data-image-title=\"Budapest_Ju\u0308discher Friedhof Salgo\u0301tarja\u0301ni_(c) Gerhard Steinwender\" data-image-description=\"\" data-medium-file=\"https:\/\/www.gerhardsteinwender.eu\/wp-content\/uploads\/2023\/02\/Budapest_Juedischer-Friedhof-Salgotarjani_u_GST-5476-300x200.jpg\" data-large-file=\"https:\/\/www.gerhardsteinwender.eu\/wp-content\/uploads\/2023\/02\/Budapest_Juedischer-Friedhof-Salgotarjani_u_GST-5476-846x564.jpg\" title=\"Budapest_Ju\u0308discher Friedhof Salgo\u0301tarja\u0301ni_(c) Gerhard Steinwender\" width=\"200\" height=\"200\" src=\"https:\/\/www.gerhardsteinwender.eu\/wp-content\/uploads\/2023\/02\/Budapest_Juedischer-Friedhof-Salgotarjani_u_GST-5476-200x200.jpg\" class=\"attachment-thumbnail size-thumbnail\" alt=\"\" srcset=\"https:\/\/www.gerhardsteinwender.eu\/wp-content\/uploads\/2023\/02\/Budapest_Juedischer-Friedhof-Salgotarjani_u_GST-5476-200x200.jpg 200w, https:\/\/www.gerhardsteinwender.eu\/wp-content\/uploads\/2023\/02\/Budapest_Juedischer-Friedhof-Salgotarjani_u_GST-5476-533x533.jpg 533w, https:\/\/www.gerhardsteinwender.eu\/wp-content\/uploads\/2023\/02\/Budapest_Juedischer-Friedhof-Salgotarjani_u_GST-5476-640x640.jpg 640w\" sizes=\"auto, (max-width: 200px) 100vw, 200px\" \/><\/a>\n\t\t\t<\/div><\/figure><figure class='gallery-item'>\n\t\t\t<div class='gallery-icon landscape'>\n\t\t\t\t<a href='https:\/\/www.gerhardsteinwender.eu\/?attachment_id=9809'><img loading=\"lazy\" decoding=\"async\" data-attachment-id=\"9809\" data-orig-file=\"https:\/\/www.gerhardsteinwender.eu\/wp-content\/uploads\/2023\/02\/Budapest_Juedischer-Friedhof-Salgotarjani_u_GST-5474.jpg\" data-orig-size=\"1200,800\" data-comments-opened=\"1\" data-image-meta=\"{&quot;aperture&quot;:&quot;5.6&quot;,&quot;credit&quot;:&quot;G.STEINWENDER     photo8181&quot;,&quot;camera&quot;:&quot;NIKON D850&quot;,&quot;caption&quot;:&quot;&quot;,&quot;created_timestamp&quot;:&quot;1674986855&quot;,&quot;copyright&quot;:&quot;G.STEINWENDER     photo8181&quot;,&quot;focal_length&quot;:&quot;50&quot;,&quot;iso&quot;:&quot;400&quot;,&quot;shutter_speed&quot;:&quot;0.0125&quot;,&quot;title&quot;:&quot;&quot;,&quot;orientation&quot;:&quot;0&quot;}\" data-image-title=\"Budapest_Ju\u0308discher Friedhof Salgo\u0301tarja\u0301ni_(c) Gerhard Steinwender\" data-image-description=\"\" data-medium-file=\"https:\/\/www.gerhardsteinwender.eu\/wp-content\/uploads\/2023\/02\/Budapest_Juedischer-Friedhof-Salgotarjani_u_GST-5474-300x200.jpg\" data-large-file=\"https:\/\/www.gerhardsteinwender.eu\/wp-content\/uploads\/2023\/02\/Budapest_Juedischer-Friedhof-Salgotarjani_u_GST-5474-846x564.jpg\" title=\"Budapest_Ju\u0308discher Friedhof Salgo\u0301tarja\u0301ni_(c) Gerhard Steinwender\" width=\"200\" height=\"200\" src=\"https:\/\/www.gerhardsteinwender.eu\/wp-content\/uploads\/2023\/02\/Budapest_Juedischer-Friedhof-Salgotarjani_u_GST-5474-200x200.jpg\" class=\"attachment-thumbnail size-thumbnail\" alt=\"\" srcset=\"https:\/\/www.gerhardsteinwender.eu\/wp-content\/uploads\/2023\/02\/Budapest_Juedischer-Friedhof-Salgotarjani_u_GST-5474-200x200.jpg 200w, https:\/\/www.gerhardsteinwender.eu\/wp-content\/uploads\/2023\/02\/Budapest_Juedischer-Friedhof-Salgotarjani_u_GST-5474-533x533.jpg 533w, https:\/\/www.gerhardsteinwender.eu\/wp-content\/uploads\/2023\/02\/Budapest_Juedischer-Friedhof-Salgotarjani_u_GST-5474-640x640.jpg 640w\" sizes=\"auto, (max-width: 200px) 100vw, 200px\" \/><\/a>\n\t\t\t<\/div><\/figure><figure class='gallery-item'>\n\t\t\t<div class='gallery-icon landscape'>\n\t\t\t\t<a href='https:\/\/www.gerhardsteinwender.eu\/?attachment_id=9808'><img loading=\"lazy\" decoding=\"async\" data-attachment-id=\"9808\" data-orig-file=\"https:\/\/www.gerhardsteinwender.eu\/wp-content\/uploads\/2023\/02\/Budapest_Juedischer-Friedhof-Salgotarjani_u_GST-5473.jpg\" data-orig-size=\"1200,800\" data-comments-opened=\"1\" data-image-meta=\"{&quot;aperture&quot;:&quot;5.6&quot;,&quot;credit&quot;:&quot;G.STEINWENDER     photo8181&quot;,&quot;camera&quot;:&quot;NIKON D850&quot;,&quot;caption&quot;:&quot;&quot;,&quot;created_timestamp&quot;:&quot;1674986840&quot;,&quot;copyright&quot;:&quot;G.STEINWENDER     photo8181&quot;,&quot;focal_length&quot;:&quot;24&quot;,&quot;iso&quot;:&quot;400&quot;,&quot;shutter_speed&quot;:&quot;0.008&quot;,&quot;title&quot;:&quot;&quot;,&quot;orientation&quot;:&quot;0&quot;}\" data-image-title=\"Budapest_Ju\u0308discher Friedhof Salgo\u0301tarja\u0301ni_(c) Gerhard Steinwender\" data-image-description=\"\" data-medium-file=\"https:\/\/www.gerhardsteinwender.eu\/wp-content\/uploads\/2023\/02\/Budapest_Juedischer-Friedhof-Salgotarjani_u_GST-5473-300x200.jpg\" data-large-file=\"https:\/\/www.gerhardsteinwender.eu\/wp-content\/uploads\/2023\/02\/Budapest_Juedischer-Friedhof-Salgotarjani_u_GST-5473-846x564.jpg\" title=\"Budapest_Ju\u0308discher Friedhof Salgo\u0301tarja\u0301ni_(c) Gerhard Steinwender\" width=\"200\" height=\"200\" src=\"https:\/\/www.gerhardsteinwender.eu\/wp-content\/uploads\/2023\/02\/Budapest_Juedischer-Friedhof-Salgotarjani_u_GST-5473-200x200.jpg\" class=\"attachment-thumbnail size-thumbnail\" alt=\"\" srcset=\"https:\/\/www.gerhardsteinwender.eu\/wp-content\/uploads\/2023\/02\/Budapest_Juedischer-Friedhof-Salgotarjani_u_GST-5473-200x200.jpg 200w, https:\/\/www.gerhardsteinwender.eu\/wp-content\/uploads\/2023\/02\/Budapest_Juedischer-Friedhof-Salgotarjani_u_GST-5473-533x533.jpg 533w, https:\/\/www.gerhardsteinwender.eu\/wp-content\/uploads\/2023\/02\/Budapest_Juedischer-Friedhof-Salgotarjani_u_GST-5473-640x640.jpg 640w\" sizes=\"auto, (max-width: 200px) 100vw, 200px\" \/><\/a>\n\t\t\t<\/div><\/figure><figure class='gallery-item'>\n\t\t\t<div class='gallery-icon portrait'>\n\t\t\t\t<a href='https:\/\/www.gerhardsteinwender.eu\/?attachment_id=9806'><img loading=\"lazy\" decoding=\"async\" data-attachment-id=\"9806\" data-orig-file=\"https:\/\/www.gerhardsteinwender.eu\/wp-content\/uploads\/2023\/02\/Budapest_Juedischer-Friedhof-Salgotarjani_u_GST-5471.jpg\" data-orig-size=\"800,1200\" data-comments-opened=\"1\" data-image-meta=\"{&quot;aperture&quot;:&quot;5.6&quot;,&quot;credit&quot;:&quot;G.STEINWENDER     photo8181&quot;,&quot;camera&quot;:&quot;NIKON D850&quot;,&quot;caption&quot;:&quot;&quot;,&quot;created_timestamp&quot;:&quot;1674986686&quot;,&quot;copyright&quot;:&quot;G.STEINWENDER     photo8181&quot;,&quot;focal_length&quot;:&quot;50&quot;,&quot;iso&quot;:&quot;400&quot;,&quot;shutter_speed&quot;:&quot;0.0125&quot;,&quot;title&quot;:&quot;&quot;,&quot;orientation&quot;:&quot;0&quot;}\" data-image-title=\"Budapest_Ju\u0308discher Friedhof Salgo\u0301tarja\u0301ni_(c) Gerhard Steinwender\" data-image-description=\"\" data-medium-file=\"https:\/\/www.gerhardsteinwender.eu\/wp-content\/uploads\/2023\/02\/Budapest_Juedischer-Friedhof-Salgotarjani_u_GST-5471-200x300.jpg\" data-large-file=\"https:\/\/www.gerhardsteinwender.eu\/wp-content\/uploads\/2023\/02\/Budapest_Juedischer-Friedhof-Salgotarjani_u_GST-5471.jpg\" title=\"Budapest_Ju\u0308discher Friedhof Salgo\u0301tarja\u0301ni_(c) Gerhard Steinwender\" width=\"200\" height=\"200\" src=\"https:\/\/www.gerhardsteinwender.eu\/wp-content\/uploads\/2023\/02\/Budapest_Juedischer-Friedhof-Salgotarjani_u_GST-5471-200x200.jpg\" class=\"attachment-thumbnail size-thumbnail\" alt=\"\" srcset=\"https:\/\/www.gerhardsteinwender.eu\/wp-content\/uploads\/2023\/02\/Budapest_Juedischer-Friedhof-Salgotarjani_u_GST-5471-200x200.jpg 200w, https:\/\/www.gerhardsteinwender.eu\/wp-content\/uploads\/2023\/02\/Budapest_Juedischer-Friedhof-Salgotarjani_u_GST-5471-533x533.jpg 533w, https:\/\/www.gerhardsteinwender.eu\/wp-content\/uploads\/2023\/02\/Budapest_Juedischer-Friedhof-Salgotarjani_u_GST-5471-640x640.jpg 640w\" sizes=\"auto, (max-width: 200px) 100vw, 200px\" \/><\/a>\n\t\t\t<\/div><\/figure><figure class='gallery-item'>\n\t\t\t<div class='gallery-icon landscape'>\n\t\t\t\t<a href='https:\/\/www.gerhardsteinwender.eu\/?attachment_id=9805'><img loading=\"lazy\" decoding=\"async\" data-attachment-id=\"9805\" data-orig-file=\"https:\/\/www.gerhardsteinwender.eu\/wp-content\/uploads\/2023\/02\/Budapest_Juedischer-Friedhof-Salgotarjani_u_GST-5470.jpg\" data-orig-size=\"1200,800\" data-comments-opened=\"1\" data-image-meta=\"{&quot;aperture&quot;:&quot;6.3&quot;,&quot;credit&quot;:&quot;G.STEINWENDER     photo8181&quot;,&quot;camera&quot;:&quot;NIKON D850&quot;,&quot;caption&quot;:&quot;&quot;,&quot;created_timestamp&quot;:&quot;1674986673&quot;,&quot;copyright&quot;:&quot;G.STEINWENDER     photo8181&quot;,&quot;focal_length&quot;:&quot;36&quot;,&quot;iso&quot;:&quot;400&quot;,&quot;shutter_speed&quot;:&quot;0.016666666666667&quot;,&quot;title&quot;:&quot;&quot;,&quot;orientation&quot;:&quot;0&quot;}\" data-image-title=\"Budapest_Ju\u0308discher Friedhof Salgo\u0301tarja\u0301ni_(c) Gerhard Steinwender\" data-image-description=\"\" data-medium-file=\"https:\/\/www.gerhardsteinwender.eu\/wp-content\/uploads\/2023\/02\/Budapest_Juedischer-Friedhof-Salgotarjani_u_GST-5470-300x200.jpg\" data-large-file=\"https:\/\/www.gerhardsteinwender.eu\/wp-content\/uploads\/2023\/02\/Budapest_Juedischer-Friedhof-Salgotarjani_u_GST-5470-846x564.jpg\" title=\"Budapest_Ju\u0308discher Friedhof Salgo\u0301tarja\u0301ni_(c) Gerhard Steinwender\" width=\"200\" height=\"200\" src=\"https:\/\/www.gerhardsteinwender.eu\/wp-content\/uploads\/2023\/02\/Budapest_Juedischer-Friedhof-Salgotarjani_u_GST-5470-200x200.jpg\" class=\"attachment-thumbnail size-thumbnail\" alt=\"\" srcset=\"https:\/\/www.gerhardsteinwender.eu\/wp-content\/uploads\/2023\/02\/Budapest_Juedischer-Friedhof-Salgotarjani_u_GST-5470-200x200.jpg 200w, https:\/\/www.gerhardsteinwender.eu\/wp-content\/uploads\/2023\/02\/Budapest_Juedischer-Friedhof-Salgotarjani_u_GST-5470-533x533.jpg 533w, https:\/\/www.gerhardsteinwender.eu\/wp-content\/uploads\/2023\/02\/Budapest_Juedischer-Friedhof-Salgotarjani_u_GST-5470-640x640.jpg 640w\" sizes=\"auto, (max-width: 200px) 100vw, 200px\" \/><\/a>\n\t\t\t<\/div><\/figure><figure class='gallery-item'>\n\t\t\t<div class='gallery-icon landscape'>\n\t\t\t\t<a href='https:\/\/www.gerhardsteinwender.eu\/?attachment_id=9804'><img loading=\"lazy\" decoding=\"async\" data-attachment-id=\"9804\" data-orig-file=\"https:\/\/www.gerhardsteinwender.eu\/wp-content\/uploads\/2023\/02\/Budapest_Juedischer-Friedhof-Salgotarjani_u_GST-5469.jpg\" data-orig-size=\"1200,800\" data-comments-opened=\"1\" data-image-meta=\"{&quot;aperture&quot;:&quot;5.6&quot;,&quot;credit&quot;:&quot;G.STEINWENDER     photo8181&quot;,&quot;camera&quot;:&quot;NIKON D850&quot;,&quot;caption&quot;:&quot;&quot;,&quot;created_timestamp&quot;:&quot;1674986466&quot;,&quot;copyright&quot;:&quot;G.STEINWENDER     photo8181&quot;,&quot;focal_length&quot;:&quot;70&quot;,&quot;iso&quot;:&quot;400&quot;,&quot;shutter_speed&quot;:&quot;0.0125&quot;,&quot;title&quot;:&quot;&quot;,&quot;orientation&quot;:&quot;0&quot;}\" data-image-title=\"Budapest_Ju\u0308discher Friedhof Salgo\u0301tarja\u0301ni_(c) Gerhard Steinwender\" data-image-description=\"\" data-medium-file=\"https:\/\/www.gerhardsteinwender.eu\/wp-content\/uploads\/2023\/02\/Budapest_Juedischer-Friedhof-Salgotarjani_u_GST-5469-300x200.jpg\" data-large-file=\"https:\/\/www.gerhardsteinwender.eu\/wp-content\/uploads\/2023\/02\/Budapest_Juedischer-Friedhof-Salgotarjani_u_GST-5469-846x564.jpg\" title=\"Budapest_Ju\u0308discher Friedhof Salgo\u0301tarja\u0301ni_(c) Gerhard Steinwender\" width=\"200\" height=\"200\" src=\"https:\/\/www.gerhardsteinwender.eu\/wp-content\/uploads\/2023\/02\/Budapest_Juedischer-Friedhof-Salgotarjani_u_GST-5469-200x200.jpg\" class=\"attachment-thumbnail size-thumbnail\" alt=\"\" srcset=\"https:\/\/www.gerhardsteinwender.eu\/wp-content\/uploads\/2023\/02\/Budapest_Juedischer-Friedhof-Salgotarjani_u_GST-5469-200x200.jpg 200w, https:\/\/www.gerhardsteinwender.eu\/wp-content\/uploads\/2023\/02\/Budapest_Juedischer-Friedhof-Salgotarjani_u_GST-5469-533x533.jpg 533w, https:\/\/www.gerhardsteinwender.eu\/wp-content\/uploads\/2023\/02\/Budapest_Juedischer-Friedhof-Salgotarjani_u_GST-5469-640x640.jpg 640w\" sizes=\"auto, (max-width: 200px) 100vw, 200px\" \/><\/a>\n\t\t\t<\/div><\/figure><figure class='gallery-item'>\n\t\t\t<div class='gallery-icon landscape'>\n\t\t\t\t<a href='https:\/\/www.gerhardsteinwender.eu\/?attachment_id=9802'><img loading=\"lazy\" decoding=\"async\" data-attachment-id=\"9802\" data-orig-file=\"https:\/\/www.gerhardsteinwender.eu\/wp-content\/uploads\/2023\/02\/Budapest_Juedischer-Friedhof-Salgotarjani_u_GST-5467.jpg\" data-orig-size=\"1200,800\" data-comments-opened=\"1\" data-image-meta=\"{&quot;aperture&quot;:&quot;5.6&quot;,&quot;credit&quot;:&quot;G.STEINWENDER     photo8181&quot;,&quot;camera&quot;:&quot;NIKON D850&quot;,&quot;caption&quot;:&quot;&quot;,&quot;created_timestamp&quot;:&quot;1674986328&quot;,&quot;copyright&quot;:&quot;G.STEINWENDER     photo8181&quot;,&quot;focal_length&quot;:&quot;70&quot;,&quot;iso&quot;:&quot;640&quot;,&quot;shutter_speed&quot;:&quot;0.0125&quot;,&quot;title&quot;:&quot;&quot;,&quot;orientation&quot;:&quot;0&quot;}\" data-image-title=\"Budapest_Ju\u0308discher Friedhof Salgo\u0301tarja\u0301ni_(c) Gerhard Steinwender\" data-image-description=\"\" data-medium-file=\"https:\/\/www.gerhardsteinwender.eu\/wp-content\/uploads\/2023\/02\/Budapest_Juedischer-Friedhof-Salgotarjani_u_GST-5467-300x200.jpg\" data-large-file=\"https:\/\/www.gerhardsteinwender.eu\/wp-content\/uploads\/2023\/02\/Budapest_Juedischer-Friedhof-Salgotarjani_u_GST-5467-846x564.jpg\" title=\"Budapest_Ju\u0308discher Friedhof Salgo\u0301tarja\u0301ni_(c) Gerhard Steinwender\" width=\"200\" height=\"200\" src=\"https:\/\/www.gerhardsteinwender.eu\/wp-content\/uploads\/2023\/02\/Budapest_Juedischer-Friedhof-Salgotarjani_u_GST-5467-200x200.jpg\" class=\"attachment-thumbnail size-thumbnail\" alt=\"\" srcset=\"https:\/\/www.gerhardsteinwender.eu\/wp-content\/uploads\/2023\/02\/Budapest_Juedischer-Friedhof-Salgotarjani_u_GST-5467-200x200.jpg 200w, https:\/\/www.gerhardsteinwender.eu\/wp-content\/uploads\/2023\/02\/Budapest_Juedischer-Friedhof-Salgotarjani_u_GST-5467-533x533.jpg 533w, https:\/\/www.gerhardsteinwender.eu\/wp-content\/uploads\/2023\/02\/Budapest_Juedischer-Friedhof-Salgotarjani_u_GST-5467-640x640.jpg 640w\" sizes=\"auto, (max-width: 200px) 100vw, 200px\" \/><\/a>\n\t\t\t<\/div><\/figure><figure class='gallery-item'>\n\t\t\t<div class='gallery-icon landscape'>\n\t\t\t\t<a href='https:\/\/www.gerhardsteinwender.eu\/?attachment_id=9801'><img loading=\"lazy\" decoding=\"async\" data-attachment-id=\"9801\" data-orig-file=\"https:\/\/www.gerhardsteinwender.eu\/wp-content\/uploads\/2023\/02\/Budapest_Juedischer-Friedhof-Salgotarjani_u_GST-5466.jpg\" data-orig-size=\"1200,800\" data-comments-opened=\"1\" data-image-meta=\"{&quot;aperture&quot;:&quot;5.6&quot;,&quot;credit&quot;:&quot;G.STEINWENDER     photo8181&quot;,&quot;camera&quot;:&quot;NIKON D850&quot;,&quot;caption&quot;:&quot;&quot;,&quot;created_timestamp&quot;:&quot;1674986297&quot;,&quot;copyright&quot;:&quot;G.STEINWENDER     photo8181&quot;,&quot;focal_length&quot;:&quot;90&quot;,&quot;iso&quot;:&quot;640&quot;,&quot;shutter_speed&quot;:&quot;0.01&quot;,&quot;title&quot;:&quot;&quot;,&quot;orientation&quot;:&quot;0&quot;}\" data-image-title=\"Budapest_Ju\u0308discher Friedhof Salgo\u0301tarja\u0301ni_(c) Gerhard Steinwender\" data-image-description=\"\" data-medium-file=\"https:\/\/www.gerhardsteinwender.eu\/wp-content\/uploads\/2023\/02\/Budapest_Juedischer-Friedhof-Salgotarjani_u_GST-5466-300x200.jpg\" data-large-file=\"https:\/\/www.gerhardsteinwender.eu\/wp-content\/uploads\/2023\/02\/Budapest_Juedischer-Friedhof-Salgotarjani_u_GST-5466-846x564.jpg\" title=\"Budapest_Ju\u0308discher Friedhof Salgo\u0301tarja\u0301ni_(c) Gerhard Steinwender\" width=\"200\" height=\"200\" src=\"https:\/\/www.gerhardsteinwender.eu\/wp-content\/uploads\/2023\/02\/Budapest_Juedischer-Friedhof-Salgotarjani_u_GST-5466-200x200.jpg\" class=\"attachment-thumbnail size-thumbnail\" alt=\"\" srcset=\"https:\/\/www.gerhardsteinwender.eu\/wp-content\/uploads\/2023\/02\/Budapest_Juedischer-Friedhof-Salgotarjani_u_GST-5466-200x200.jpg 200w, https:\/\/www.gerhardsteinwender.eu\/wp-content\/uploads\/2023\/02\/Budapest_Juedischer-Friedhof-Salgotarjani_u_GST-5466-533x533.jpg 533w, https:\/\/www.gerhardsteinwender.eu\/wp-content\/uploads\/2023\/02\/Budapest_Juedischer-Friedhof-Salgotarjani_u_GST-5466-640x640.jpg 640w\" sizes=\"auto, (max-width: 200px) 100vw, 200px\" \/><\/a>\n\t\t\t<\/div><\/figure><figure class='gallery-item'>\n\t\t\t<div class='gallery-icon landscape'>\n\t\t\t\t<a href='https:\/\/www.gerhardsteinwender.eu\/?attachment_id=9800'><img loading=\"lazy\" decoding=\"async\" data-attachment-id=\"9800\" data-orig-file=\"https:\/\/www.gerhardsteinwender.eu\/wp-content\/uploads\/2023\/02\/Budapest_Juedischer-Friedhof-Salgotarjani_u_GST-5465.jpg\" data-orig-size=\"1200,800\" data-comments-opened=\"1\" data-image-meta=\"{&quot;aperture&quot;:&quot;4.5&quot;,&quot;credit&quot;:&quot;G.STEINWENDER     photo8181&quot;,&quot;camera&quot;:&quot;NIKON D850&quot;,&quot;caption&quot;:&quot;&quot;,&quot;created_timestamp&quot;:&quot;1674986233&quot;,&quot;copyright&quot;:&quot;G.STEINWENDER     photo8181&quot;,&quot;focal_length&quot;:&quot;102&quot;,&quot;iso&quot;:&quot;640&quot;,&quot;shutter_speed&quot;:&quot;0.01&quot;,&quot;title&quot;:&quot;&quot;,&quot;orientation&quot;:&quot;0&quot;}\" data-image-title=\"Budapest_Ju\u0308discher Friedhof Salgo\u0301tarja\u0301ni_(c) Gerhard Steinwender\" data-image-description=\"\" data-medium-file=\"https:\/\/www.gerhardsteinwender.eu\/wp-content\/uploads\/2023\/02\/Budapest_Juedischer-Friedhof-Salgotarjani_u_GST-5465-300x200.jpg\" data-large-file=\"https:\/\/www.gerhardsteinwender.eu\/wp-content\/uploads\/2023\/02\/Budapest_Juedischer-Friedhof-Salgotarjani_u_GST-5465-846x564.jpg\" title=\"Budapest_Ju\u0308discher Friedhof Salgo\u0301tarja\u0301ni_(c) Gerhard Steinwender\" width=\"200\" height=\"200\" src=\"https:\/\/www.gerhardsteinwender.eu\/wp-content\/uploads\/2023\/02\/Budapest_Juedischer-Friedhof-Salgotarjani_u_GST-5465-200x200.jpg\" class=\"attachment-thumbnail size-thumbnail\" alt=\"\" srcset=\"https:\/\/www.gerhardsteinwender.eu\/wp-content\/uploads\/2023\/02\/Budapest_Juedischer-Friedhof-Salgotarjani_u_GST-5465-200x200.jpg 200w, https:\/\/www.gerhardsteinwender.eu\/wp-content\/uploads\/2023\/02\/Budapest_Juedischer-Friedhof-Salgotarjani_u_GST-5465-533x533.jpg 533w, https:\/\/www.gerhardsteinwender.eu\/wp-content\/uploads\/2023\/02\/Budapest_Juedischer-Friedhof-Salgotarjani_u_GST-5465-640x640.jpg 640w\" sizes=\"auto, (max-width: 200px) 100vw, 200px\" \/><\/a>\n\t\t\t<\/div><\/figure><figure class='gallery-item'>\n\t\t\t<div class='gallery-icon landscape'>\n\t\t\t\t<a href='https:\/\/www.gerhardsteinwender.eu\/?attachment_id=9799'><img loading=\"lazy\" decoding=\"async\" data-attachment-id=\"9799\" data-orig-file=\"https:\/\/www.gerhardsteinwender.eu\/wp-content\/uploads\/2023\/02\/Budapest_Juedischer-Friedhof-Salgotarjani_u_GST-5464.jpg\" data-orig-size=\"1200,800\" data-comments-opened=\"1\" data-image-meta=\"{&quot;aperture&quot;:&quot;4.5&quot;,&quot;credit&quot;:&quot;G.STEINWENDER     photo8181&quot;,&quot;camera&quot;:&quot;NIKON D850&quot;,&quot;caption&quot;:&quot;&quot;,&quot;created_timestamp&quot;:&quot;1674986167&quot;,&quot;copyright&quot;:&quot;G.STEINWENDER     photo8181&quot;,&quot;focal_length&quot;:&quot;102&quot;,&quot;iso&quot;:&quot;640&quot;,&quot;shutter_speed&quot;:&quot;0.0125&quot;,&quot;title&quot;:&quot;&quot;,&quot;orientation&quot;:&quot;0&quot;}\" data-image-title=\"Budapest_Ju\u0308discher Friedhof Salgo\u0301tarja\u0301ni_(c) Gerhard Steinwender\" data-image-description=\"\" data-medium-file=\"https:\/\/www.gerhardsteinwender.eu\/wp-content\/uploads\/2023\/02\/Budapest_Juedischer-Friedhof-Salgotarjani_u_GST-5464-300x200.jpg\" data-large-file=\"https:\/\/www.gerhardsteinwender.eu\/wp-content\/uploads\/2023\/02\/Budapest_Juedischer-Friedhof-Salgotarjani_u_GST-5464-846x564.jpg\" title=\"Budapest_Ju\u0308discher Friedhof Salgo\u0301tarja\u0301ni_(c) Gerhard Steinwender\" width=\"200\" height=\"200\" src=\"https:\/\/www.gerhardsteinwender.eu\/wp-content\/uploads\/2023\/02\/Budapest_Juedischer-Friedhof-Salgotarjani_u_GST-5464-200x200.jpg\" class=\"attachment-thumbnail size-thumbnail\" alt=\"\" srcset=\"https:\/\/www.gerhardsteinwender.eu\/wp-content\/uploads\/2023\/02\/Budapest_Juedischer-Friedhof-Salgotarjani_u_GST-5464-200x200.jpg 200w, https:\/\/www.gerhardsteinwender.eu\/wp-content\/uploads\/2023\/02\/Budapest_Juedischer-Friedhof-Salgotarjani_u_GST-5464-533x533.jpg 533w, https:\/\/www.gerhardsteinwender.eu\/wp-content\/uploads\/2023\/02\/Budapest_Juedischer-Friedhof-Salgotarjani_u_GST-5464-640x640.jpg 640w\" sizes=\"auto, (max-width: 200px) 100vw, 200px\" \/><\/a>\n\t\t\t<\/div><\/figure><figure class='gallery-item'>\n\t\t\t<div class='gallery-icon portrait'>\n\t\t\t\t<a href='https:\/\/www.gerhardsteinwender.eu\/?attachment_id=9798'><img loading=\"lazy\" decoding=\"async\" data-attachment-id=\"9798\" data-orig-file=\"https:\/\/www.gerhardsteinwender.eu\/wp-content\/uploads\/2023\/02\/Budapest_Juedischer-Friedhof-Salgotarjani_u_GST-5463.jpg\" data-orig-size=\"800,1200\" data-comments-opened=\"1\" data-image-meta=\"{&quot;aperture&quot;:&quot;4.5&quot;,&quot;credit&quot;:&quot;G.STEINWENDER     photo8181&quot;,&quot;camera&quot;:&quot;NIKON D850&quot;,&quot;caption&quot;:&quot;&quot;,&quot;created_timestamp&quot;:&quot;1674986135&quot;,&quot;copyright&quot;:&quot;G.STEINWENDER     photo8181&quot;,&quot;focal_length&quot;:&quot;200&quot;,&quot;iso&quot;:&quot;640&quot;,&quot;shutter_speed&quot;:&quot;0.00625&quot;,&quot;title&quot;:&quot;&quot;,&quot;orientation&quot;:&quot;0&quot;}\" data-image-title=\"Budapest_Ju\u0308discher Friedhof Salgo\u0301tarja\u0301ni_(c) Gerhard Steinwender\" data-image-description=\"\" data-medium-file=\"https:\/\/www.gerhardsteinwender.eu\/wp-content\/uploads\/2023\/02\/Budapest_Juedischer-Friedhof-Salgotarjani_u_GST-5463-200x300.jpg\" data-large-file=\"https:\/\/www.gerhardsteinwender.eu\/wp-content\/uploads\/2023\/02\/Budapest_Juedischer-Friedhof-Salgotarjani_u_GST-5463.jpg\" title=\"Budapest_Ju\u0308discher Friedhof Salgo\u0301tarja\u0301ni_(c) Gerhard Steinwender\" width=\"200\" height=\"200\" src=\"https:\/\/www.gerhardsteinwender.eu\/wp-content\/uploads\/2023\/02\/Budapest_Juedischer-Friedhof-Salgotarjani_u_GST-5463-200x200.jpg\" class=\"attachment-thumbnail size-thumbnail\" alt=\"\" srcset=\"https:\/\/www.gerhardsteinwender.eu\/wp-content\/uploads\/2023\/02\/Budapest_Juedischer-Friedhof-Salgotarjani_u_GST-5463-200x200.jpg 200w, https:\/\/www.gerhardsteinwender.eu\/wp-content\/uploads\/2023\/02\/Budapest_Juedischer-Friedhof-Salgotarjani_u_GST-5463-533x533.jpg 533w, https:\/\/www.gerhardsteinwender.eu\/wp-content\/uploads\/2023\/02\/Budapest_Juedischer-Friedhof-Salgotarjani_u_GST-5463-640x640.jpg 640w\" sizes=\"auto, (max-width: 200px) 100vw, 200px\" \/><\/a>\n\t\t\t<\/div><\/figure><figure class='gallery-item'>\n\t\t\t<div class='gallery-icon portrait'>\n\t\t\t\t<a href='https:\/\/www.gerhardsteinwender.eu\/?attachment_id=9797'><img loading=\"lazy\" decoding=\"async\" data-attachment-id=\"9797\" data-orig-file=\"https:\/\/www.gerhardsteinwender.eu\/wp-content\/uploads\/2023\/02\/Budapest_Juedischer-Friedhof-Salgotarjani_u_GST-5462.jpg\" data-orig-size=\"800,1200\" data-comments-opened=\"1\" data-image-meta=\"{&quot;aperture&quot;:&quot;5&quot;,&quot;credit&quot;:&quot;G.STEINWENDER     photo8181&quot;,&quot;camera&quot;:&quot;NIKON D850&quot;,&quot;caption&quot;:&quot;&quot;,&quot;created_timestamp&quot;:&quot;1674986124&quot;,&quot;copyright&quot;:&quot;G.STEINWENDER     photo8181&quot;,&quot;focal_length&quot;:&quot;98&quot;,&quot;iso&quot;:&quot;640&quot;,&quot;shutter_speed&quot;:&quot;0.01&quot;,&quot;title&quot;:&quot;&quot;,&quot;orientation&quot;:&quot;0&quot;}\" data-image-title=\"Budapest_Ju\u0308discher Friedhof Salgo\u0301tarja\u0301ni_(c) Gerhard Steinwender\" data-image-description=\"\" data-medium-file=\"https:\/\/www.gerhardsteinwender.eu\/wp-content\/uploads\/2023\/02\/Budapest_Juedischer-Friedhof-Salgotarjani_u_GST-5462-200x300.jpg\" data-large-file=\"https:\/\/www.gerhardsteinwender.eu\/wp-content\/uploads\/2023\/02\/Budapest_Juedischer-Friedhof-Salgotarjani_u_GST-5462.jpg\" title=\"Budapest_Ju\u0308discher Friedhof Salgo\u0301tarja\u0301ni_(c) Gerhard Steinwender\" width=\"200\" height=\"200\" src=\"https:\/\/www.gerhardsteinwender.eu\/wp-content\/uploads\/2023\/02\/Budapest_Juedischer-Friedhof-Salgotarjani_u_GST-5462-200x200.jpg\" class=\"attachment-thumbnail size-thumbnail\" alt=\"\" srcset=\"https:\/\/www.gerhardsteinwender.eu\/wp-content\/uploads\/2023\/02\/Budapest_Juedischer-Friedhof-Salgotarjani_u_GST-5462-200x200.jpg 200w, https:\/\/www.gerhardsteinwender.eu\/wp-content\/uploads\/2023\/02\/Budapest_Juedischer-Friedhof-Salgotarjani_u_GST-5462-533x533.jpg 533w, https:\/\/www.gerhardsteinwender.eu\/wp-content\/uploads\/2023\/02\/Budapest_Juedischer-Friedhof-Salgotarjani_u_GST-5462-640x640.jpg 640w\" sizes=\"auto, (max-width: 200px) 100vw, 200px\" \/><\/a>\n\t\t\t<\/div><\/figure><figure class='gallery-item'>\n\t\t\t<div class='gallery-icon portrait'>\n\t\t\t\t<a href='https:\/\/www.gerhardsteinwender.eu\/?attachment_id=9796'><img loading=\"lazy\" decoding=\"async\" data-attachment-id=\"9796\" data-orig-file=\"https:\/\/www.gerhardsteinwender.eu\/wp-content\/uploads\/2023\/02\/Budapest_Juedischer-Friedhof-Salgotarjani_u_GST-5461.jpg\" data-orig-size=\"800,1200\" data-comments-opened=\"1\" data-image-meta=\"{&quot;aperture&quot;:&quot;5&quot;,&quot;credit&quot;:&quot;G.STEINWENDER     photo8181&quot;,&quot;camera&quot;:&quot;NIKON D850&quot;,&quot;caption&quot;:&quot;&quot;,&quot;created_timestamp&quot;:&quot;1674986121&quot;,&quot;copyright&quot;:&quot;G.STEINWENDER     photo8181&quot;,&quot;focal_length&quot;:&quot;98&quot;,&quot;iso&quot;:&quot;640&quot;,&quot;shutter_speed&quot;:&quot;0.01&quot;,&quot;title&quot;:&quot;&quot;,&quot;orientation&quot;:&quot;0&quot;}\" data-image-title=\"Budapest_Ju\u0308discher Friedhof Salgo\u0301tarja\u0301ni_(c) Gerhard Steinwender\" data-image-description=\"\" data-medium-file=\"https:\/\/www.gerhardsteinwender.eu\/wp-content\/uploads\/2023\/02\/Budapest_Juedischer-Friedhof-Salgotarjani_u_GST-5461-200x300.jpg\" data-large-file=\"https:\/\/www.gerhardsteinwender.eu\/wp-content\/uploads\/2023\/02\/Budapest_Juedischer-Friedhof-Salgotarjani_u_GST-5461.jpg\" title=\"Budapest_Ju\u0308discher Friedhof Salgo\u0301tarja\u0301ni_(c) Gerhard Steinwender\" width=\"200\" height=\"200\" src=\"https:\/\/www.gerhardsteinwender.eu\/wp-content\/uploads\/2023\/02\/Budapest_Juedischer-Friedhof-Salgotarjani_u_GST-5461-200x200.jpg\" class=\"attachment-thumbnail size-thumbnail\" alt=\"\" srcset=\"https:\/\/www.gerhardsteinwender.eu\/wp-content\/uploads\/2023\/02\/Budapest_Juedischer-Friedhof-Salgotarjani_u_GST-5461-200x200.jpg 200w, https:\/\/www.gerhardsteinwender.eu\/wp-content\/uploads\/2023\/02\/Budapest_Juedischer-Friedhof-Salgotarjani_u_GST-5461-533x533.jpg 533w, https:\/\/www.gerhardsteinwender.eu\/wp-content\/uploads\/2023\/02\/Budapest_Juedischer-Friedhof-Salgotarjani_u_GST-5461-640x640.jpg 640w\" sizes=\"auto, (max-width: 200px) 100vw, 200px\" \/><\/a>\n\t\t\t<\/div><\/figure><figure class='gallery-item'>\n\t\t\t<div class='gallery-icon landscape'>\n\t\t\t\t<a href='https:\/\/www.gerhardsteinwender.eu\/?attachment_id=9795'><img loading=\"lazy\" decoding=\"async\" data-attachment-id=\"9795\" data-orig-file=\"https:\/\/www.gerhardsteinwender.eu\/wp-content\/uploads\/2023\/02\/Budapest_Juedischer-Friedhof-Salgotarjani_u_GST-5460.jpg\" data-orig-size=\"1200,800\" data-comments-opened=\"1\" data-image-meta=\"{&quot;aperture&quot;:&quot;4.5&quot;,&quot;credit&quot;:&quot;G.STEINWENDER     photo8181&quot;,&quot;camera&quot;:&quot;NIKON D850&quot;,&quot;caption&quot;:&quot;&quot;,&quot;created_timestamp&quot;:&quot;1674986077&quot;,&quot;copyright&quot;:&quot;G.STEINWENDER     photo8181&quot;,&quot;focal_length&quot;:&quot;85&quot;,&quot;iso&quot;:&quot;640&quot;,&quot;shutter_speed&quot;:&quot;0.0125&quot;,&quot;title&quot;:&quot;&quot;,&quot;orientation&quot;:&quot;0&quot;}\" data-image-title=\"Budapest_Ju\u0308discher Friedhof Salgo\u0301tarja\u0301ni_(c) Gerhard Steinwender\" data-image-description=\"\" data-medium-file=\"https:\/\/www.gerhardsteinwender.eu\/wp-content\/uploads\/2023\/02\/Budapest_Juedischer-Friedhof-Salgotarjani_u_GST-5460-300x200.jpg\" data-large-file=\"https:\/\/www.gerhardsteinwender.eu\/wp-content\/uploads\/2023\/02\/Budapest_Juedischer-Friedhof-Salgotarjani_u_GST-5460-846x564.jpg\" title=\"Budapest_Ju\u0308discher Friedhof Salgo\u0301tarja\u0301ni_(c) Gerhard Steinwender\" width=\"200\" height=\"200\" src=\"https:\/\/www.gerhardsteinwender.eu\/wp-content\/uploads\/2023\/02\/Budapest_Juedischer-Friedhof-Salgotarjani_u_GST-5460-200x200.jpg\" class=\"attachment-thumbnail size-thumbnail\" alt=\"\" srcset=\"https:\/\/www.gerhardsteinwender.eu\/wp-content\/uploads\/2023\/02\/Budapest_Juedischer-Friedhof-Salgotarjani_u_GST-5460-200x200.jpg 200w, https:\/\/www.gerhardsteinwender.eu\/wp-content\/uploads\/2023\/02\/Budapest_Juedischer-Friedhof-Salgotarjani_u_GST-5460-533x533.jpg 533w, https:\/\/www.gerhardsteinwender.eu\/wp-content\/uploads\/2023\/02\/Budapest_Juedischer-Friedhof-Salgotarjani_u_GST-5460-640x640.jpg 640w\" sizes=\"auto, (max-width: 200px) 100vw, 200px\" \/><\/a>\n\t\t\t<\/div><\/figure><figure class='gallery-item'>\n\t\t\t<div class='gallery-icon landscape'>\n\t\t\t\t<a href='https:\/\/www.gerhardsteinwender.eu\/?attachment_id=9794'><img loading=\"lazy\" decoding=\"async\" data-attachment-id=\"9794\" data-orig-file=\"https:\/\/www.gerhardsteinwender.eu\/wp-content\/uploads\/2023\/02\/Budapest_Juedischer-Friedhof-Salgotarjani_u_GST-5458.jpg\" data-orig-size=\"1200,800\" data-comments-opened=\"1\" data-image-meta=\"{&quot;aperture&quot;:&quot;4.5&quot;,&quot;credit&quot;:&quot;G.STEINWENDER     photo8181&quot;,&quot;camera&quot;:&quot;NIKON D850&quot;,&quot;caption&quot;:&quot;&quot;,&quot;created_timestamp&quot;:&quot;1674986055&quot;,&quot;copyright&quot;:&quot;G.STEINWENDER     photo8181&quot;,&quot;focal_length&quot;:&quot;150&quot;,&quot;iso&quot;:&quot;640&quot;,&quot;shutter_speed&quot;:&quot;0.005&quot;,&quot;title&quot;:&quot;&quot;,&quot;orientation&quot;:&quot;0&quot;}\" data-image-title=\"Budapest_Ju\u0308discher Friedhof Salgo\u0301tarja\u0301ni_(c) Gerhard Steinwender\" data-image-description=\"\" data-medium-file=\"https:\/\/www.gerhardsteinwender.eu\/wp-content\/uploads\/2023\/02\/Budapest_Juedischer-Friedhof-Salgotarjani_u_GST-5458-300x200.jpg\" data-large-file=\"https:\/\/www.gerhardsteinwender.eu\/wp-content\/uploads\/2023\/02\/Budapest_Juedischer-Friedhof-Salgotarjani_u_GST-5458-846x564.jpg\" title=\"Budapest_Ju\u0308discher Friedhof Salgo\u0301tarja\u0301ni_(c) Gerhard Steinwender\" width=\"200\" height=\"200\" src=\"https:\/\/www.gerhardsteinwender.eu\/wp-content\/uploads\/2023\/02\/Budapest_Juedischer-Friedhof-Salgotarjani_u_GST-5458-200x200.jpg\" class=\"attachment-thumbnail size-thumbnail\" alt=\"\" srcset=\"https:\/\/www.gerhardsteinwender.eu\/wp-content\/uploads\/2023\/02\/Budapest_Juedischer-Friedhof-Salgotarjani_u_GST-5458-200x200.jpg 200w, https:\/\/www.gerhardsteinwender.eu\/wp-content\/uploads\/2023\/02\/Budapest_Juedischer-Friedhof-Salgotarjani_u_GST-5458-533x533.jpg 533w, https:\/\/www.gerhardsteinwender.eu\/wp-content\/uploads\/2023\/02\/Budapest_Juedischer-Friedhof-Salgotarjani_u_GST-5458-640x640.jpg 640w\" sizes=\"auto, (max-width: 200px) 100vw, 200px\" \/><\/a>\n\t\t\t<\/div><\/figure><figure class='gallery-item'>\n\t\t\t<div class='gallery-icon landscape'>\n\t\t\t\t<a href='https:\/\/www.gerhardsteinwender.eu\/?attachment_id=9793'><img loading=\"lazy\" decoding=\"async\" data-attachment-id=\"9793\" data-orig-file=\"https:\/\/www.gerhardsteinwender.eu\/wp-content\/uploads\/2023\/02\/Budapest_Juedischer-Friedhof-Salgotarjani_u_GST-5457.jpg\" data-orig-size=\"1200,800\" data-comments-opened=\"1\" data-image-meta=\"{&quot;aperture&quot;:&quot;5.6&quot;,&quot;credit&quot;:&quot;G.STEINWENDER     photo8181&quot;,&quot;camera&quot;:&quot;NIKON D850&quot;,&quot;caption&quot;:&quot;&quot;,&quot;created_timestamp&quot;:&quot;1674986043&quot;,&quot;copyright&quot;:&quot;G.STEINWENDER     photo8181&quot;,&quot;focal_length&quot;:&quot;70&quot;,&quot;iso&quot;:&quot;640&quot;,&quot;shutter_speed&quot;:&quot;0.008&quot;,&quot;title&quot;:&quot;&quot;,&quot;orientation&quot;:&quot;0&quot;}\" data-image-title=\"Budapest_Ju\u0308discher Friedhof Salgo\u0301tarja\u0301ni_(c) Gerhard Steinwender\" data-image-description=\"\" data-medium-file=\"https:\/\/www.gerhardsteinwender.eu\/wp-content\/uploads\/2023\/02\/Budapest_Juedischer-Friedhof-Salgotarjani_u_GST-5457-300x200.jpg\" data-large-file=\"https:\/\/www.gerhardsteinwender.eu\/wp-content\/uploads\/2023\/02\/Budapest_Juedischer-Friedhof-Salgotarjani_u_GST-5457-846x564.jpg\" title=\"Budapest_Ju\u0308discher Friedhof Salgo\u0301tarja\u0301ni_(c) Gerhard Steinwender\" width=\"200\" height=\"200\" src=\"https:\/\/www.gerhardsteinwender.eu\/wp-content\/uploads\/2023\/02\/Budapest_Juedischer-Friedhof-Salgotarjani_u_GST-5457-200x200.jpg\" class=\"attachment-thumbnail size-thumbnail\" alt=\"\" srcset=\"https:\/\/www.gerhardsteinwender.eu\/wp-content\/uploads\/2023\/02\/Budapest_Juedischer-Friedhof-Salgotarjani_u_GST-5457-200x200.jpg 200w, https:\/\/www.gerhardsteinwender.eu\/wp-content\/uploads\/2023\/02\/Budapest_Juedischer-Friedhof-Salgotarjani_u_GST-5457-533x533.jpg 533w, https:\/\/www.gerhardsteinwender.eu\/wp-content\/uploads\/2023\/02\/Budapest_Juedischer-Friedhof-Salgotarjani_u_GST-5457-640x640.jpg 640w\" sizes=\"auto, (max-width: 200px) 100vw, 200px\" \/><\/a>\n\t\t\t<\/div><\/figure><figure class='gallery-item'>\n\t\t\t<div class='gallery-icon portrait'>\n\t\t\t\t<a href='https:\/\/www.gerhardsteinwender.eu\/?attachment_id=9792'><img loading=\"lazy\" decoding=\"async\" data-attachment-id=\"9792\" data-orig-file=\"https:\/\/www.gerhardsteinwender.eu\/wp-content\/uploads\/2023\/02\/Budapest_Juedischer-Friedhof-Salgotarjani_u_GST-5456.jpg\" data-orig-size=\"800,1200\" data-comments-opened=\"1\" data-image-meta=\"{&quot;aperture&quot;:&quot;5.6&quot;,&quot;credit&quot;:&quot;G.STEINWENDER     photo8181&quot;,&quot;camera&quot;:&quot;NIKON D850&quot;,&quot;caption&quot;:&quot;&quot;,&quot;created_timestamp&quot;:&quot;1674985925&quot;,&quot;copyright&quot;:&quot;G.STEINWENDER     photo8181&quot;,&quot;focal_length&quot;:&quot;98&quot;,&quot;iso&quot;:&quot;640&quot;,&quot;shutter_speed&quot;:&quot;0.01&quot;,&quot;title&quot;:&quot;&quot;,&quot;orientation&quot;:&quot;0&quot;}\" data-image-title=\"Budapest_Ju\u0308discher Friedhof Salgo\u0301tarja\u0301ni_(c) Gerhard Steinwender\" data-image-description=\"\" data-medium-file=\"https:\/\/www.gerhardsteinwender.eu\/wp-content\/uploads\/2023\/02\/Budapest_Juedischer-Friedhof-Salgotarjani_u_GST-5456-200x300.jpg\" data-large-file=\"https:\/\/www.gerhardsteinwender.eu\/wp-content\/uploads\/2023\/02\/Budapest_Juedischer-Friedhof-Salgotarjani_u_GST-5456.jpg\" title=\"Budapest_Ju\u0308discher Friedhof Salgo\u0301tarja\u0301ni_(c) Gerhard Steinwender\" width=\"200\" height=\"200\" src=\"https:\/\/www.gerhardsteinwender.eu\/wp-content\/uploads\/2023\/02\/Budapest_Juedischer-Friedhof-Salgotarjani_u_GST-5456-200x200.jpg\" class=\"attachment-thumbnail size-thumbnail\" alt=\"\" srcset=\"https:\/\/www.gerhardsteinwender.eu\/wp-content\/uploads\/2023\/02\/Budapest_Juedischer-Friedhof-Salgotarjani_u_GST-5456-200x200.jpg 200w, https:\/\/www.gerhardsteinwender.eu\/wp-content\/uploads\/2023\/02\/Budapest_Juedischer-Friedhof-Salgotarjani_u_GST-5456-533x533.jpg 533w, https:\/\/www.gerhardsteinwender.eu\/wp-content\/uploads\/2023\/02\/Budapest_Juedischer-Friedhof-Salgotarjani_u_GST-5456-640x640.jpg 640w\" sizes=\"auto, (max-width: 200px) 100vw, 200px\" \/><\/a>\n\t\t\t<\/div><\/figure><figure class='gallery-item'>\n\t\t\t<div class='gallery-icon landscape'>\n\t\t\t\t<a href='https:\/\/www.gerhardsteinwender.eu\/?attachment_id=9791'><img loading=\"lazy\" decoding=\"async\" data-attachment-id=\"9791\" data-orig-file=\"https:\/\/www.gerhardsteinwender.eu\/wp-content\/uploads\/2023\/02\/Budapest_Juedischer-Friedhof-Salgotarjani_u_GST-5455.jpg\" data-orig-size=\"1200,800\" data-comments-opened=\"1\" data-image-meta=\"{&quot;aperture&quot;:&quot;5.6&quot;,&quot;credit&quot;:&quot;G.STEINWENDER     photo8181&quot;,&quot;camera&quot;:&quot;NIKON D850&quot;,&quot;caption&quot;:&quot;&quot;,&quot;created_timestamp&quot;:&quot;1674985881&quot;,&quot;copyright&quot;:&quot;G.STEINWENDER     photo8181&quot;,&quot;focal_length&quot;:&quot;70&quot;,&quot;iso&quot;:&quot;640&quot;,&quot;shutter_speed&quot;:&quot;0.008&quot;,&quot;title&quot;:&quot;&quot;,&quot;orientation&quot;:&quot;0&quot;}\" data-image-title=\"Budapest_Ju\u0308discher Friedhof Salgo\u0301tarja\u0301ni_(c) Gerhard Steinwender\" data-image-description=\"\" data-medium-file=\"https:\/\/www.gerhardsteinwender.eu\/wp-content\/uploads\/2023\/02\/Budapest_Juedischer-Friedhof-Salgotarjani_u_GST-5455-300x200.jpg\" data-large-file=\"https:\/\/www.gerhardsteinwender.eu\/wp-content\/uploads\/2023\/02\/Budapest_Juedischer-Friedhof-Salgotarjani_u_GST-5455-846x564.jpg\" title=\"Budapest_Ju\u0308discher Friedhof Salgo\u0301tarja\u0301ni_(c) Gerhard Steinwender\" width=\"200\" height=\"200\" src=\"https:\/\/www.gerhardsteinwender.eu\/wp-content\/uploads\/2023\/02\/Budapest_Juedischer-Friedhof-Salgotarjani_u_GST-5455-200x200.jpg\" class=\"attachment-thumbnail size-thumbnail\" alt=\"\" srcset=\"https:\/\/www.gerhardsteinwender.eu\/wp-content\/uploads\/2023\/02\/Budapest_Juedischer-Friedhof-Salgotarjani_u_GST-5455-200x200.jpg 200w, https:\/\/www.gerhardsteinwender.eu\/wp-content\/uploads\/2023\/02\/Budapest_Juedischer-Friedhof-Salgotarjani_u_GST-5455-533x533.jpg 533w, https:\/\/www.gerhardsteinwender.eu\/wp-content\/uploads\/2023\/02\/Budapest_Juedischer-Friedhof-Salgotarjani_u_GST-5455-640x640.jpg 640w\" sizes=\"auto, (max-width: 200px) 100vw, 200px\" \/><\/a>\n\t\t\t<\/div><\/figure><figure class='gallery-item'>\n\t\t\t<div class='gallery-icon landscape'>\n\t\t\t\t<a href='https:\/\/www.gerhardsteinwender.eu\/?attachment_id=9790'><img loading=\"lazy\" decoding=\"async\" data-attachment-id=\"9790\" data-orig-file=\"https:\/\/www.gerhardsteinwender.eu\/wp-content\/uploads\/2023\/02\/Budapest_Juedischer-Friedhof-Salgotarjani_u_GST-5454.jpg\" data-orig-size=\"1200,800\" data-comments-opened=\"1\" data-image-meta=\"{&quot;aperture&quot;:&quot;5.6&quot;,&quot;credit&quot;:&quot;G.STEINWENDER     photo8181&quot;,&quot;camera&quot;:&quot;NIKON D850&quot;,&quot;caption&quot;:&quot;&quot;,&quot;created_timestamp&quot;:&quot;1674985855&quot;,&quot;copyright&quot;:&quot;G.STEINWENDER     photo8181&quot;,&quot;focal_length&quot;:&quot;85&quot;,&quot;iso&quot;:&quot;640&quot;,&quot;shutter_speed&quot;:&quot;0.008&quot;,&quot;title&quot;:&quot;&quot;,&quot;orientation&quot;:&quot;0&quot;}\" data-image-title=\"Budapest_Ju\u0308discher Friedhof Salgo\u0301tarja\u0301ni_(c) Gerhard Steinwender\" data-image-description=\"\" data-medium-file=\"https:\/\/www.gerhardsteinwender.eu\/wp-content\/uploads\/2023\/02\/Budapest_Juedischer-Friedhof-Salgotarjani_u_GST-5454-300x200.jpg\" data-large-file=\"https:\/\/www.gerhardsteinwender.eu\/wp-content\/uploads\/2023\/02\/Budapest_Juedischer-Friedhof-Salgotarjani_u_GST-5454-846x564.jpg\" title=\"Budapest_Ju\u0308discher Friedhof Salgo\u0301tarja\u0301ni_(c) Gerhard Steinwender\" width=\"200\" height=\"200\" src=\"https:\/\/www.gerhardsteinwender.eu\/wp-content\/uploads\/2023\/02\/Budapest_Juedischer-Friedhof-Salgotarjani_u_GST-5454-200x200.jpg\" class=\"attachment-thumbnail size-thumbnail\" alt=\"\" srcset=\"https:\/\/www.gerhardsteinwender.eu\/wp-content\/uploads\/2023\/02\/Budapest_Juedischer-Friedhof-Salgotarjani_u_GST-5454-200x200.jpg 200w, https:\/\/www.gerhardsteinwender.eu\/wp-content\/uploads\/2023\/02\/Budapest_Juedischer-Friedhof-Salgotarjani_u_GST-5454-533x533.jpg 533w, https:\/\/www.gerhardsteinwender.eu\/wp-content\/uploads\/2023\/02\/Budapest_Juedischer-Friedhof-Salgotarjani_u_GST-5454-640x640.jpg 640w\" sizes=\"auto, (max-width: 200px) 100vw, 200px\" \/><\/a>\n\t\t\t<\/div><\/figure><figure class='gallery-item'>\n\t\t\t<div class='gallery-icon landscape'>\n\t\t\t\t<a href='https:\/\/www.gerhardsteinwender.eu\/?attachment_id=9789'><img loading=\"lazy\" decoding=\"async\" data-attachment-id=\"9789\" data-orig-file=\"https:\/\/www.gerhardsteinwender.eu\/wp-content\/uploads\/2023\/02\/Budapest_Juedischer-Friedhof-Salgotarjani_u_GST-5453.jpg\" data-orig-size=\"1200,800\" data-comments-opened=\"1\" data-image-meta=\"{&quot;aperture&quot;:&quot;5.6&quot;,&quot;credit&quot;:&quot;G.STEINWENDER     photo8181&quot;,&quot;camera&quot;:&quot;NIKON D850&quot;,&quot;caption&quot;:&quot;&quot;,&quot;created_timestamp&quot;:&quot;1674985846&quot;,&quot;copyright&quot;:&quot;G.STEINWENDER     photo8181&quot;,&quot;focal_length&quot;:&quot;95&quot;,&quot;iso&quot;:&quot;640&quot;,&quot;shutter_speed&quot;:&quot;0.008&quot;,&quot;title&quot;:&quot;&quot;,&quot;orientation&quot;:&quot;0&quot;}\" data-image-title=\"Budapest_Ju\u0308discher Friedhof Salgo\u0301tarja\u0301ni_(c) Gerhard Steinwender\" data-image-description=\"\" data-medium-file=\"https:\/\/www.gerhardsteinwender.eu\/wp-content\/uploads\/2023\/02\/Budapest_Juedischer-Friedhof-Salgotarjani_u_GST-5453-300x200.jpg\" data-large-file=\"https:\/\/www.gerhardsteinwender.eu\/wp-content\/uploads\/2023\/02\/Budapest_Juedischer-Friedhof-Salgotarjani_u_GST-5453-846x564.jpg\" title=\"Budapest_Ju\u0308discher Friedhof Salgo\u0301tarja\u0301ni_(c) Gerhard Steinwender\" width=\"200\" height=\"200\" src=\"https:\/\/www.gerhardsteinwender.eu\/wp-content\/uploads\/2023\/02\/Budapest_Juedischer-Friedhof-Salgotarjani_u_GST-5453-200x200.jpg\" class=\"attachment-thumbnail size-thumbnail\" alt=\"\" srcset=\"https:\/\/www.gerhardsteinwender.eu\/wp-content\/uploads\/2023\/02\/Budapest_Juedischer-Friedhof-Salgotarjani_u_GST-5453-200x200.jpg 200w, https:\/\/www.gerhardsteinwender.eu\/wp-content\/uploads\/2023\/02\/Budapest_Juedischer-Friedhof-Salgotarjani_u_GST-5453-533x533.jpg 533w, https:\/\/www.gerhardsteinwender.eu\/wp-content\/uploads\/2023\/02\/Budapest_Juedischer-Friedhof-Salgotarjani_u_GST-5453-640x640.jpg 640w\" sizes=\"auto, (max-width: 200px) 100vw, 200px\" \/><\/a>\n\t\t\t<\/div><\/figure><figure class='gallery-item'>\n\t\t\t<div class='gallery-icon landscape'>\n\t\t\t\t<a href='https:\/\/www.gerhardsteinwender.eu\/?attachment_id=9788'><img loading=\"lazy\" decoding=\"async\" data-attachment-id=\"9788\" data-orig-file=\"https:\/\/www.gerhardsteinwender.eu\/wp-content\/uploads\/2023\/02\/Budapest_Juedischer-Friedhof-Salgotarjani_u_GST-5452.jpg\" data-orig-size=\"1200,800\" data-comments-opened=\"1\" data-image-meta=\"{&quot;aperture&quot;:&quot;4.5&quot;,&quot;credit&quot;:&quot;G.STEINWENDER     photo8181&quot;,&quot;camera&quot;:&quot;NIKON D850&quot;,&quot;caption&quot;:&quot;&quot;,&quot;created_timestamp&quot;:&quot;1674985819&quot;,&quot;copyright&quot;:&quot;G.STEINWENDER     photo8181&quot;,&quot;focal_length&quot;:&quot;110&quot;,&quot;iso&quot;:&quot;400&quot;,&quot;shutter_speed&quot;:&quot;0.0125&quot;,&quot;title&quot;:&quot;&quot;,&quot;orientation&quot;:&quot;0&quot;}\" data-image-title=\"Budapest_Ju\u0308discher Friedhof Salgo\u0301tarja\u0301ni_(c) Gerhard Steinwender\" data-image-description=\"\" data-medium-file=\"https:\/\/www.gerhardsteinwender.eu\/wp-content\/uploads\/2023\/02\/Budapest_Juedischer-Friedhof-Salgotarjani_u_GST-5452-300x200.jpg\" data-large-file=\"https:\/\/www.gerhardsteinwender.eu\/wp-content\/uploads\/2023\/02\/Budapest_Juedischer-Friedhof-Salgotarjani_u_GST-5452-846x564.jpg\" title=\"Budapest_Ju\u0308discher Friedhof Salgo\u0301tarja\u0301ni_(c) Gerhard Steinwender\" width=\"200\" height=\"200\" src=\"https:\/\/www.gerhardsteinwender.eu\/wp-content\/uploads\/2023\/02\/Budapest_Juedischer-Friedhof-Salgotarjani_u_GST-5452-200x200.jpg\" class=\"attachment-thumbnail size-thumbnail\" alt=\"\" srcset=\"https:\/\/www.gerhardsteinwender.eu\/wp-content\/uploads\/2023\/02\/Budapest_Juedischer-Friedhof-Salgotarjani_u_GST-5452-200x200.jpg 200w, https:\/\/www.gerhardsteinwender.eu\/wp-content\/uploads\/2023\/02\/Budapest_Juedischer-Friedhof-Salgotarjani_u_GST-5452-533x533.jpg 533w, https:\/\/www.gerhardsteinwender.eu\/wp-content\/uploads\/2023\/02\/Budapest_Juedischer-Friedhof-Salgotarjani_u_GST-5452-640x640.jpg 640w\" sizes=\"auto, (max-width: 200px) 100vw, 200px\" \/><\/a>\n\t\t\t<\/div><\/figure><figure class='gallery-item'>\n\t\t\t<div class='gallery-icon landscape'>\n\t\t\t\t<a href='https:\/\/www.gerhardsteinwender.eu\/?attachment_id=9787'><img loading=\"lazy\" decoding=\"async\" data-attachment-id=\"9787\" data-orig-file=\"https:\/\/www.gerhardsteinwender.eu\/wp-content\/uploads\/2023\/02\/Budapest_Juedischer-Friedhof-Salgotarjani_u_GST-5451.jpg\" data-orig-size=\"1200,800\" data-comments-opened=\"1\" data-image-meta=\"{&quot;aperture&quot;:&quot;5.6&quot;,&quot;credit&quot;:&quot;G.STEINWENDER     photo8181&quot;,&quot;camera&quot;:&quot;NIKON D850&quot;,&quot;caption&quot;:&quot;&quot;,&quot;created_timestamp&quot;:&quot;1674985788&quot;,&quot;copyright&quot;:&quot;G.STEINWENDER     photo8181&quot;,&quot;focal_length&quot;:&quot;85&quot;,&quot;iso&quot;:&quot;400&quot;,&quot;shutter_speed&quot;:&quot;0.02&quot;,&quot;title&quot;:&quot;&quot;,&quot;orientation&quot;:&quot;0&quot;}\" data-image-title=\"Budapest_Ju\u0308discher Friedhof Salgo\u0301tarja\u0301ni_(c) Gerhard Steinwender\" data-image-description=\"\" data-medium-file=\"https:\/\/www.gerhardsteinwender.eu\/wp-content\/uploads\/2023\/02\/Budapest_Juedischer-Friedhof-Salgotarjani_u_GST-5451-300x200.jpg\" data-large-file=\"https:\/\/www.gerhardsteinwender.eu\/wp-content\/uploads\/2023\/02\/Budapest_Juedischer-Friedhof-Salgotarjani_u_GST-5451-846x564.jpg\" title=\"Budapest_Ju\u0308discher Friedhof Salgo\u0301tarja\u0301ni_(c) Gerhard Steinwender\" width=\"200\" height=\"200\" src=\"https:\/\/www.gerhardsteinwender.eu\/wp-content\/uploads\/2023\/02\/Budapest_Juedischer-Friedhof-Salgotarjani_u_GST-5451-200x200.jpg\" class=\"attachment-thumbnail size-thumbnail\" alt=\"\" srcset=\"https:\/\/www.gerhardsteinwender.eu\/wp-content\/uploads\/2023\/02\/Budapest_Juedischer-Friedhof-Salgotarjani_u_GST-5451-200x200.jpg 200w, https:\/\/www.gerhardsteinwender.eu\/wp-content\/uploads\/2023\/02\/Budapest_Juedischer-Friedhof-Salgotarjani_u_GST-5451-533x533.jpg 533w, https:\/\/www.gerhardsteinwender.eu\/wp-content\/uploads\/2023\/02\/Budapest_Juedischer-Friedhof-Salgotarjani_u_GST-5451-640x640.jpg 640w\" sizes=\"auto, (max-width: 200px) 100vw, 200px\" \/><\/a>\n\t\t\t<\/div><\/figure><figure class='gallery-item'>\n\t\t\t<div class='gallery-icon landscape'>\n\t\t\t\t<a href='https:\/\/www.gerhardsteinwender.eu\/?attachment_id=9786'><img loading=\"lazy\" decoding=\"async\" data-attachment-id=\"9786\" data-orig-file=\"https:\/\/www.gerhardsteinwender.eu\/wp-content\/uploads\/2023\/02\/Budapest_Juedischer-Friedhof-Salgotarjani_u_GST-5449.jpg\" data-orig-size=\"1200,800\" data-comments-opened=\"1\" data-image-meta=\"{&quot;aperture&quot;:&quot;5&quot;,&quot;credit&quot;:&quot;G.STEINWENDER     photo8181&quot;,&quot;camera&quot;:&quot;NIKON D850&quot;,&quot;caption&quot;:&quot;&quot;,&quot;created_timestamp&quot;:&quot;1674985746&quot;,&quot;copyright&quot;:&quot;G.STEINWENDER     photo8181&quot;,&quot;focal_length&quot;:&quot;140&quot;,&quot;iso&quot;:&quot;400&quot;,&quot;shutter_speed&quot;:&quot;0.0125&quot;,&quot;title&quot;:&quot;&quot;,&quot;orientation&quot;:&quot;0&quot;}\" data-image-title=\"Budapest_Ju\u0308discher Friedhof Salgo\u0301tarja\u0301ni_(c) Gerhard Steinwender\" data-image-description=\"\" data-medium-file=\"https:\/\/www.gerhardsteinwender.eu\/wp-content\/uploads\/2023\/02\/Budapest_Juedischer-Friedhof-Salgotarjani_u_GST-5449-300x200.jpg\" data-large-file=\"https:\/\/www.gerhardsteinwender.eu\/wp-content\/uploads\/2023\/02\/Budapest_Juedischer-Friedhof-Salgotarjani_u_GST-5449-846x564.jpg\" title=\"Budapest_Ju\u0308discher Friedhof Salgo\u0301tarja\u0301ni_(c) Gerhard Steinwender\" width=\"200\" height=\"200\" src=\"https:\/\/www.gerhardsteinwender.eu\/wp-content\/uploads\/2023\/02\/Budapest_Juedischer-Friedhof-Salgotarjani_u_GST-5449-200x200.jpg\" class=\"attachment-thumbnail size-thumbnail\" alt=\"\" srcset=\"https:\/\/www.gerhardsteinwender.eu\/wp-content\/uploads\/2023\/02\/Budapest_Juedischer-Friedhof-Salgotarjani_u_GST-5449-200x200.jpg 200w, https:\/\/www.gerhardsteinwender.eu\/wp-content\/uploads\/2023\/02\/Budapest_Juedischer-Friedhof-Salgotarjani_u_GST-5449-533x533.jpg 533w, https:\/\/www.gerhardsteinwender.eu\/wp-content\/uploads\/2023\/02\/Budapest_Juedischer-Friedhof-Salgotarjani_u_GST-5449-640x640.jpg 640w\" sizes=\"auto, (max-width: 200px) 100vw, 200px\" \/><\/a>\n\t\t\t<\/div><\/figure><figure class='gallery-item'>\n\t\t\t<div class='gallery-icon landscape'>\n\t\t\t\t<a href='https:\/\/www.gerhardsteinwender.eu\/?attachment_id=9785'><img loading=\"lazy\" decoding=\"async\" data-attachment-id=\"9785\" data-orig-file=\"https:\/\/www.gerhardsteinwender.eu\/wp-content\/uploads\/2023\/02\/Budapest_Juedischer-Friedhof-Salgotarjani_u_GST-5448.jpg\" data-orig-size=\"1200,800\" data-comments-opened=\"1\" data-image-meta=\"{&quot;aperture&quot;:&quot;5&quot;,&quot;credit&quot;:&quot;G.STEINWENDER     photo8181&quot;,&quot;camera&quot;:&quot;NIKON D850&quot;,&quot;caption&quot;:&quot;&quot;,&quot;created_timestamp&quot;:&quot;1674985735&quot;,&quot;copyright&quot;:&quot;G.STEINWENDER     photo8181&quot;,&quot;focal_length&quot;:&quot;80&quot;,&quot;iso&quot;:&quot;400&quot;,&quot;shutter_speed&quot;:&quot;0.02&quot;,&quot;title&quot;:&quot;&quot;,&quot;orientation&quot;:&quot;0&quot;}\" data-image-title=\"Budapest_Ju\u0308discher Friedhof Salgo\u0301tarja\u0301ni_(c) Gerhard Steinwender\" data-image-description=\"\" data-medium-file=\"https:\/\/www.gerhardsteinwender.eu\/wp-content\/uploads\/2023\/02\/Budapest_Juedischer-Friedhof-Salgotarjani_u_GST-5448-300x200.jpg\" data-large-file=\"https:\/\/www.gerhardsteinwender.eu\/wp-content\/uploads\/2023\/02\/Budapest_Juedischer-Friedhof-Salgotarjani_u_GST-5448-846x564.jpg\" title=\"Budapest_Ju\u0308discher Friedhof Salgo\u0301tarja\u0301ni_(c) Gerhard Steinwender\" width=\"200\" height=\"200\" src=\"https:\/\/www.gerhardsteinwender.eu\/wp-content\/uploads\/2023\/02\/Budapest_Juedischer-Friedhof-Salgotarjani_u_GST-5448-200x200.jpg\" class=\"attachment-thumbnail size-thumbnail\" alt=\"\" srcset=\"https:\/\/www.gerhardsteinwender.eu\/wp-content\/uploads\/2023\/02\/Budapest_Juedischer-Friedhof-Salgotarjani_u_GST-5448-200x200.jpg 200w, https:\/\/www.gerhardsteinwender.eu\/wp-content\/uploads\/2023\/02\/Budapest_Juedischer-Friedhof-Salgotarjani_u_GST-5448-533x533.jpg 533w, https:\/\/www.gerhardsteinwender.eu\/wp-content\/uploads\/2023\/02\/Budapest_Juedischer-Friedhof-Salgotarjani_u_GST-5448-640x640.jpg 640w\" sizes=\"auto, (max-width: 200px) 100vw, 200px\" \/><\/a>\n\t\t\t<\/div><\/figure><figure class='gallery-item'>\n\t\t\t<div class='gallery-icon landscape'>\n\t\t\t\t<a href='https:\/\/www.gerhardsteinwender.eu\/?attachment_id=9784'><img loading=\"lazy\" decoding=\"async\" data-attachment-id=\"9784\" data-orig-file=\"https:\/\/www.gerhardsteinwender.eu\/wp-content\/uploads\/2023\/02\/Budapest_Juedischer-Friedhof-Salgotarjani_u_GST-5447.jpg\" data-orig-size=\"1200,800\" data-comments-opened=\"1\" data-image-meta=\"{&quot;aperture&quot;:&quot;4.5&quot;,&quot;credit&quot;:&quot;G.STEINWENDER     photo8181&quot;,&quot;camera&quot;:&quot;NIKON D850&quot;,&quot;caption&quot;:&quot;&quot;,&quot;created_timestamp&quot;:&quot;1674985688&quot;,&quot;copyright&quot;:&quot;G.STEINWENDER     photo8181&quot;,&quot;focal_length&quot;:&quot;155&quot;,&quot;iso&quot;:&quot;400&quot;,&quot;shutter_speed&quot;:&quot;0.0125&quot;,&quot;title&quot;:&quot;&quot;,&quot;orientation&quot;:&quot;0&quot;}\" data-image-title=\"Budapest_Ju\u0308discher Friedhof Salgo\u0301tarja\u0301ni_(c) Gerhard Steinwender\" data-image-description=\"\" data-medium-file=\"https:\/\/www.gerhardsteinwender.eu\/wp-content\/uploads\/2023\/02\/Budapest_Juedischer-Friedhof-Salgotarjani_u_GST-5447-300x200.jpg\" data-large-file=\"https:\/\/www.gerhardsteinwender.eu\/wp-content\/uploads\/2023\/02\/Budapest_Juedischer-Friedhof-Salgotarjani_u_GST-5447-846x564.jpg\" title=\"Budapest_Ju\u0308discher Friedhof Salgo\u0301tarja\u0301ni_(c) Gerhard Steinwender\" width=\"200\" height=\"200\" src=\"https:\/\/www.gerhardsteinwender.eu\/wp-content\/uploads\/2023\/02\/Budapest_Juedischer-Friedhof-Salgotarjani_u_GST-5447-200x200.jpg\" class=\"attachment-thumbnail size-thumbnail\" alt=\"\" srcset=\"https:\/\/www.gerhardsteinwender.eu\/wp-content\/uploads\/2023\/02\/Budapest_Juedischer-Friedhof-Salgotarjani_u_GST-5447-200x200.jpg 200w, https:\/\/www.gerhardsteinwender.eu\/wp-content\/uploads\/2023\/02\/Budapest_Juedischer-Friedhof-Salgotarjani_u_GST-5447-533x533.jpg 533w, https:\/\/www.gerhardsteinwender.eu\/wp-content\/uploads\/2023\/02\/Budapest_Juedischer-Friedhof-Salgotarjani_u_GST-5447-640x640.jpg 640w\" sizes=\"auto, (max-width: 200px) 100vw, 200px\" \/><\/a>\n\t\t\t<\/div><\/figure><figure class='gallery-item'>\n\t\t\t<div class='gallery-icon portrait'>\n\t\t\t\t<a href='https:\/\/www.gerhardsteinwender.eu\/?attachment_id=9783'><img loading=\"lazy\" decoding=\"async\" data-attachment-id=\"9783\" data-orig-file=\"https:\/\/www.gerhardsteinwender.eu\/wp-content\/uploads\/2023\/02\/Budapest_Juedischer-Friedhof-Salgotarjani_u_GST-5446.jpg\" data-orig-size=\"800,1200\" data-comments-opened=\"1\" data-image-meta=\"{&quot;aperture&quot;:&quot;4.5&quot;,&quot;credit&quot;:&quot;G.STEINWENDER     photo8181&quot;,&quot;camera&quot;:&quot;NIKON D850&quot;,&quot;caption&quot;:&quot;&quot;,&quot;created_timestamp&quot;:&quot;1674985650&quot;,&quot;copyright&quot;:&quot;G.STEINWENDER     photo8181&quot;,&quot;focal_length&quot;:&quot;80&quot;,&quot;iso&quot;:&quot;400&quot;,&quot;shutter_speed&quot;:&quot;0.016666666666667&quot;,&quot;title&quot;:&quot;&quot;,&quot;orientation&quot;:&quot;0&quot;}\" data-image-title=\"Budapest_Ju\u0308discher Friedhof Salgo\u0301tarja\u0301ni_(c) Gerhard Steinwender\" data-image-description=\"\" data-medium-file=\"https:\/\/www.gerhardsteinwender.eu\/wp-content\/uploads\/2023\/02\/Budapest_Juedischer-Friedhof-Salgotarjani_u_GST-5446-200x300.jpg\" data-large-file=\"https:\/\/www.gerhardsteinwender.eu\/wp-content\/uploads\/2023\/02\/Budapest_Juedischer-Friedhof-Salgotarjani_u_GST-5446.jpg\" title=\"Budapest_Ju\u0308discher Friedhof Salgo\u0301tarja\u0301ni_(c) Gerhard Steinwender\" width=\"200\" height=\"200\" src=\"https:\/\/www.gerhardsteinwender.eu\/wp-content\/uploads\/2023\/02\/Budapest_Juedischer-Friedhof-Salgotarjani_u_GST-5446-200x200.jpg\" class=\"attachment-thumbnail size-thumbnail\" alt=\"\" srcset=\"https:\/\/www.gerhardsteinwender.eu\/wp-content\/uploads\/2023\/02\/Budapest_Juedischer-Friedhof-Salgotarjani_u_GST-5446-200x200.jpg 200w, https:\/\/www.gerhardsteinwender.eu\/wp-content\/uploads\/2023\/02\/Budapest_Juedischer-Friedhof-Salgotarjani_u_GST-5446-533x533.jpg 533w, https:\/\/www.gerhardsteinwender.eu\/wp-content\/uploads\/2023\/02\/Budapest_Juedischer-Friedhof-Salgotarjani_u_GST-5446-640x640.jpg 640w\" sizes=\"auto, (max-width: 200px) 100vw, 200px\" \/><\/a>\n\t\t\t<\/div><\/figure><figure class='gallery-item'>\n\t\t\t<div class='gallery-icon portrait'>\n\t\t\t\t<a href='https:\/\/www.gerhardsteinwender.eu\/?attachment_id=9782'><img loading=\"lazy\" decoding=\"async\" data-attachment-id=\"9782\" data-orig-file=\"https:\/\/www.gerhardsteinwender.eu\/wp-content\/uploads\/2023\/02\/Budapest_Juedischer-Friedhof-Salgotarjani_u_GST-5445.jpg\" data-orig-size=\"800,1200\" data-comments-opened=\"1\" data-image-meta=\"{&quot;aperture&quot;:&quot;4.5&quot;,&quot;credit&quot;:&quot;G.STEINWENDER     photo8181&quot;,&quot;camera&quot;:&quot;NIKON D850&quot;,&quot;caption&quot;:&quot;&quot;,&quot;created_timestamp&quot;:&quot;1674985622&quot;,&quot;copyright&quot;:&quot;G.STEINWENDER     photo8181&quot;,&quot;focal_length&quot;:&quot;70&quot;,&quot;iso&quot;:&quot;400&quot;,&quot;shutter_speed&quot;:&quot;0.016666666666667&quot;,&quot;title&quot;:&quot;&quot;,&quot;orientation&quot;:&quot;0&quot;}\" data-image-title=\"Budapest_Ju\u0308discher Friedhof Salgo\u0301tarja\u0301ni_(c) Gerhard Steinwender\" data-image-description=\"\" data-medium-file=\"https:\/\/www.gerhardsteinwender.eu\/wp-content\/uploads\/2023\/02\/Budapest_Juedischer-Friedhof-Salgotarjani_u_GST-5445-200x300.jpg\" data-large-file=\"https:\/\/www.gerhardsteinwender.eu\/wp-content\/uploads\/2023\/02\/Budapest_Juedischer-Friedhof-Salgotarjani_u_GST-5445.jpg\" title=\"Budapest_Ju\u0308discher Friedhof Salgo\u0301tarja\u0301ni_(c) Gerhard Steinwender\" width=\"200\" height=\"200\" src=\"https:\/\/www.gerhardsteinwender.eu\/wp-content\/uploads\/2023\/02\/Budapest_Juedischer-Friedhof-Salgotarjani_u_GST-5445-200x200.jpg\" class=\"attachment-thumbnail size-thumbnail\" alt=\"\" srcset=\"https:\/\/www.gerhardsteinwender.eu\/wp-content\/uploads\/2023\/02\/Budapest_Juedischer-Friedhof-Salgotarjani_u_GST-5445-200x200.jpg 200w, https:\/\/www.gerhardsteinwender.eu\/wp-content\/uploads\/2023\/02\/Budapest_Juedischer-Friedhof-Salgotarjani_u_GST-5445-533x533.jpg 533w, https:\/\/www.gerhardsteinwender.eu\/wp-content\/uploads\/2023\/02\/Budapest_Juedischer-Friedhof-Salgotarjani_u_GST-5445-640x640.jpg 640w\" sizes=\"auto, (max-width: 200px) 100vw, 200px\" \/><\/a>\n\t\t\t<\/div><\/figure><figure class='gallery-item'>\n\t\t\t<div class='gallery-icon landscape'>\n\t\t\t\t<a href='https:\/\/www.gerhardsteinwender.eu\/?attachment_id=9781'><img loading=\"lazy\" decoding=\"async\" data-attachment-id=\"9781\" data-orig-file=\"https:\/\/www.gerhardsteinwender.eu\/wp-content\/uploads\/2023\/02\/Budapest_Juedischer-Friedhof-Salgotarjani_u_GST-5444.jpg\" data-orig-size=\"1200,800\" data-comments-opened=\"1\" data-image-meta=\"{&quot;aperture&quot;:&quot;4.5&quot;,&quot;credit&quot;:&quot;G.STEINWENDER     photo8181&quot;,&quot;camera&quot;:&quot;NIKON D850&quot;,&quot;caption&quot;:&quot;&quot;,&quot;created_timestamp&quot;:&quot;1674985546&quot;,&quot;copyright&quot;:&quot;G.STEINWENDER     photo8181&quot;,&quot;focal_length&quot;:&quot;92&quot;,&quot;iso&quot;:&quot;400&quot;,&quot;shutter_speed&quot;:&quot;0.0125&quot;,&quot;title&quot;:&quot;&quot;,&quot;orientation&quot;:&quot;0&quot;}\" data-image-title=\"Budapest_Ju\u0308discher Friedhof Salgo\u0301tarja\u0301ni_(c) Gerhard Steinwender\" data-image-description=\"\" data-medium-file=\"https:\/\/www.gerhardsteinwender.eu\/wp-content\/uploads\/2023\/02\/Budapest_Juedischer-Friedhof-Salgotarjani_u_GST-5444-300x200.jpg\" data-large-file=\"https:\/\/www.gerhardsteinwender.eu\/wp-content\/uploads\/2023\/02\/Budapest_Juedischer-Friedhof-Salgotarjani_u_GST-5444-846x564.jpg\" title=\"Budapest_Ju\u0308discher Friedhof Salgo\u0301tarja\u0301ni_(c) Gerhard Steinwender\" width=\"200\" height=\"200\" src=\"https:\/\/www.gerhardsteinwender.eu\/wp-content\/uploads\/2023\/02\/Budapest_Juedischer-Friedhof-Salgotarjani_u_GST-5444-200x200.jpg\" class=\"attachment-thumbnail size-thumbnail\" alt=\"\" srcset=\"https:\/\/www.gerhardsteinwender.eu\/wp-content\/uploads\/2023\/02\/Budapest_Juedischer-Friedhof-Salgotarjani_u_GST-5444-200x200.jpg 200w, https:\/\/www.gerhardsteinwender.eu\/wp-content\/uploads\/2023\/02\/Budapest_Juedischer-Friedhof-Salgotarjani_u_GST-5444-533x533.jpg 533w, https:\/\/www.gerhardsteinwender.eu\/wp-content\/uploads\/2023\/02\/Budapest_Juedischer-Friedhof-Salgotarjani_u_GST-5444-640x640.jpg 640w\" sizes=\"auto, (max-width: 200px) 100vw, 200px\" \/><\/a>\n\t\t\t<\/div><\/figure><figure class='gallery-item'>\n\t\t\t<div class='gallery-icon landscape'>\n\t\t\t\t<a href='https:\/\/www.gerhardsteinwender.eu\/?attachment_id=9780'><img loading=\"lazy\" decoding=\"async\" data-attachment-id=\"9780\" data-orig-file=\"https:\/\/www.gerhardsteinwender.eu\/wp-content\/uploads\/2023\/02\/Budapest_Juedischer-Friedhof-Salgotarjani_u_GST-5443.jpg\" data-orig-size=\"1200,800\" data-comments-opened=\"1\" data-image-meta=\"{&quot;aperture&quot;:&quot;5.6&quot;,&quot;credit&quot;:&quot;G.STEINWENDER     photo8181&quot;,&quot;camera&quot;:&quot;NIKON D850&quot;,&quot;caption&quot;:&quot;&quot;,&quot;created_timestamp&quot;:&quot;1674985503&quot;,&quot;copyright&quot;:&quot;G.STEINWENDER     photo8181&quot;,&quot;focal_length&quot;:&quot;70&quot;,&quot;iso&quot;:&quot;400&quot;,&quot;shutter_speed&quot;:&quot;0.0125&quot;,&quot;title&quot;:&quot;&quot;,&quot;orientation&quot;:&quot;0&quot;}\" data-image-title=\"Budapest_Ju\u0308discher Friedhof Salgo\u0301tarja\u0301ni_(c) Gerhard Steinwender\" data-image-description=\"\" data-medium-file=\"https:\/\/www.gerhardsteinwender.eu\/wp-content\/uploads\/2023\/02\/Budapest_Juedischer-Friedhof-Salgotarjani_u_GST-5443-300x200.jpg\" data-large-file=\"https:\/\/www.gerhardsteinwender.eu\/wp-content\/uploads\/2023\/02\/Budapest_Juedischer-Friedhof-Salgotarjani_u_GST-5443-846x564.jpg\" title=\"Budapest_Ju\u0308discher Friedhof Salgo\u0301tarja\u0301ni_(c) Gerhard Steinwender\" width=\"200\" height=\"200\" src=\"https:\/\/www.gerhardsteinwender.eu\/wp-content\/uploads\/2023\/02\/Budapest_Juedischer-Friedhof-Salgotarjani_u_GST-5443-200x200.jpg\" class=\"attachment-thumbnail size-thumbnail\" alt=\"\" srcset=\"https:\/\/www.gerhardsteinwender.eu\/wp-content\/uploads\/2023\/02\/Budapest_Juedischer-Friedhof-Salgotarjani_u_GST-5443-200x200.jpg 200w, https:\/\/www.gerhardsteinwender.eu\/wp-content\/uploads\/2023\/02\/Budapest_Juedischer-Friedhof-Salgotarjani_u_GST-5443-533x533.jpg 533w, https:\/\/www.gerhardsteinwender.eu\/wp-content\/uploads\/2023\/02\/Budapest_Juedischer-Friedhof-Salgotarjani_u_GST-5443-640x640.jpg 640w\" sizes=\"auto, (max-width: 200px) 100vw, 200px\" \/><\/a>\n\t\t\t<\/div><\/figure><figure class='gallery-item'>\n\t\t\t<div class='gallery-icon landscape'>\n\t\t\t\t<a href='https:\/\/www.gerhardsteinwender.eu\/?attachment_id=9779'><img loading=\"lazy\" decoding=\"async\" data-attachment-id=\"9779\" data-orig-file=\"https:\/\/www.gerhardsteinwender.eu\/wp-content\/uploads\/2023\/02\/Budapest_Juedischer-Friedhof-Salgotarjani_u_GST-5442.jpg\" data-orig-size=\"1200,800\" data-comments-opened=\"1\" data-image-meta=\"{&quot;aperture&quot;:&quot;5&quot;,&quot;credit&quot;:&quot;G.STEINWENDER     photo8181&quot;,&quot;camera&quot;:&quot;NIKON D850&quot;,&quot;caption&quot;:&quot;&quot;,&quot;created_timestamp&quot;:&quot;1674985474&quot;,&quot;copyright&quot;:&quot;G.STEINWENDER     photo8181&quot;,&quot;focal_length&quot;:&quot;70&quot;,&quot;iso&quot;:&quot;400&quot;,&quot;shutter_speed&quot;:&quot;0.0125&quot;,&quot;title&quot;:&quot;&quot;,&quot;orientation&quot;:&quot;0&quot;}\" data-image-title=\"Budapest_Ju\u0308discher Friedhof Salgo\u0301tarja\u0301ni_(c) Gerhard Steinwender\" data-image-description=\"\" data-medium-file=\"https:\/\/www.gerhardsteinwender.eu\/wp-content\/uploads\/2023\/02\/Budapest_Juedischer-Friedhof-Salgotarjani_u_GST-5442-300x200.jpg\" data-large-file=\"https:\/\/www.gerhardsteinwender.eu\/wp-content\/uploads\/2023\/02\/Budapest_Juedischer-Friedhof-Salgotarjani_u_GST-5442-846x564.jpg\" title=\"Budapest_Ju\u0308discher Friedhof Salgo\u0301tarja\u0301ni_(c) Gerhard Steinwender\" width=\"200\" height=\"200\" src=\"https:\/\/www.gerhardsteinwender.eu\/wp-content\/uploads\/2023\/02\/Budapest_Juedischer-Friedhof-Salgotarjani_u_GST-5442-200x200.jpg\" class=\"attachment-thumbnail size-thumbnail\" alt=\"\" srcset=\"https:\/\/www.gerhardsteinwender.eu\/wp-content\/uploads\/2023\/02\/Budapest_Juedischer-Friedhof-Salgotarjani_u_GST-5442-200x200.jpg 200w, https:\/\/www.gerhardsteinwender.eu\/wp-content\/uploads\/2023\/02\/Budapest_Juedischer-Friedhof-Salgotarjani_u_GST-5442-533x533.jpg 533w, https:\/\/www.gerhardsteinwender.eu\/wp-content\/uploads\/2023\/02\/Budapest_Juedischer-Friedhof-Salgotarjani_u_GST-5442-640x640.jpg 640w\" sizes=\"auto, (max-width: 200px) 100vw, 200px\" \/><\/a>\n\t\t\t<\/div><\/figure><figure class='gallery-item'>\n\t\t\t<div class='gallery-icon landscape'>\n\t\t\t\t<a href='https:\/\/www.gerhardsteinwender.eu\/?attachment_id=9778'><img loading=\"lazy\" decoding=\"async\" data-attachment-id=\"9778\" data-orig-file=\"https:\/\/www.gerhardsteinwender.eu\/wp-content\/uploads\/2023\/02\/Budapest_Juedischer-Friedhof-Salgotarjani_u_GST-5441.jpg\" data-orig-size=\"1200,800\" data-comments-opened=\"1\" data-image-meta=\"{&quot;aperture&quot;:&quot;5&quot;,&quot;credit&quot;:&quot;G.STEINWENDER     photo8181&quot;,&quot;camera&quot;:&quot;NIKON D850&quot;,&quot;caption&quot;:&quot;&quot;,&quot;created_timestamp&quot;:&quot;1674985432&quot;,&quot;copyright&quot;:&quot;G.STEINWENDER     photo8181&quot;,&quot;focal_length&quot;:&quot;70&quot;,&quot;iso&quot;:&quot;400&quot;,&quot;shutter_speed&quot;:&quot;0.016666666666667&quot;,&quot;title&quot;:&quot;&quot;,&quot;orientation&quot;:&quot;0&quot;}\" data-image-title=\"Budapest_Ju\u0308discher Friedhof Salgo\u0301tarja\u0301ni_(c) Gerhard Steinwender\" data-image-description=\"\" data-medium-file=\"https:\/\/www.gerhardsteinwender.eu\/wp-content\/uploads\/2023\/02\/Budapest_Juedischer-Friedhof-Salgotarjani_u_GST-5441-300x200.jpg\" data-large-file=\"https:\/\/www.gerhardsteinwender.eu\/wp-content\/uploads\/2023\/02\/Budapest_Juedischer-Friedhof-Salgotarjani_u_GST-5441-846x564.jpg\" title=\"Budapest_Ju\u0308discher Friedhof Salgo\u0301tarja\u0301ni_(c) Gerhard Steinwender\" width=\"200\" height=\"200\" src=\"https:\/\/www.gerhardsteinwender.eu\/wp-content\/uploads\/2023\/02\/Budapest_Juedischer-Friedhof-Salgotarjani_u_GST-5441-200x200.jpg\" class=\"attachment-thumbnail size-thumbnail\" alt=\"\" srcset=\"https:\/\/www.gerhardsteinwender.eu\/wp-content\/uploads\/2023\/02\/Budapest_Juedischer-Friedhof-Salgotarjani_u_GST-5441-200x200.jpg 200w, https:\/\/www.gerhardsteinwender.eu\/wp-content\/uploads\/2023\/02\/Budapest_Juedischer-Friedhof-Salgotarjani_u_GST-5441-533x533.jpg 533w, https:\/\/www.gerhardsteinwender.eu\/wp-content\/uploads\/2023\/02\/Budapest_Juedischer-Friedhof-Salgotarjani_u_GST-5441-640x640.jpg 640w\" sizes=\"auto, (max-width: 200px) 100vw, 200px\" \/><\/a>\n\t\t\t<\/div><\/figure><figure class='gallery-item'>\n\t\t\t<div class='gallery-icon portrait'>\n\t\t\t\t<a href='https:\/\/www.gerhardsteinwender.eu\/?attachment_id=9777'><img loading=\"lazy\" decoding=\"async\" data-attachment-id=\"9777\" data-orig-file=\"https:\/\/www.gerhardsteinwender.eu\/wp-content\/uploads\/2023\/02\/Budapest_Juedischer-Friedhof-Salgotarjani_u_GST-5440.jpg\" data-orig-size=\"800,1200\" data-comments-opened=\"1\" data-image-meta=\"{&quot;aperture&quot;:&quot;5.6&quot;,&quot;credit&quot;:&quot;G.STEINWENDER     photo8181&quot;,&quot;camera&quot;:&quot;NIKON D850&quot;,&quot;caption&quot;:&quot;&quot;,&quot;created_timestamp&quot;:&quot;1674985415&quot;,&quot;copyright&quot;:&quot;G.STEINWENDER     photo8181&quot;,&quot;focal_length&quot;:&quot;78&quot;,&quot;iso&quot;:&quot;400&quot;,&quot;shutter_speed&quot;:&quot;0.02&quot;,&quot;title&quot;:&quot;&quot;,&quot;orientation&quot;:&quot;0&quot;}\" data-image-title=\"Budapest_Ju\u0308discher Friedhof Salgo\u0301tarja\u0301ni_(c) Gerhard Steinwender\" data-image-description=\"\" data-medium-file=\"https:\/\/www.gerhardsteinwender.eu\/wp-content\/uploads\/2023\/02\/Budapest_Juedischer-Friedhof-Salgotarjani_u_GST-5440-200x300.jpg\" data-large-file=\"https:\/\/www.gerhardsteinwender.eu\/wp-content\/uploads\/2023\/02\/Budapest_Juedischer-Friedhof-Salgotarjani_u_GST-5440.jpg\" title=\"Budapest_Ju\u0308discher Friedhof Salgo\u0301tarja\u0301ni_(c) Gerhard Steinwender\" width=\"200\" height=\"200\" src=\"https:\/\/www.gerhardsteinwender.eu\/wp-content\/uploads\/2023\/02\/Budapest_Juedischer-Friedhof-Salgotarjani_u_GST-5440-200x200.jpg\" class=\"attachment-thumbnail size-thumbnail\" alt=\"\" srcset=\"https:\/\/www.gerhardsteinwender.eu\/wp-content\/uploads\/2023\/02\/Budapest_Juedischer-Friedhof-Salgotarjani_u_GST-5440-200x200.jpg 200w, https:\/\/www.gerhardsteinwender.eu\/wp-content\/uploads\/2023\/02\/Budapest_Juedischer-Friedhof-Salgotarjani_u_GST-5440-533x533.jpg 533w, https:\/\/www.gerhardsteinwender.eu\/wp-content\/uploads\/2023\/02\/Budapest_Juedischer-Friedhof-Salgotarjani_u_GST-5440-640x640.jpg 640w\" sizes=\"auto, (max-width: 200px) 100vw, 200px\" \/><\/a>\n\t\t\t<\/div><\/figure><figure class='gallery-item'>\n\t\t\t<div class='gallery-icon portrait'>\n\t\t\t\t<a href='https:\/\/www.gerhardsteinwender.eu\/?attachment_id=9776'><img loading=\"lazy\" decoding=\"async\" data-attachment-id=\"9776\" data-orig-file=\"https:\/\/www.gerhardsteinwender.eu\/wp-content\/uploads\/2023\/02\/Budapest_Juedischer-Friedhof-Salgotarjani_u_GST-5439.jpg\" data-orig-size=\"800,1200\" data-comments-opened=\"1\" data-image-meta=\"{&quot;aperture&quot;:&quot;5.6&quot;,&quot;credit&quot;:&quot;G.STEINWENDER     photo8181&quot;,&quot;camera&quot;:&quot;NIKON D850&quot;,&quot;caption&quot;:&quot;&quot;,&quot;created_timestamp&quot;:&quot;1674985391&quot;,&quot;copyright&quot;:&quot;G.STEINWENDER     photo8181&quot;,&quot;focal_length&quot;:&quot;86&quot;,&quot;iso&quot;:&quot;400&quot;,&quot;shutter_speed&quot;:&quot;0.02&quot;,&quot;title&quot;:&quot;&quot;,&quot;orientation&quot;:&quot;0&quot;}\" data-image-title=\"Budapest_Ju\u0308discher Friedhof Salgo\u0301tarja\u0301ni_(c) Gerhard Steinwender\" data-image-description=\"\" data-medium-file=\"https:\/\/www.gerhardsteinwender.eu\/wp-content\/uploads\/2023\/02\/Budapest_Juedischer-Friedhof-Salgotarjani_u_GST-5439-200x300.jpg\" data-large-file=\"https:\/\/www.gerhardsteinwender.eu\/wp-content\/uploads\/2023\/02\/Budapest_Juedischer-Friedhof-Salgotarjani_u_GST-5439.jpg\" title=\"Budapest_Ju\u0308discher Friedhof Salgo\u0301tarja\u0301ni_(c) Gerhard Steinwender\" width=\"200\" height=\"200\" src=\"https:\/\/www.gerhardsteinwender.eu\/wp-content\/uploads\/2023\/02\/Budapest_Juedischer-Friedhof-Salgotarjani_u_GST-5439-200x200.jpg\" class=\"attachment-thumbnail size-thumbnail\" alt=\"\" srcset=\"https:\/\/www.gerhardsteinwender.eu\/wp-content\/uploads\/2023\/02\/Budapest_Juedischer-Friedhof-Salgotarjani_u_GST-5439-200x200.jpg 200w, https:\/\/www.gerhardsteinwender.eu\/wp-content\/uploads\/2023\/02\/Budapest_Juedischer-Friedhof-Salgotarjani_u_GST-5439-533x533.jpg 533w, https:\/\/www.gerhardsteinwender.eu\/wp-content\/uploads\/2023\/02\/Budapest_Juedischer-Friedhof-Salgotarjani_u_GST-5439-640x640.jpg 640w\" sizes=\"auto, (max-width: 200px) 100vw, 200px\" \/><\/a>\n\t\t\t<\/div><\/figure><figure class='gallery-item'>\n\t\t\t<div class='gallery-icon landscape'>\n\t\t\t\t<a href='https:\/\/www.gerhardsteinwender.eu\/?attachment_id=9775'><img loading=\"lazy\" decoding=\"async\" data-attachment-id=\"9775\" data-orig-file=\"https:\/\/www.gerhardsteinwender.eu\/wp-content\/uploads\/2023\/02\/Budapest_Juedischer-Friedhof-Salgotarjani_u_GST-5438.jpg\" data-orig-size=\"1200,800\" data-comments-opened=\"1\" data-image-meta=\"{&quot;aperture&quot;:&quot;5&quot;,&quot;credit&quot;:&quot;G.STEINWENDER     photo8181&quot;,&quot;camera&quot;:&quot;NIKON D850&quot;,&quot;caption&quot;:&quot;&quot;,&quot;created_timestamp&quot;:&quot;1674985370&quot;,&quot;copyright&quot;:&quot;G.STEINWENDER     photo8181&quot;,&quot;focal_length&quot;:&quot;100&quot;,&quot;iso&quot;:&quot;400&quot;,&quot;shutter_speed&quot;:&quot;0.02&quot;,&quot;title&quot;:&quot;&quot;,&quot;orientation&quot;:&quot;0&quot;}\" data-image-title=\"Budapest_Ju\u0308discher Friedhof Salgo\u0301tarja\u0301ni_(c) Gerhard Steinwender\" data-image-description=\"\" data-medium-file=\"https:\/\/www.gerhardsteinwender.eu\/wp-content\/uploads\/2023\/02\/Budapest_Juedischer-Friedhof-Salgotarjani_u_GST-5438-300x200.jpg\" data-large-file=\"https:\/\/www.gerhardsteinwender.eu\/wp-content\/uploads\/2023\/02\/Budapest_Juedischer-Friedhof-Salgotarjani_u_GST-5438-846x564.jpg\" title=\"Budapest_Ju\u0308discher Friedhof Salgo\u0301tarja\u0301ni_(c) Gerhard Steinwender\" width=\"200\" height=\"200\" src=\"https:\/\/www.gerhardsteinwender.eu\/wp-content\/uploads\/2023\/02\/Budapest_Juedischer-Friedhof-Salgotarjani_u_GST-5438-200x200.jpg\" class=\"attachment-thumbnail size-thumbnail\" alt=\"\" srcset=\"https:\/\/www.gerhardsteinwender.eu\/wp-content\/uploads\/2023\/02\/Budapest_Juedischer-Friedhof-Salgotarjani_u_GST-5438-200x200.jpg 200w, https:\/\/www.gerhardsteinwender.eu\/wp-content\/uploads\/2023\/02\/Budapest_Juedischer-Friedhof-Salgotarjani_u_GST-5438-533x533.jpg 533w, https:\/\/www.gerhardsteinwender.eu\/wp-content\/uploads\/2023\/02\/Budapest_Juedischer-Friedhof-Salgotarjani_u_GST-5438-640x640.jpg 640w\" sizes=\"auto, (max-width: 200px) 100vw, 200px\" \/><\/a>\n\t\t\t<\/div><\/figure><figure class='gallery-item'>\n\t\t\t<div class='gallery-icon landscape'>\n\t\t\t\t<a href='https:\/\/www.gerhardsteinwender.eu\/?attachment_id=9774'><img loading=\"lazy\" decoding=\"async\" data-attachment-id=\"9774\" data-orig-file=\"https:\/\/www.gerhardsteinwender.eu\/wp-content\/uploads\/2023\/02\/Budapest_Juedischer-Friedhof-Salgotarjani_u_GST-5437.jpg\" data-orig-size=\"1200,800\" data-comments-opened=\"1\" data-image-meta=\"{&quot;aperture&quot;:&quot;5.6&quot;,&quot;credit&quot;:&quot;G.STEINWENDER     photo8181&quot;,&quot;camera&quot;:&quot;NIKON D850&quot;,&quot;caption&quot;:&quot;&quot;,&quot;created_timestamp&quot;:&quot;1674985342&quot;,&quot;copyright&quot;:&quot;G.STEINWENDER     photo8181&quot;,&quot;focal_length&quot;:&quot;98&quot;,&quot;iso&quot;:&quot;400&quot;,&quot;shutter_speed&quot;:&quot;0.016666666666667&quot;,&quot;title&quot;:&quot;&quot;,&quot;orientation&quot;:&quot;0&quot;}\" data-image-title=\"Budapest_Ju\u0308discher Friedhof Salgo\u0301tarja\u0301ni_(c) Gerhard Steinwender\" data-image-description=\"\" data-medium-file=\"https:\/\/www.gerhardsteinwender.eu\/wp-content\/uploads\/2023\/02\/Budapest_Juedischer-Friedhof-Salgotarjani_u_GST-5437-300x200.jpg\" data-large-file=\"https:\/\/www.gerhardsteinwender.eu\/wp-content\/uploads\/2023\/02\/Budapest_Juedischer-Friedhof-Salgotarjani_u_GST-5437-846x564.jpg\" title=\"Budapest_Ju\u0308discher Friedhof Salgo\u0301tarja\u0301ni_(c) Gerhard Steinwender\" width=\"200\" height=\"200\" src=\"https:\/\/www.gerhardsteinwender.eu\/wp-content\/uploads\/2023\/02\/Budapest_Juedischer-Friedhof-Salgotarjani_u_GST-5437-200x200.jpg\" class=\"attachment-thumbnail size-thumbnail\" alt=\"\" srcset=\"https:\/\/www.gerhardsteinwender.eu\/wp-content\/uploads\/2023\/02\/Budapest_Juedischer-Friedhof-Salgotarjani_u_GST-5437-200x200.jpg 200w, https:\/\/www.gerhardsteinwender.eu\/wp-content\/uploads\/2023\/02\/Budapest_Juedischer-Friedhof-Salgotarjani_u_GST-5437-533x533.jpg 533w, https:\/\/www.gerhardsteinwender.eu\/wp-content\/uploads\/2023\/02\/Budapest_Juedischer-Friedhof-Salgotarjani_u_GST-5437-640x640.jpg 640w\" sizes=\"auto, (max-width: 200px) 100vw, 200px\" \/><\/a>\n\t\t\t<\/div><\/figure><figure class='gallery-item'>\n\t\t\t<div class='gallery-icon landscape'>\n\t\t\t\t<a href='https:\/\/www.gerhardsteinwender.eu\/?attachment_id=9773'><img loading=\"lazy\" decoding=\"async\" data-attachment-id=\"9773\" data-orig-file=\"https:\/\/www.gerhardsteinwender.eu\/wp-content\/uploads\/2023\/02\/Budapest_Juedischer-Friedhof-Salgotarjani_u_GST-5436.jpg\" data-orig-size=\"1200,800\" data-comments-opened=\"1\" data-image-meta=\"{&quot;aperture&quot;:&quot;5&quot;,&quot;credit&quot;:&quot;G.STEINWENDER     photo8181&quot;,&quot;camera&quot;:&quot;NIKON D850&quot;,&quot;caption&quot;:&quot;&quot;,&quot;created_timestamp&quot;:&quot;1674985316&quot;,&quot;copyright&quot;:&quot;G.STEINWENDER     photo8181&quot;,&quot;focal_length&quot;:&quot;135&quot;,&quot;iso&quot;:&quot;400&quot;,&quot;shutter_speed&quot;:&quot;0.0125&quot;,&quot;title&quot;:&quot;&quot;,&quot;orientation&quot;:&quot;0&quot;}\" data-image-title=\"Budapest_Ju\u0308discher Friedhof Salgo\u0301tarja\u0301ni_(c) Gerhard Steinwender\" data-image-description=\"\" data-medium-file=\"https:\/\/www.gerhardsteinwender.eu\/wp-content\/uploads\/2023\/02\/Budapest_Juedischer-Friedhof-Salgotarjani_u_GST-5436-300x200.jpg\" data-large-file=\"https:\/\/www.gerhardsteinwender.eu\/wp-content\/uploads\/2023\/02\/Budapest_Juedischer-Friedhof-Salgotarjani_u_GST-5436-846x564.jpg\" title=\"Budapest_Ju\u0308discher Friedhof Salgo\u0301tarja\u0301ni_(c) Gerhard Steinwender\" width=\"200\" height=\"200\" src=\"https:\/\/www.gerhardsteinwender.eu\/wp-content\/uploads\/2023\/02\/Budapest_Juedischer-Friedhof-Salgotarjani_u_GST-5436-200x200.jpg\" class=\"attachment-thumbnail size-thumbnail\" alt=\"\" srcset=\"https:\/\/www.gerhardsteinwender.eu\/wp-content\/uploads\/2023\/02\/Budapest_Juedischer-Friedhof-Salgotarjani_u_GST-5436-200x200.jpg 200w, https:\/\/www.gerhardsteinwender.eu\/wp-content\/uploads\/2023\/02\/Budapest_Juedischer-Friedhof-Salgotarjani_u_GST-5436-533x533.jpg 533w, https:\/\/www.gerhardsteinwender.eu\/wp-content\/uploads\/2023\/02\/Budapest_Juedischer-Friedhof-Salgotarjani_u_GST-5436-640x640.jpg 640w\" sizes=\"auto, (max-width: 200px) 100vw, 200px\" \/><\/a>\n\t\t\t<\/div><\/figure><figure class='gallery-item'>\n\t\t\t<div class='gallery-icon landscape'>\n\t\t\t\t<a href='https:\/\/www.gerhardsteinwender.eu\/?attachment_id=9772'><img loading=\"lazy\" decoding=\"async\" data-attachment-id=\"9772\" data-orig-file=\"https:\/\/www.gerhardsteinwender.eu\/wp-content\/uploads\/2023\/02\/Budapest_Juedischer-Friedhof-Salgotarjani_u_GST-5435.jpg\" data-orig-size=\"1200,800\" data-comments-opened=\"1\" data-image-meta=\"{&quot;aperture&quot;:&quot;5.6&quot;,&quot;credit&quot;:&quot;G.STEINWENDER     photo8181&quot;,&quot;camera&quot;:&quot;NIKON D850&quot;,&quot;caption&quot;:&quot;&quot;,&quot;created_timestamp&quot;:&quot;1674985289&quot;,&quot;copyright&quot;:&quot;G.STEINWENDER     photo8181&quot;,&quot;focal_length&quot;:&quot;85&quot;,&quot;iso&quot;:&quot;400&quot;,&quot;shutter_speed&quot;:&quot;0.016666666666667&quot;,&quot;title&quot;:&quot;&quot;,&quot;orientation&quot;:&quot;0&quot;}\" data-image-title=\"Budapest_Ju\u0308discher Friedhof Salgo\u0301tarja\u0301ni_(c) Gerhard Steinwender\" data-image-description=\"\" data-medium-file=\"https:\/\/www.gerhardsteinwender.eu\/wp-content\/uploads\/2023\/02\/Budapest_Juedischer-Friedhof-Salgotarjani_u_GST-5435-300x200.jpg\" data-large-file=\"https:\/\/www.gerhardsteinwender.eu\/wp-content\/uploads\/2023\/02\/Budapest_Juedischer-Friedhof-Salgotarjani_u_GST-5435-846x564.jpg\" title=\"Budapest_Ju\u0308discher Friedhof Salgo\u0301tarja\u0301ni_(c) Gerhard Steinwender\" width=\"200\" height=\"200\" src=\"https:\/\/www.gerhardsteinwender.eu\/wp-content\/uploads\/2023\/02\/Budapest_Juedischer-Friedhof-Salgotarjani_u_GST-5435-200x200.jpg\" class=\"attachment-thumbnail size-thumbnail\" alt=\"\" srcset=\"https:\/\/www.gerhardsteinwender.eu\/wp-content\/uploads\/2023\/02\/Budapest_Juedischer-Friedhof-Salgotarjani_u_GST-5435-200x200.jpg 200w, https:\/\/www.gerhardsteinwender.eu\/wp-content\/uploads\/2023\/02\/Budapest_Juedischer-Friedhof-Salgotarjani_u_GST-5435-533x533.jpg 533w, https:\/\/www.gerhardsteinwender.eu\/wp-content\/uploads\/2023\/02\/Budapest_Juedischer-Friedhof-Salgotarjani_u_GST-5435-640x640.jpg 640w\" sizes=\"auto, (max-width: 200px) 100vw, 200px\" \/><\/a>\n\t\t\t<\/div><\/figure><figure class='gallery-item'>\n\t\t\t<div class='gallery-icon landscape'>\n\t\t\t\t<a href='https:\/\/www.gerhardsteinwender.eu\/?attachment_id=9771'><img loading=\"lazy\" decoding=\"async\" data-attachment-id=\"9771\" data-orig-file=\"https:\/\/www.gerhardsteinwender.eu\/wp-content\/uploads\/2023\/02\/Budapest_Juedischer-Friedhof-Salgotarjani_u_GST-5434.jpg\" data-orig-size=\"1200,800\" data-comments-opened=\"1\" data-image-meta=\"{&quot;aperture&quot;:&quot;5.6&quot;,&quot;credit&quot;:&quot;G.STEINWENDER     photo8181&quot;,&quot;camera&quot;:&quot;NIKON D850&quot;,&quot;caption&quot;:&quot;&quot;,&quot;created_timestamp&quot;:&quot;1674985273&quot;,&quot;copyright&quot;:&quot;G.STEINWENDER     photo8181&quot;,&quot;focal_length&quot;:&quot;150&quot;,&quot;iso&quot;:&quot;400&quot;,&quot;shutter_speed&quot;:&quot;0.016666666666667&quot;,&quot;title&quot;:&quot;&quot;,&quot;orientation&quot;:&quot;0&quot;}\" data-image-title=\"Budapest_Ju\u0308discher Friedhof Salgo\u0301tarja\u0301ni_(c) Gerhard Steinwender\" data-image-description=\"\" data-medium-file=\"https:\/\/www.gerhardsteinwender.eu\/wp-content\/uploads\/2023\/02\/Budapest_Juedischer-Friedhof-Salgotarjani_u_GST-5434-300x200.jpg\" data-large-file=\"https:\/\/www.gerhardsteinwender.eu\/wp-content\/uploads\/2023\/02\/Budapest_Juedischer-Friedhof-Salgotarjani_u_GST-5434-846x564.jpg\" title=\"Budapest_Ju\u0308discher Friedhof Salgo\u0301tarja\u0301ni_(c) Gerhard Steinwender\" width=\"200\" height=\"200\" src=\"https:\/\/www.gerhardsteinwender.eu\/wp-content\/uploads\/2023\/02\/Budapest_Juedischer-Friedhof-Salgotarjani_u_GST-5434-200x200.jpg\" class=\"attachment-thumbnail size-thumbnail\" alt=\"\" srcset=\"https:\/\/www.gerhardsteinwender.eu\/wp-content\/uploads\/2023\/02\/Budapest_Juedischer-Friedhof-Salgotarjani_u_GST-5434-200x200.jpg 200w, https:\/\/www.gerhardsteinwender.eu\/wp-content\/uploads\/2023\/02\/Budapest_Juedischer-Friedhof-Salgotarjani_u_GST-5434-533x533.jpg 533w, https:\/\/www.gerhardsteinwender.eu\/wp-content\/uploads\/2023\/02\/Budapest_Juedischer-Friedhof-Salgotarjani_u_GST-5434-640x640.jpg 640w\" sizes=\"auto, (max-width: 200px) 100vw, 200px\" \/><\/a>\n\t\t\t<\/div><\/figure><figure class='gallery-item'>\n\t\t\t<div class='gallery-icon landscape'>\n\t\t\t\t<a href='https:\/\/www.gerhardsteinwender.eu\/?attachment_id=9770'><img loading=\"lazy\" decoding=\"async\" data-attachment-id=\"9770\" data-orig-file=\"https:\/\/www.gerhardsteinwender.eu\/wp-content\/uploads\/2023\/02\/Budapest_Juedischer-Friedhof-Salgotarjani_u_GST-5433.jpg\" data-orig-size=\"1200,800\" data-comments-opened=\"1\" data-image-meta=\"{&quot;aperture&quot;:&quot;5.6&quot;,&quot;credit&quot;:&quot;G.STEINWENDER     photo8181&quot;,&quot;camera&quot;:&quot;NIKON D850&quot;,&quot;caption&quot;:&quot;&quot;,&quot;created_timestamp&quot;:&quot;1674985245&quot;,&quot;copyright&quot;:&quot;G.STEINWENDER     photo8181&quot;,&quot;focal_length&quot;:&quot;112&quot;,&quot;iso&quot;:&quot;400&quot;,&quot;shutter_speed&quot;:&quot;0.033333333333333&quot;,&quot;title&quot;:&quot;&quot;,&quot;orientation&quot;:&quot;0&quot;}\" data-image-title=\"Budapest_Ju\u0308discher Friedhof Salgo\u0301tarja\u0301ni_(c) Gerhard Steinwender\" data-image-description=\"\" data-medium-file=\"https:\/\/www.gerhardsteinwender.eu\/wp-content\/uploads\/2023\/02\/Budapest_Juedischer-Friedhof-Salgotarjani_u_GST-5433-300x200.jpg\" data-large-file=\"https:\/\/www.gerhardsteinwender.eu\/wp-content\/uploads\/2023\/02\/Budapest_Juedischer-Friedhof-Salgotarjani_u_GST-5433-846x564.jpg\" title=\"Budapest_Ju\u0308discher Friedhof Salgo\u0301tarja\u0301ni_(c) Gerhard Steinwender\" width=\"200\" height=\"200\" src=\"https:\/\/www.gerhardsteinwender.eu\/wp-content\/uploads\/2023\/02\/Budapest_Juedischer-Friedhof-Salgotarjani_u_GST-5433-200x200.jpg\" class=\"attachment-thumbnail size-thumbnail\" alt=\"\" srcset=\"https:\/\/www.gerhardsteinwender.eu\/wp-content\/uploads\/2023\/02\/Budapest_Juedischer-Friedhof-Salgotarjani_u_GST-5433-200x200.jpg 200w, https:\/\/www.gerhardsteinwender.eu\/wp-content\/uploads\/2023\/02\/Budapest_Juedischer-Friedhof-Salgotarjani_u_GST-5433-533x533.jpg 533w, https:\/\/www.gerhardsteinwender.eu\/wp-content\/uploads\/2023\/02\/Budapest_Juedischer-Friedhof-Salgotarjani_u_GST-5433-640x640.jpg 640w\" sizes=\"auto, (max-width: 200px) 100vw, 200px\" \/><\/a>\n\t\t\t<\/div><\/figure><figure class='gallery-item'>\n\t\t\t<div class='gallery-icon portrait'>\n\t\t\t\t<a href='https:\/\/www.gerhardsteinwender.eu\/?attachment_id=9769'><img loading=\"lazy\" decoding=\"async\" data-attachment-id=\"9769\" data-orig-file=\"https:\/\/www.gerhardsteinwender.eu\/wp-content\/uploads\/2023\/02\/Budapest_Juedischer-Friedhof-Salgotarjani_u_GST-5432.jpg\" data-orig-size=\"800,1200\" data-comments-opened=\"1\" data-image-meta=\"{&quot;aperture&quot;:&quot;7.1&quot;,&quot;credit&quot;:&quot;G.STEINWENDER     photo8181&quot;,&quot;camera&quot;:&quot;NIKON D850&quot;,&quot;caption&quot;:&quot;&quot;,&quot;created_timestamp&quot;:&quot;1674985213&quot;,&quot;copyright&quot;:&quot;G.STEINWENDER     photo8181&quot;,&quot;focal_length&quot;:&quot;95&quot;,&quot;iso&quot;:&quot;400&quot;,&quot;shutter_speed&quot;:&quot;0.025&quot;,&quot;title&quot;:&quot;&quot;,&quot;orientation&quot;:&quot;0&quot;}\" data-image-title=\"Budapest_Ju\u0308discher Friedhof Salgo\u0301tarja\u0301ni_(c) Gerhard Steinwender\" data-image-description=\"\" data-medium-file=\"https:\/\/www.gerhardsteinwender.eu\/wp-content\/uploads\/2023\/02\/Budapest_Juedischer-Friedhof-Salgotarjani_u_GST-5432-200x300.jpg\" data-large-file=\"https:\/\/www.gerhardsteinwender.eu\/wp-content\/uploads\/2023\/02\/Budapest_Juedischer-Friedhof-Salgotarjani_u_GST-5432.jpg\" title=\"Budapest_Ju\u0308discher Friedhof Salgo\u0301tarja\u0301ni_(c) Gerhard Steinwender\" width=\"200\" height=\"200\" src=\"https:\/\/www.gerhardsteinwender.eu\/wp-content\/uploads\/2023\/02\/Budapest_Juedischer-Friedhof-Salgotarjani_u_GST-5432-200x200.jpg\" class=\"attachment-thumbnail size-thumbnail\" alt=\"\" srcset=\"https:\/\/www.gerhardsteinwender.eu\/wp-content\/uploads\/2023\/02\/Budapest_Juedischer-Friedhof-Salgotarjani_u_GST-5432-200x200.jpg 200w, https:\/\/www.gerhardsteinwender.eu\/wp-content\/uploads\/2023\/02\/Budapest_Juedischer-Friedhof-Salgotarjani_u_GST-5432-533x533.jpg 533w, https:\/\/www.gerhardsteinwender.eu\/wp-content\/uploads\/2023\/02\/Budapest_Juedischer-Friedhof-Salgotarjani_u_GST-5432-640x640.jpg 640w\" sizes=\"auto, (max-width: 200px) 100vw, 200px\" \/><\/a>\n\t\t\t<\/div><\/figure><figure class='gallery-item'>\n\t\t\t<div class='gallery-icon portrait'>\n\t\t\t\t<a href='https:\/\/www.gerhardsteinwender.eu\/?attachment_id=9768'><img loading=\"lazy\" decoding=\"async\" data-attachment-id=\"9768\" data-orig-file=\"https:\/\/www.gerhardsteinwender.eu\/wp-content\/uploads\/2023\/02\/Budapest_Juedischer-Friedhof-Salgotarjani_u_GST-5431.jpg\" data-orig-size=\"800,1200\" data-comments-opened=\"1\" data-image-meta=\"{&quot;aperture&quot;:&quot;7.1&quot;,&quot;credit&quot;:&quot;G.STEINWENDER     photo8181&quot;,&quot;camera&quot;:&quot;NIKON D850&quot;,&quot;caption&quot;:&quot;&quot;,&quot;created_timestamp&quot;:&quot;1674985210&quot;,&quot;copyright&quot;:&quot;G.STEINWENDER     photo8181&quot;,&quot;focal_length&quot;:&quot;95&quot;,&quot;iso&quot;:&quot;400&quot;,&quot;shutter_speed&quot;:&quot;0.02&quot;,&quot;title&quot;:&quot;&quot;,&quot;orientation&quot;:&quot;0&quot;}\" data-image-title=\"Budapest_Ju\u0308discher Friedhof Salgo\u0301tarja\u0301ni_(c) Gerhard Steinwender\" data-image-description=\"\" data-medium-file=\"https:\/\/www.gerhardsteinwender.eu\/wp-content\/uploads\/2023\/02\/Budapest_Juedischer-Friedhof-Salgotarjani_u_GST-5431-200x300.jpg\" data-large-file=\"https:\/\/www.gerhardsteinwender.eu\/wp-content\/uploads\/2023\/02\/Budapest_Juedischer-Friedhof-Salgotarjani_u_GST-5431.jpg\" title=\"Budapest_Ju\u0308discher Friedhof Salgo\u0301tarja\u0301ni_(c) Gerhard Steinwender\" width=\"200\" height=\"200\" src=\"https:\/\/www.gerhardsteinwender.eu\/wp-content\/uploads\/2023\/02\/Budapest_Juedischer-Friedhof-Salgotarjani_u_GST-5431-200x200.jpg\" class=\"attachment-thumbnail size-thumbnail\" alt=\"\" srcset=\"https:\/\/www.gerhardsteinwender.eu\/wp-content\/uploads\/2023\/02\/Budapest_Juedischer-Friedhof-Salgotarjani_u_GST-5431-200x200.jpg 200w, https:\/\/www.gerhardsteinwender.eu\/wp-content\/uploads\/2023\/02\/Budapest_Juedischer-Friedhof-Salgotarjani_u_GST-5431-533x533.jpg 533w, https:\/\/www.gerhardsteinwender.eu\/wp-content\/uploads\/2023\/02\/Budapest_Juedischer-Friedhof-Salgotarjani_u_GST-5431-640x640.jpg 640w\" sizes=\"auto, (max-width: 200px) 100vw, 200px\" \/><\/a>\n\t\t\t<\/div><\/figure><figure class='gallery-item'>\n\t\t\t<div class='gallery-icon portrait'>\n\t\t\t\t<a href='https:\/\/www.gerhardsteinwender.eu\/?attachment_id=9767'><img loading=\"lazy\" decoding=\"async\" data-attachment-id=\"9767\" data-orig-file=\"https:\/\/www.gerhardsteinwender.eu\/wp-content\/uploads\/2023\/02\/Budapest_Juedischer-Friedhof-Salgotarjani_u_GST-5430.jpg\" data-orig-size=\"800,1200\" data-comments-opened=\"1\" data-image-meta=\"{&quot;aperture&quot;:&quot;5&quot;,&quot;credit&quot;:&quot;G.STEINWENDER     photo8181&quot;,&quot;camera&quot;:&quot;NIKON D850&quot;,&quot;caption&quot;:&quot;&quot;,&quot;created_timestamp&quot;:&quot;1674985196&quot;,&quot;copyright&quot;:&quot;G.STEINWENDER     photo8181&quot;,&quot;focal_length&quot;:&quot;116&quot;,&quot;iso&quot;:&quot;400&quot;,&quot;shutter_speed&quot;:&quot;0.016666666666667&quot;,&quot;title&quot;:&quot;&quot;,&quot;orientation&quot;:&quot;0&quot;}\" data-image-title=\"BBudapest_Ju\u0308discher Friedhof Salgo\u0301tarja\u0301ni_(c) Gerhard Steinwender\" data-image-description=\"\" data-medium-file=\"https:\/\/www.gerhardsteinwender.eu\/wp-content\/uploads\/2023\/02\/Budapest_Juedischer-Friedhof-Salgotarjani_u_GST-5430-200x300.jpg\" data-large-file=\"https:\/\/www.gerhardsteinwender.eu\/wp-content\/uploads\/2023\/02\/Budapest_Juedischer-Friedhof-Salgotarjani_u_GST-5430.jpg\" title=\"BBudapest_Ju\u0308discher Friedhof Salgo\u0301tarja\u0301ni_(c) Gerhard Steinwender\" width=\"200\" height=\"200\" src=\"https:\/\/www.gerhardsteinwender.eu\/wp-content\/uploads\/2023\/02\/Budapest_Juedischer-Friedhof-Salgotarjani_u_GST-5430-200x200.jpg\" class=\"attachment-thumbnail size-thumbnail\" alt=\"\" srcset=\"https:\/\/www.gerhardsteinwender.eu\/wp-content\/uploads\/2023\/02\/Budapest_Juedischer-Friedhof-Salgotarjani_u_GST-5430-200x200.jpg 200w, https:\/\/www.gerhardsteinwender.eu\/wp-content\/uploads\/2023\/02\/Budapest_Juedischer-Friedhof-Salgotarjani_u_GST-5430-533x533.jpg 533w, https:\/\/www.gerhardsteinwender.eu\/wp-content\/uploads\/2023\/02\/Budapest_Juedischer-Friedhof-Salgotarjani_u_GST-5430-640x640.jpg 640w\" sizes=\"auto, (max-width: 200px) 100vw, 200px\" \/><\/a>\n\t\t\t<\/div><\/figure><figure class='gallery-item'>\n\t\t\t<div class='gallery-icon landscape'>\n\t\t\t\t<a href='https:\/\/www.gerhardsteinwender.eu\/?attachment_id=9766'><img loading=\"lazy\" decoding=\"async\" data-attachment-id=\"9766\" data-orig-file=\"https:\/\/www.gerhardsteinwender.eu\/wp-content\/uploads\/2023\/02\/Budapest_Juedischer-Friedhof-Salgotarjani_u_GST-5429.jpg\" data-orig-size=\"1200,800\" data-comments-opened=\"1\" data-image-meta=\"{&quot;aperture&quot;:&quot;5.6&quot;,&quot;credit&quot;:&quot;G.STEINWENDER     photo8181&quot;,&quot;camera&quot;:&quot;NIKON D850&quot;,&quot;caption&quot;:&quot;&quot;,&quot;created_timestamp&quot;:&quot;1674985138&quot;,&quot;copyright&quot;:&quot;G.STEINWENDER     photo8181&quot;,&quot;focal_length&quot;:&quot;150&quot;,&quot;iso&quot;:&quot;400&quot;,&quot;shutter_speed&quot;:&quot;0.0125&quot;,&quot;title&quot;:&quot;&quot;,&quot;orientation&quot;:&quot;0&quot;}\" data-image-title=\"BBudapest_Ju\u0308discher Friedhof Salgo\u0301tarja\u0301ni_(c) Gerhard Steinwender\" data-image-description=\"\" data-medium-file=\"https:\/\/www.gerhardsteinwender.eu\/wp-content\/uploads\/2023\/02\/Budapest_Juedischer-Friedhof-Salgotarjani_u_GST-5429-300x200.jpg\" data-large-file=\"https:\/\/www.gerhardsteinwender.eu\/wp-content\/uploads\/2023\/02\/Budapest_Juedischer-Friedhof-Salgotarjani_u_GST-5429-846x564.jpg\" title=\"BBudapest_Ju\u0308discher Friedhof Salgo\u0301tarja\u0301ni_(c) Gerhard Steinwender\" width=\"200\" height=\"200\" src=\"https:\/\/www.gerhardsteinwender.eu\/wp-content\/uploads\/2023\/02\/Budapest_Juedischer-Friedhof-Salgotarjani_u_GST-5429-200x200.jpg\" class=\"attachment-thumbnail size-thumbnail\" alt=\"\" srcset=\"https:\/\/www.gerhardsteinwender.eu\/wp-content\/uploads\/2023\/02\/Budapest_Juedischer-Friedhof-Salgotarjani_u_GST-5429-200x200.jpg 200w, https:\/\/www.gerhardsteinwender.eu\/wp-content\/uploads\/2023\/02\/Budapest_Juedischer-Friedhof-Salgotarjani_u_GST-5429-533x533.jpg 533w, https:\/\/www.gerhardsteinwender.eu\/wp-content\/uploads\/2023\/02\/Budapest_Juedischer-Friedhof-Salgotarjani_u_GST-5429-640x640.jpg 640w\" sizes=\"auto, (max-width: 200px) 100vw, 200px\" \/><\/a>\n\t\t\t<\/div><\/figure><figure class='gallery-item'>\n\t\t\t<div class='gallery-icon portrait'>\n\t\t\t\t<a href='https:\/\/www.gerhardsteinwender.eu\/?attachment_id=9765'><img loading=\"lazy\" decoding=\"async\" data-attachment-id=\"9765\" data-orig-file=\"https:\/\/www.gerhardsteinwender.eu\/wp-content\/uploads\/2023\/02\/Budapest_Juedischer-Friedhof-Salgotarjani_u_GST-5428.jpg\" data-orig-size=\"800,1200\" data-comments-opened=\"1\" data-image-meta=\"{&quot;aperture&quot;:&quot;5&quot;,&quot;credit&quot;:&quot;G.STEINWENDER     photo8181&quot;,&quot;camera&quot;:&quot;NIKON D850&quot;,&quot;caption&quot;:&quot;&quot;,&quot;created_timestamp&quot;:&quot;1674985106&quot;,&quot;copyright&quot;:&quot;G.STEINWENDER     photo8181&quot;,&quot;focal_length&quot;:&quot;102&quot;,&quot;iso&quot;:&quot;400&quot;,&quot;shutter_speed&quot;:&quot;0.016666666666667&quot;,&quot;title&quot;:&quot;&quot;,&quot;orientation&quot;:&quot;0&quot;}\" data-image-title=\"Budapest_Ju\u0308discher Friedhof Salgo\u0301tarja\u0301ni_(c) Gerhard Steinwender\" data-image-description=\"\" data-medium-file=\"https:\/\/www.gerhardsteinwender.eu\/wp-content\/uploads\/2023\/02\/Budapest_Juedischer-Friedhof-Salgotarjani_u_GST-5428-200x300.jpg\" data-large-file=\"https:\/\/www.gerhardsteinwender.eu\/wp-content\/uploads\/2023\/02\/Budapest_Juedischer-Friedhof-Salgotarjani_u_GST-5428.jpg\" title=\"Budapest_Ju\u0308discher Friedhof Salgo\u0301tarja\u0301ni_(c) Gerhard Steinwender\" width=\"200\" height=\"200\" src=\"https:\/\/www.gerhardsteinwender.eu\/wp-content\/uploads\/2023\/02\/Budapest_Juedischer-Friedhof-Salgotarjani_u_GST-5428-200x200.jpg\" class=\"attachment-thumbnail size-thumbnail\" alt=\"\" srcset=\"https:\/\/www.gerhardsteinwender.eu\/wp-content\/uploads\/2023\/02\/Budapest_Juedischer-Friedhof-Salgotarjani_u_GST-5428-200x200.jpg 200w, https:\/\/www.gerhardsteinwender.eu\/wp-content\/uploads\/2023\/02\/Budapest_Juedischer-Friedhof-Salgotarjani_u_GST-5428-533x533.jpg 533w, https:\/\/www.gerhardsteinwender.eu\/wp-content\/uploads\/2023\/02\/Budapest_Juedischer-Friedhof-Salgotarjani_u_GST-5428-640x640.jpg 640w\" sizes=\"auto, (max-width: 200px) 100vw, 200px\" \/><\/a>\n\t\t\t<\/div><\/figure><figure class='gallery-item'>\n\t\t\t<div class='gallery-icon portrait'>\n\t\t\t\t<a href='https:\/\/www.gerhardsteinwender.eu\/?attachment_id=9764'><img loading=\"lazy\" decoding=\"async\" data-attachment-id=\"9764\" data-orig-file=\"https:\/\/www.gerhardsteinwender.eu\/wp-content\/uploads\/2023\/02\/Budapest_Juedischer-Friedhof-Salgotarjani_u_GST-5427.jpg\" data-orig-size=\"800,1200\" data-comments-opened=\"1\" data-image-meta=\"{&quot;aperture&quot;:&quot;5&quot;,&quot;credit&quot;:&quot;G.STEINWENDER     photo8181&quot;,&quot;camera&quot;:&quot;NIKON D850&quot;,&quot;caption&quot;:&quot;&quot;,&quot;created_timestamp&quot;:&quot;1674985089&quot;,&quot;copyright&quot;:&quot;G.STEINWENDER     photo8181&quot;,&quot;focal_length&quot;:&quot;110&quot;,&quot;iso&quot;:&quot;400&quot;,&quot;shutter_speed&quot;:&quot;0.016666666666667&quot;,&quot;title&quot;:&quot;&quot;,&quot;orientation&quot;:&quot;0&quot;}\" data-image-title=\"Budapest_Ju\u0308discher Friedhof Salgo\u0301tarja\u0301ni_(c) Gerhard Steinwender\" data-image-description=\"\" data-medium-file=\"https:\/\/www.gerhardsteinwender.eu\/wp-content\/uploads\/2023\/02\/Budapest_Juedischer-Friedhof-Salgotarjani_u_GST-5427-200x300.jpg\" data-large-file=\"https:\/\/www.gerhardsteinwender.eu\/wp-content\/uploads\/2023\/02\/Budapest_Juedischer-Friedhof-Salgotarjani_u_GST-5427.jpg\" title=\"Budapest_Ju\u0308discher Friedhof Salgo\u0301tarja\u0301ni_(c) Gerhard Steinwender\" width=\"200\" height=\"200\" src=\"https:\/\/www.gerhardsteinwender.eu\/wp-content\/uploads\/2023\/02\/Budapest_Juedischer-Friedhof-Salgotarjani_u_GST-5427-200x200.jpg\" class=\"attachment-thumbnail size-thumbnail\" alt=\"\" srcset=\"https:\/\/www.gerhardsteinwender.eu\/wp-content\/uploads\/2023\/02\/Budapest_Juedischer-Friedhof-Salgotarjani_u_GST-5427-200x200.jpg 200w, https:\/\/www.gerhardsteinwender.eu\/wp-content\/uploads\/2023\/02\/Budapest_Juedischer-Friedhof-Salgotarjani_u_GST-5427-533x533.jpg 533w, https:\/\/www.gerhardsteinwender.eu\/wp-content\/uploads\/2023\/02\/Budapest_Juedischer-Friedhof-Salgotarjani_u_GST-5427-640x640.jpg 640w\" sizes=\"auto, (max-width: 200px) 100vw, 200px\" \/><\/a>\n\t\t\t<\/div><\/figure><figure class='gallery-item'>\n\t\t\t<div class='gallery-icon landscape'>\n\t\t\t\t<a href='https:\/\/www.gerhardsteinwender.eu\/?attachment_id=9762'><img loading=\"lazy\" decoding=\"async\" data-attachment-id=\"9762\" data-orig-file=\"https:\/\/www.gerhardsteinwender.eu\/wp-content\/uploads\/2023\/02\/Budapest_Juedischer-Friedhof-Salgotarjani_u_GST-5425.jpg\" data-orig-size=\"1200,800\" data-comments-opened=\"1\" data-image-meta=\"{&quot;aperture&quot;:&quot;4.5&quot;,&quot;credit&quot;:&quot;G.STEINWENDER     photo8181&quot;,&quot;camera&quot;:&quot;NIKON D850&quot;,&quot;caption&quot;:&quot;&quot;,&quot;created_timestamp&quot;:&quot;1674985005&quot;,&quot;copyright&quot;:&quot;G.STEINWENDER     photo8181&quot;,&quot;focal_length&quot;:&quot;195&quot;,&quot;iso&quot;:&quot;400&quot;,&quot;shutter_speed&quot;:&quot;0.02&quot;,&quot;title&quot;:&quot;&quot;,&quot;orientation&quot;:&quot;0&quot;}\" data-image-title=\"Budapest_Ju\u0308discher Friedhof Salgo\u0301tarja\u0301ni_(c) Gerhard Steinwender\" data-image-description=\"\" data-medium-file=\"https:\/\/www.gerhardsteinwender.eu\/wp-content\/uploads\/2023\/02\/Budapest_Juedischer-Friedhof-Salgotarjani_u_GST-5425-300x200.jpg\" data-large-file=\"https:\/\/www.gerhardsteinwender.eu\/wp-content\/uploads\/2023\/02\/Budapest_Juedischer-Friedhof-Salgotarjani_u_GST-5425-846x564.jpg\" title=\"Budapest_Ju\u0308discher Friedhof Salgo\u0301tarja\u0301ni_(c) Gerhard Steinwender\" width=\"200\" height=\"200\" src=\"https:\/\/www.gerhardsteinwender.eu\/wp-content\/uploads\/2023\/02\/Budapest_Juedischer-Friedhof-Salgotarjani_u_GST-5425-200x200.jpg\" class=\"attachment-thumbnail size-thumbnail\" alt=\"\" srcset=\"https:\/\/www.gerhardsteinwender.eu\/wp-content\/uploads\/2023\/02\/Budapest_Juedischer-Friedhof-Salgotarjani_u_GST-5425-200x200.jpg 200w, https:\/\/www.gerhardsteinwender.eu\/wp-content\/uploads\/2023\/02\/Budapest_Juedischer-Friedhof-Salgotarjani_u_GST-5425-533x533.jpg 533w, https:\/\/www.gerhardsteinwender.eu\/wp-content\/uploads\/2023\/02\/Budapest_Juedischer-Friedhof-Salgotarjani_u_GST-5425-640x640.jpg 640w\" sizes=\"auto, (max-width: 200px) 100vw, 200px\" \/><\/a>\n\t\t\t<\/div><\/figure><figure class='gallery-item'>\n\t\t\t<div class='gallery-icon landscape'>\n\t\t\t\t<a href='https:\/\/www.gerhardsteinwender.eu\/?attachment_id=9761'><img loading=\"lazy\" decoding=\"async\" data-attachment-id=\"9761\" data-orig-file=\"https:\/\/www.gerhardsteinwender.eu\/wp-content\/uploads\/2023\/02\/Budapest_Juedischer-Friedhof-Salgotarjani_u_GST-5424.jpg\" data-orig-size=\"1200,800\" data-comments-opened=\"1\" data-image-meta=\"{&quot;aperture&quot;:&quot;5.6&quot;,&quot;credit&quot;:&quot;G.STEINWENDER     photo8181&quot;,&quot;camera&quot;:&quot;NIKON D850&quot;,&quot;caption&quot;:&quot;&quot;,&quot;created_timestamp&quot;:&quot;1674984973&quot;,&quot;copyright&quot;:&quot;G.STEINWENDER     photo8181&quot;,&quot;focal_length&quot;:&quot;150&quot;,&quot;iso&quot;:&quot;400&quot;,&quot;shutter_speed&quot;:&quot;0.016666666666667&quot;,&quot;title&quot;:&quot;&quot;,&quot;orientation&quot;:&quot;0&quot;}\" data-image-title=\"Budapest_Ju\u0308discher Friedhof Salgo\u0301tarja\u0301ni_(c) Gerhard Steinwender\" data-image-description=\"\" data-medium-file=\"https:\/\/www.gerhardsteinwender.eu\/wp-content\/uploads\/2023\/02\/Budapest_Juedischer-Friedhof-Salgotarjani_u_GST-5424-300x200.jpg\" data-large-file=\"https:\/\/www.gerhardsteinwender.eu\/wp-content\/uploads\/2023\/02\/Budapest_Juedischer-Friedhof-Salgotarjani_u_GST-5424-846x564.jpg\" title=\"Budapest_Ju\u0308discher Friedhof Salgo\u0301tarja\u0301ni_(c) Gerhard Steinwender\" width=\"200\" height=\"200\" src=\"https:\/\/www.gerhardsteinwender.eu\/wp-content\/uploads\/2023\/02\/Budapest_Juedischer-Friedhof-Salgotarjani_u_GST-5424-200x200.jpg\" class=\"attachment-thumbnail size-thumbnail\" alt=\"\" srcset=\"https:\/\/www.gerhardsteinwender.eu\/wp-content\/uploads\/2023\/02\/Budapest_Juedischer-Friedhof-Salgotarjani_u_GST-5424-200x200.jpg 200w, https:\/\/www.gerhardsteinwender.eu\/wp-content\/uploads\/2023\/02\/Budapest_Juedischer-Friedhof-Salgotarjani_u_GST-5424-533x533.jpg 533w, https:\/\/www.gerhardsteinwender.eu\/wp-content\/uploads\/2023\/02\/Budapest_Juedischer-Friedhof-Salgotarjani_u_GST-5424-640x640.jpg 640w\" sizes=\"auto, (max-width: 200px) 100vw, 200px\" \/><\/a>\n\t\t\t<\/div><\/figure><figure class='gallery-item'>\n\t\t\t<div class='gallery-icon landscape'>\n\t\t\t\t<a href='https:\/\/www.gerhardsteinwender.eu\/?attachment_id=9760'><img loading=\"lazy\" decoding=\"async\" data-attachment-id=\"9760\" data-orig-file=\"https:\/\/www.gerhardsteinwender.eu\/wp-content\/uploads\/2023\/02\/Budapest_Juedischer-Friedhof-Salgotarjani_u_GST-5423.jpg\" data-orig-size=\"1200,800\" data-comments-opened=\"1\" data-image-meta=\"{&quot;aperture&quot;:&quot;5.6&quot;,&quot;credit&quot;:&quot;G.STEINWENDER     photo8181&quot;,&quot;camera&quot;:&quot;NIKON D850&quot;,&quot;caption&quot;:&quot;&quot;,&quot;created_timestamp&quot;:&quot;1674984939&quot;,&quot;copyright&quot;:&quot;G.STEINWENDER     photo8181&quot;,&quot;focal_length&quot;:&quot;112&quot;,&quot;iso&quot;:&quot;400&quot;,&quot;shutter_speed&quot;:&quot;0.0125&quot;,&quot;title&quot;:&quot;&quot;,&quot;orientation&quot;:&quot;0&quot;}\" data-image-title=\"Budapest_Ju\u0308discher Friedhof Salgo\u0301tarja\u0301ni_(c) Gerhard Steinwender\" data-image-description=\"\" data-medium-file=\"https:\/\/www.gerhardsteinwender.eu\/wp-content\/uploads\/2023\/02\/Budapest_Juedischer-Friedhof-Salgotarjani_u_GST-5423-300x200.jpg\" data-large-file=\"https:\/\/www.gerhardsteinwender.eu\/wp-content\/uploads\/2023\/02\/Budapest_Juedischer-Friedhof-Salgotarjani_u_GST-5423-846x564.jpg\" title=\"Budapest_Ju\u0308discher Friedhof Salgo\u0301tarja\u0301ni_(c) Gerhard Steinwender\" width=\"200\" height=\"200\" src=\"https:\/\/www.gerhardsteinwender.eu\/wp-content\/uploads\/2023\/02\/Budapest_Juedischer-Friedhof-Salgotarjani_u_GST-5423-200x200.jpg\" class=\"attachment-thumbnail size-thumbnail\" alt=\"\" srcset=\"https:\/\/www.gerhardsteinwender.eu\/wp-content\/uploads\/2023\/02\/Budapest_Juedischer-Friedhof-Salgotarjani_u_GST-5423-200x200.jpg 200w, https:\/\/www.gerhardsteinwender.eu\/wp-content\/uploads\/2023\/02\/Budapest_Juedischer-Friedhof-Salgotarjani_u_GST-5423-533x533.jpg 533w, https:\/\/www.gerhardsteinwender.eu\/wp-content\/uploads\/2023\/02\/Budapest_Juedischer-Friedhof-Salgotarjani_u_GST-5423-640x640.jpg 640w\" sizes=\"auto, (max-width: 200px) 100vw, 200px\" \/><\/a>\n\t\t\t<\/div><\/figure><figure class='gallery-item'>\n\t\t\t<div class='gallery-icon landscape'>\n\t\t\t\t<a href='https:\/\/www.gerhardsteinwender.eu\/?attachment_id=9759'><img loading=\"lazy\" decoding=\"async\" data-attachment-id=\"9759\" data-orig-file=\"https:\/\/www.gerhardsteinwender.eu\/wp-content\/uploads\/2023\/02\/Budapest_Juedischer-Friedhof-Salgotarjani_u_GST-5422.jpg\" data-orig-size=\"1200,800\" data-comments-opened=\"1\" data-image-meta=\"{&quot;aperture&quot;:&quot;5&quot;,&quot;credit&quot;:&quot;G.STEINWENDER     photo8181&quot;,&quot;camera&quot;:&quot;NIKON D850&quot;,&quot;caption&quot;:&quot;&quot;,&quot;created_timestamp&quot;:&quot;1674984920&quot;,&quot;copyright&quot;:&quot;G.STEINWENDER     photo8181&quot;,&quot;focal_length&quot;:&quot;112&quot;,&quot;iso&quot;:&quot;400&quot;,&quot;shutter_speed&quot;:&quot;0.005&quot;,&quot;title&quot;:&quot;&quot;,&quot;orientation&quot;:&quot;0&quot;}\" data-image-title=\"Budapest_Ju\u0308discher Friedhof Salgo\u0301tarja\u0301ni_(c) Gerhard Steinwender\" data-image-description=\"\" data-medium-file=\"https:\/\/www.gerhardsteinwender.eu\/wp-content\/uploads\/2023\/02\/Budapest_Juedischer-Friedhof-Salgotarjani_u_GST-5422-300x200.jpg\" data-large-file=\"https:\/\/www.gerhardsteinwender.eu\/wp-content\/uploads\/2023\/02\/Budapest_Juedischer-Friedhof-Salgotarjani_u_GST-5422-846x564.jpg\" title=\"Budapest_Ju\u0308discher Friedhof Salgo\u0301tarja\u0301ni_(c) Gerhard Steinwender\" width=\"200\" height=\"200\" src=\"https:\/\/www.gerhardsteinwender.eu\/wp-content\/uploads\/2023\/02\/Budapest_Juedischer-Friedhof-Salgotarjani_u_GST-5422-200x200.jpg\" class=\"attachment-thumbnail size-thumbnail\" alt=\"\" srcset=\"https:\/\/www.gerhardsteinwender.eu\/wp-content\/uploads\/2023\/02\/Budapest_Juedischer-Friedhof-Salgotarjani_u_GST-5422-200x200.jpg 200w, https:\/\/www.gerhardsteinwender.eu\/wp-content\/uploads\/2023\/02\/Budapest_Juedischer-Friedhof-Salgotarjani_u_GST-5422-533x533.jpg 533w, https:\/\/www.gerhardsteinwender.eu\/wp-content\/uploads\/2023\/02\/Budapest_Juedischer-Friedhof-Salgotarjani_u_GST-5422-640x640.jpg 640w\" sizes=\"auto, (max-width: 200px) 100vw, 200px\" \/><\/a>\n\t\t\t<\/div><\/figure><figure class='gallery-item'>\n\t\t\t<div class='gallery-icon landscape'>\n\t\t\t\t<a href='https:\/\/www.gerhardsteinwender.eu\/?attachment_id=9758'><img loading=\"lazy\" decoding=\"async\" data-attachment-id=\"9758\" data-orig-file=\"https:\/\/www.gerhardsteinwender.eu\/wp-content\/uploads\/2023\/02\/Budapest_Juedischer-Friedhof-Salgotarjani_u_GST-5421.jpg\" data-orig-size=\"1200,800\" data-comments-opened=\"1\" data-image-meta=\"{&quot;aperture&quot;:&quot;5&quot;,&quot;credit&quot;:&quot;G.STEINWENDER     photo8181&quot;,&quot;camera&quot;:&quot;NIKON D850&quot;,&quot;caption&quot;:&quot;&quot;,&quot;created_timestamp&quot;:&quot;1674984887&quot;,&quot;copyright&quot;:&quot;G.STEINWENDER     photo8181&quot;,&quot;focal_length&quot;:&quot;95&quot;,&quot;iso&quot;:&quot;400&quot;,&quot;shutter_speed&quot;:&quot;0.01&quot;,&quot;title&quot;:&quot;&quot;,&quot;orientation&quot;:&quot;0&quot;}\" data-image-title=\"Budapest_Ju\u0308discher Friedhof Salgo\u0301tarja\u0301ni_(c) Gerhard Steinwender\" data-image-description=\"\" data-medium-file=\"https:\/\/www.gerhardsteinwender.eu\/wp-content\/uploads\/2023\/02\/Budapest_Juedischer-Friedhof-Salgotarjani_u_GST-5421-300x200.jpg\" data-large-file=\"https:\/\/www.gerhardsteinwender.eu\/wp-content\/uploads\/2023\/02\/Budapest_Juedischer-Friedhof-Salgotarjani_u_GST-5421-846x564.jpg\" title=\"Budapest_Ju\u0308discher Friedhof Salgo\u0301tarja\u0301ni_(c) Gerhard Steinwender\" width=\"200\" height=\"200\" src=\"https:\/\/www.gerhardsteinwender.eu\/wp-content\/uploads\/2023\/02\/Budapest_Juedischer-Friedhof-Salgotarjani_u_GST-5421-200x200.jpg\" class=\"attachment-thumbnail size-thumbnail\" alt=\"\" srcset=\"https:\/\/www.gerhardsteinwender.eu\/wp-content\/uploads\/2023\/02\/Budapest_Juedischer-Friedhof-Salgotarjani_u_GST-5421-200x200.jpg 200w, https:\/\/www.gerhardsteinwender.eu\/wp-content\/uploads\/2023\/02\/Budapest_Juedischer-Friedhof-Salgotarjani_u_GST-5421-533x533.jpg 533w, https:\/\/www.gerhardsteinwender.eu\/wp-content\/uploads\/2023\/02\/Budapest_Juedischer-Friedhof-Salgotarjani_u_GST-5421-640x640.jpg 640w\" sizes=\"auto, (max-width: 200px) 100vw, 200px\" \/><\/a>\n\t\t\t<\/div><\/figure><figure class='gallery-item'>\n\t\t\t<div class='gallery-icon landscape'>\n\t\t\t\t<a href='https:\/\/www.gerhardsteinwender.eu\/?attachment_id=9757'><img loading=\"lazy\" decoding=\"async\" data-attachment-id=\"9757\" data-orig-file=\"https:\/\/www.gerhardsteinwender.eu\/wp-content\/uploads\/2023\/02\/Budapest_Juedischer-Friedhof-Salgotarjani_u_GST-5420.jpg\" data-orig-size=\"1200,800\" data-comments-opened=\"1\" data-image-meta=\"{&quot;aperture&quot;:&quot;5.6&quot;,&quot;credit&quot;:&quot;G.STEINWENDER     photo8181&quot;,&quot;camera&quot;:&quot;NIKON D850&quot;,&quot;caption&quot;:&quot;&quot;,&quot;created_timestamp&quot;:&quot;1674984870&quot;,&quot;copyright&quot;:&quot;G.STEINWENDER     photo8181&quot;,&quot;focal_length&quot;:&quot;70&quot;,&quot;iso&quot;:&quot;400&quot;,&quot;shutter_speed&quot;:&quot;0.0125&quot;,&quot;title&quot;:&quot;&quot;,&quot;orientation&quot;:&quot;0&quot;}\" data-image-title=\"Budapest_Ju\u0308discher Friedhof Salgo\u0301tarja\u0301ni_(c) Gerhard Steinwender\" data-image-description=\"\" data-medium-file=\"https:\/\/www.gerhardsteinwender.eu\/wp-content\/uploads\/2023\/02\/Budapest_Juedischer-Friedhof-Salgotarjani_u_GST-5420-300x200.jpg\" data-large-file=\"https:\/\/www.gerhardsteinwender.eu\/wp-content\/uploads\/2023\/02\/Budapest_Juedischer-Friedhof-Salgotarjani_u_GST-5420-846x564.jpg\" title=\"Budapest_Ju\u0308discher Friedhof Salgo\u0301tarja\u0301ni_(c) Gerhard Steinwender\" width=\"200\" height=\"200\" src=\"https:\/\/www.gerhardsteinwender.eu\/wp-content\/uploads\/2023\/02\/Budapest_Juedischer-Friedhof-Salgotarjani_u_GST-5420-200x200.jpg\" class=\"attachment-thumbnail size-thumbnail\" alt=\"\" srcset=\"https:\/\/www.gerhardsteinwender.eu\/wp-content\/uploads\/2023\/02\/Budapest_Juedischer-Friedhof-Salgotarjani_u_GST-5420-200x200.jpg 200w, https:\/\/www.gerhardsteinwender.eu\/wp-content\/uploads\/2023\/02\/Budapest_Juedischer-Friedhof-Salgotarjani_u_GST-5420-533x533.jpg 533w, https:\/\/www.gerhardsteinwender.eu\/wp-content\/uploads\/2023\/02\/Budapest_Juedischer-Friedhof-Salgotarjani_u_GST-5420-640x640.jpg 640w\" sizes=\"auto, (max-width: 200px) 100vw, 200px\" \/><\/a>\n\t\t\t<\/div><\/figure><figure class='gallery-item'>\n\t\t\t<div class='gallery-icon landscape'>\n\t\t\t\t<a href='https:\/\/www.gerhardsteinwender.eu\/?attachment_id=9756'><img loading=\"lazy\" decoding=\"async\" data-attachment-id=\"9756\" data-orig-file=\"https:\/\/www.gerhardsteinwender.eu\/wp-content\/uploads\/2023\/02\/Budapest_Juedischer-Friedhof-Salgotarjani_u_GST-5419.jpg\" data-orig-size=\"1200,800\" data-comments-opened=\"1\" data-image-meta=\"{&quot;aperture&quot;:&quot;8&quot;,&quot;credit&quot;:&quot;G.STEINWENDER     photo8181&quot;,&quot;camera&quot;:&quot;NIKON D850&quot;,&quot;caption&quot;:&quot;&quot;,&quot;created_timestamp&quot;:&quot;1674984857&quot;,&quot;copyright&quot;:&quot;G.STEINWENDER     photo8181&quot;,&quot;focal_length&quot;:&quot;130&quot;,&quot;iso&quot;:&quot;400&quot;,&quot;shutter_speed&quot;:&quot;0.003125&quot;,&quot;title&quot;:&quot;&quot;,&quot;orientation&quot;:&quot;0&quot;}\" data-image-title=\"Budapest_Ju\u0308discher Friedhof Salgo\u0301tarja\u0301ni_(c) Gerhard Steinwender\" data-image-description=\"\" data-medium-file=\"https:\/\/www.gerhardsteinwender.eu\/wp-content\/uploads\/2023\/02\/Budapest_Juedischer-Friedhof-Salgotarjani_u_GST-5419-300x200.jpg\" data-large-file=\"https:\/\/www.gerhardsteinwender.eu\/wp-content\/uploads\/2023\/02\/Budapest_Juedischer-Friedhof-Salgotarjani_u_GST-5419-846x564.jpg\" title=\"Budapest_Ju\u0308discher Friedhof Salgo\u0301tarja\u0301ni_(c) Gerhard Steinwender\" width=\"200\" height=\"200\" src=\"https:\/\/www.gerhardsteinwender.eu\/wp-content\/uploads\/2023\/02\/Budapest_Juedischer-Friedhof-Salgotarjani_u_GST-5419-200x200.jpg\" class=\"attachment-thumbnail size-thumbnail\" alt=\"\" srcset=\"https:\/\/www.gerhardsteinwender.eu\/wp-content\/uploads\/2023\/02\/Budapest_Juedischer-Friedhof-Salgotarjani_u_GST-5419-200x200.jpg 200w, https:\/\/www.gerhardsteinwender.eu\/wp-content\/uploads\/2023\/02\/Budapest_Juedischer-Friedhof-Salgotarjani_u_GST-5419-533x533.jpg 533w, https:\/\/www.gerhardsteinwender.eu\/wp-content\/uploads\/2023\/02\/Budapest_Juedischer-Friedhof-Salgotarjani_u_GST-5419-640x640.jpg 640w\" sizes=\"auto, (max-width: 200px) 100vw, 200px\" \/><\/a>\n\t\t\t<\/div><\/figure><figure class='gallery-item'>\n\t\t\t<div class='gallery-icon landscape'>\n\t\t\t\t<a href='https:\/\/www.gerhardsteinwender.eu\/?attachment_id=9735'><img loading=\"lazy\" decoding=\"async\" data-attachment-id=\"9735\" data-orig-file=\"https:\/\/www.gerhardsteinwender.eu\/wp-content\/uploads\/2023\/02\/Budapest_Juedischer-Friedhof-Salgotarjani_u_GST-5398.jpg\" data-orig-size=\"1200,800\" data-comments-opened=\"1\" data-image-meta=\"{&quot;aperture&quot;:&quot;5.6&quot;,&quot;credit&quot;:&quot;G.STEINWENDER     photo8181&quot;,&quot;camera&quot;:&quot;NIKON D850&quot;,&quot;caption&quot;:&quot;&quot;,&quot;created_timestamp&quot;:&quot;1674983752&quot;,&quot;copyright&quot;:&quot;G.STEINWENDER     photo8181&quot;,&quot;focal_length&quot;:&quot;24&quot;,&quot;iso&quot;:&quot;800&quot;,&quot;shutter_speed&quot;:&quot;0.008&quot;,&quot;title&quot;:&quot;&quot;,&quot;orientation&quot;:&quot;0&quot;}\" data-image-title=\"Budapest_Ju\u0308discher Friedhof Salgo\u0301tarja\u0301ni_(c) Gerhard Steinwender\" data-image-description=\"\" data-medium-file=\"https:\/\/www.gerhardsteinwender.eu\/wp-content\/uploads\/2023\/02\/Budapest_Juedischer-Friedhof-Salgotarjani_u_GST-5398-300x200.jpg\" data-large-file=\"https:\/\/www.gerhardsteinwender.eu\/wp-content\/uploads\/2023\/02\/Budapest_Juedischer-Friedhof-Salgotarjani_u_GST-5398-846x564.jpg\" title=\"Budapest_Ju\u0308discher Friedhof Salgo\u0301tarja\u0301ni_(c) Gerhard Steinwender\" width=\"200\" height=\"200\" src=\"https:\/\/www.gerhardsteinwender.eu\/wp-content\/uploads\/2023\/02\/Budapest_Juedischer-Friedhof-Salgotarjani_u_GST-5398-200x200.jpg\" class=\"attachment-thumbnail size-thumbnail\" alt=\"\" srcset=\"https:\/\/www.gerhardsteinwender.eu\/wp-content\/uploads\/2023\/02\/Budapest_Juedischer-Friedhof-Salgotarjani_u_GST-5398-200x200.jpg 200w, https:\/\/www.gerhardsteinwender.eu\/wp-content\/uploads\/2023\/02\/Budapest_Juedischer-Friedhof-Salgotarjani_u_GST-5398-533x533.jpg 533w, https:\/\/www.gerhardsteinwender.eu\/wp-content\/uploads\/2023\/02\/Budapest_Juedischer-Friedhof-Salgotarjani_u_GST-5398-640x640.jpg 640w\" sizes=\"auto, (max-width: 200px) 100vw, 200px\" \/><\/a>\n\t\t\t<\/div><\/figure><figure class='gallery-item'>\n\t\t\t<div class='gallery-icon landscape'>\n\t\t\t\t<a href='https:\/\/www.gerhardsteinwender.eu\/?attachment_id=9736'><img loading=\"lazy\" decoding=\"async\" data-attachment-id=\"9736\" data-orig-file=\"https:\/\/www.gerhardsteinwender.eu\/wp-content\/uploads\/2023\/02\/Budapest_Juedischer-Friedhof-Salgotarjani_u_GST-5399.jpg\" data-orig-size=\"1200,800\" data-comments-opened=\"1\" data-image-meta=\"{&quot;aperture&quot;:&quot;5.6&quot;,&quot;credit&quot;:&quot;G.STEINWENDER     photo8181&quot;,&quot;camera&quot;:&quot;NIKON D850&quot;,&quot;caption&quot;:&quot;&quot;,&quot;created_timestamp&quot;:&quot;1674983767&quot;,&quot;copyright&quot;:&quot;G.STEINWENDER     photo8181&quot;,&quot;focal_length&quot;:&quot;24&quot;,&quot;iso&quot;:&quot;800&quot;,&quot;shutter_speed&quot;:&quot;0.0125&quot;,&quot;title&quot;:&quot;&quot;,&quot;orientation&quot;:&quot;0&quot;}\" data-image-title=\"Budapest_Ju\u0308discher Friedhof Salgo\u0301tarja\u0301ni_u_GST-5399\" data-image-description=\"\" data-medium-file=\"https:\/\/www.gerhardsteinwender.eu\/wp-content\/uploads\/2023\/02\/Budapest_Juedischer-Friedhof-Salgotarjani_u_GST-5399-300x200.jpg\" data-large-file=\"https:\/\/www.gerhardsteinwender.eu\/wp-content\/uploads\/2023\/02\/Budapest_Juedischer-Friedhof-Salgotarjani_u_GST-5399-846x564.jpg\" title=\"Budapest_Ju\u0308discher Friedhof Salgo\u0301tarja\u0301ni_u_GST-5399\" width=\"200\" height=\"200\" src=\"https:\/\/www.gerhardsteinwender.eu\/wp-content\/uploads\/2023\/02\/Budapest_Juedischer-Friedhof-Salgotarjani_u_GST-5399-200x200.jpg\" class=\"attachment-thumbnail size-thumbnail\" alt=\"\" srcset=\"https:\/\/www.gerhardsteinwender.eu\/wp-content\/uploads\/2023\/02\/Budapest_Juedischer-Friedhof-Salgotarjani_u_GST-5399-200x200.jpg 200w, https:\/\/www.gerhardsteinwender.eu\/wp-content\/uploads\/2023\/02\/Budapest_Juedischer-Friedhof-Salgotarjani_u_GST-5399-533x533.jpg 533w, https:\/\/www.gerhardsteinwender.eu\/wp-content\/uploads\/2023\/02\/Budapest_Juedischer-Friedhof-Salgotarjani_u_GST-5399-640x640.jpg 640w\" sizes=\"auto, (max-width: 200px) 100vw, 200px\" \/><\/a>\n\t\t\t<\/div><\/figure><figure class='gallery-item'>\n\t\t\t<div class='gallery-icon landscape'>\n\t\t\t\t<a href='https:\/\/www.gerhardsteinwender.eu\/?attachment_id=9737'><img loading=\"lazy\" decoding=\"async\" data-attachment-id=\"9737\" data-orig-file=\"https:\/\/www.gerhardsteinwender.eu\/wp-content\/uploads\/2023\/02\/Budapest_Juedischer-Friedhof-Salgotarjani_u_GST-5400.jpg\" data-orig-size=\"1200,800\" data-comments-opened=\"1\" data-image-meta=\"{&quot;aperture&quot;:&quot;5.6&quot;,&quot;credit&quot;:&quot;G.STEINWENDER     photo8181&quot;,&quot;camera&quot;:&quot;NIKON D850&quot;,&quot;caption&quot;:&quot;&quot;,&quot;created_timestamp&quot;:&quot;1674983802&quot;,&quot;copyright&quot;:&quot;G.STEINWENDER     photo8181&quot;,&quot;focal_length&quot;:&quot;32&quot;,&quot;iso&quot;:&quot;800&quot;,&quot;shutter_speed&quot;:&quot;0.008&quot;,&quot;title&quot;:&quot;&quot;,&quot;orientation&quot;:&quot;0&quot;}\" data-image-title=\"Budapest_Ju\u0308discher Friedhof Salgo\u0301tarja\u0301ni_u_GST-5400\" data-image-description=\"\" data-medium-file=\"https:\/\/www.gerhardsteinwender.eu\/wp-content\/uploads\/2023\/02\/Budapest_Juedischer-Friedhof-Salgotarjani_u_GST-5400-300x200.jpg\" data-large-file=\"https:\/\/www.gerhardsteinwender.eu\/wp-content\/uploads\/2023\/02\/Budapest_Juedischer-Friedhof-Salgotarjani_u_GST-5400-846x564.jpg\" title=\"Budapest_Ju\u0308discher Friedhof Salgo\u0301tarja\u0301ni_u_GST-5400\" width=\"200\" height=\"200\" src=\"https:\/\/www.gerhardsteinwender.eu\/wp-content\/uploads\/2023\/02\/Budapest_Juedischer-Friedhof-Salgotarjani_u_GST-5400-200x200.jpg\" class=\"attachment-thumbnail size-thumbnail\" alt=\"\" srcset=\"https:\/\/www.gerhardsteinwender.eu\/wp-content\/uploads\/2023\/02\/Budapest_Juedischer-Friedhof-Salgotarjani_u_GST-5400-200x200.jpg 200w, https:\/\/www.gerhardsteinwender.eu\/wp-content\/uploads\/2023\/02\/Budapest_Juedischer-Friedhof-Salgotarjani_u_GST-5400-533x533.jpg 533w, https:\/\/www.gerhardsteinwender.eu\/wp-content\/uploads\/2023\/02\/Budapest_Juedischer-Friedhof-Salgotarjani_u_GST-5400-640x640.jpg 640w\" sizes=\"auto, (max-width: 200px) 100vw, 200px\" \/><\/a>\n\t\t\t<\/div><\/figure><figure class='gallery-item'>\n\t\t\t<div class='gallery-icon landscape'>\n\t\t\t\t<a href='https:\/\/www.gerhardsteinwender.eu\/?attachment_id=9734'><img loading=\"lazy\" decoding=\"async\" data-attachment-id=\"9734\" data-orig-file=\"https:\/\/www.gerhardsteinwender.eu\/wp-content\/uploads\/2023\/02\/Budapest_Juedischer-Friedhof-Salgotarjani_u_GST-5397.jpg\" data-orig-size=\"1200,800\" data-comments-opened=\"1\" data-image-meta=\"{&quot;aperture&quot;:&quot;5.6&quot;,&quot;credit&quot;:&quot;G.STEINWENDER     photo8181&quot;,&quot;camera&quot;:&quot;NIKON D850&quot;,&quot;caption&quot;:&quot;&quot;,&quot;created_timestamp&quot;:&quot;1674983743&quot;,&quot;copyright&quot;:&quot;G.STEINWENDER     photo8181&quot;,&quot;focal_length&quot;:&quot;24&quot;,&quot;iso&quot;:&quot;800&quot;,&quot;shutter_speed&quot;:&quot;0.008&quot;,&quot;title&quot;:&quot;&quot;,&quot;orientation&quot;:&quot;0&quot;}\" data-image-title=\"Budapest_Ju\u0308discher Friedhof Salgo\u0301tarja\u0301ni_u_GST-5397\" data-image-description=\"\" data-medium-file=\"https:\/\/www.gerhardsteinwender.eu\/wp-content\/uploads\/2023\/02\/Budapest_Juedischer-Friedhof-Salgotarjani_u_GST-5397-300x200.jpg\" data-large-file=\"https:\/\/www.gerhardsteinwender.eu\/wp-content\/uploads\/2023\/02\/Budapest_Juedischer-Friedhof-Salgotarjani_u_GST-5397-846x564.jpg\" title=\"Budapest_Ju\u0308discher Friedhof Salgo\u0301tarja\u0301ni_u_GST-5397\" width=\"200\" height=\"200\" src=\"https:\/\/www.gerhardsteinwender.eu\/wp-content\/uploads\/2023\/02\/Budapest_Juedischer-Friedhof-Salgotarjani_u_GST-5397-200x200.jpg\" class=\"attachment-thumbnail size-thumbnail\" alt=\"\" srcset=\"https:\/\/www.gerhardsteinwender.eu\/wp-content\/uploads\/2023\/02\/Budapest_Juedischer-Friedhof-Salgotarjani_u_GST-5397-200x200.jpg 200w, https:\/\/www.gerhardsteinwender.eu\/wp-content\/uploads\/2023\/02\/Budapest_Juedischer-Friedhof-Salgotarjani_u_GST-5397-533x533.jpg 533w, https:\/\/www.gerhardsteinwender.eu\/wp-content\/uploads\/2023\/02\/Budapest_Juedischer-Friedhof-Salgotarjani_u_GST-5397-640x640.jpg 640w\" sizes=\"auto, (max-width: 200px) 100vw, 200px\" \/><\/a>\n\t\t\t<\/div><\/figure><figure class='gallery-item'>\n\t\t\t<div class='gallery-icon landscape'>\n\t\t\t\t<a href='https:\/\/www.gerhardsteinwender.eu\/?attachment_id=9733'><img loading=\"lazy\" decoding=\"async\" data-attachment-id=\"9733\" data-orig-file=\"https:\/\/www.gerhardsteinwender.eu\/wp-content\/uploads\/2023\/02\/Budapest_Juedischer-Friedhof-Salgotarjani_u_GST-5396.jpg\" data-orig-size=\"1200,800\" data-comments-opened=\"1\" data-image-meta=\"{&quot;aperture&quot;:&quot;5.6&quot;,&quot;credit&quot;:&quot;G.STEINWENDER     photo8181&quot;,&quot;camera&quot;:&quot;NIKON D850&quot;,&quot;caption&quot;:&quot;&quot;,&quot;created_timestamp&quot;:&quot;1674983728&quot;,&quot;copyright&quot;:&quot;G.STEINWENDER     photo8181&quot;,&quot;focal_length&quot;:&quot;46&quot;,&quot;iso&quot;:&quot;800&quot;,&quot;shutter_speed&quot;:&quot;0.008&quot;,&quot;title&quot;:&quot;&quot;,&quot;orientation&quot;:&quot;0&quot;}\" data-image-title=\"Budapest_Ju\u0308discher Friedhof Salgo\u0301tarja\u0301ni_u_GST-5396\" data-image-description=\"\" data-medium-file=\"https:\/\/www.gerhardsteinwender.eu\/wp-content\/uploads\/2023\/02\/Budapest_Juedischer-Friedhof-Salgotarjani_u_GST-5396-300x200.jpg\" data-large-file=\"https:\/\/www.gerhardsteinwender.eu\/wp-content\/uploads\/2023\/02\/Budapest_Juedischer-Friedhof-Salgotarjani_u_GST-5396-846x564.jpg\" title=\"Budapest_Ju\u0308discher Friedhof Salgo\u0301tarja\u0301ni_u_GST-5396\" width=\"200\" height=\"200\" src=\"https:\/\/www.gerhardsteinwender.eu\/wp-content\/uploads\/2023\/02\/Budapest_Juedischer-Friedhof-Salgotarjani_u_GST-5396-200x200.jpg\" class=\"attachment-thumbnail size-thumbnail\" alt=\"\" srcset=\"https:\/\/www.gerhardsteinwender.eu\/wp-content\/uploads\/2023\/02\/Budapest_Juedischer-Friedhof-Salgotarjani_u_GST-5396-200x200.jpg 200w, https:\/\/www.gerhardsteinwender.eu\/wp-content\/uploads\/2023\/02\/Budapest_Juedischer-Friedhof-Salgotarjani_u_GST-5396-533x533.jpg 533w, https:\/\/www.gerhardsteinwender.eu\/wp-content\/uploads\/2023\/02\/Budapest_Juedischer-Friedhof-Salgotarjani_u_GST-5396-640x640.jpg 640w\" sizes=\"auto, (max-width: 200px) 100vw, 200px\" \/><\/a>\n\t\t\t<\/div><\/figure><figure class='gallery-item'>\n\t\t\t<div class='gallery-icon portrait'>\n\t\t\t\t<a href='https:\/\/www.gerhardsteinwender.eu\/?attachment_id=9732'><img loading=\"lazy\" decoding=\"async\" data-attachment-id=\"9732\" data-orig-file=\"https:\/\/www.gerhardsteinwender.eu\/wp-content\/uploads\/2023\/02\/Budapest_Juedischer-Friedhof-Salgotarjani_u_GST-5395.jpg\" data-orig-size=\"800,1200\" data-comments-opened=\"1\" data-image-meta=\"{&quot;aperture&quot;:&quot;5.6&quot;,&quot;credit&quot;:&quot;G.STEINWENDER     photo8181&quot;,&quot;camera&quot;:&quot;NIKON D850&quot;,&quot;caption&quot;:&quot;&quot;,&quot;created_timestamp&quot;:&quot;1674983715&quot;,&quot;copyright&quot;:&quot;G.STEINWENDER     photo8181&quot;,&quot;focal_length&quot;:&quot;58&quot;,&quot;iso&quot;:&quot;800&quot;,&quot;shutter_speed&quot;:&quot;0.01&quot;,&quot;title&quot;:&quot;&quot;,&quot;orientation&quot;:&quot;0&quot;}\" data-image-title=\"Budapest_Ju\u0308discher Friedhof Salgo\u0301tarja\u0301ni_(c) Gerhard Steinwender\" data-image-description=\"\" data-medium-file=\"https:\/\/www.gerhardsteinwender.eu\/wp-content\/uploads\/2023\/02\/Budapest_Juedischer-Friedhof-Salgotarjani_u_GST-5395-200x300.jpg\" data-large-file=\"https:\/\/www.gerhardsteinwender.eu\/wp-content\/uploads\/2023\/02\/Budapest_Juedischer-Friedhof-Salgotarjani_u_GST-5395.jpg\" title=\"Budapest_Ju\u0308discher Friedhof Salgo\u0301tarja\u0301ni_(c) Gerhard Steinwender\" width=\"200\" height=\"200\" src=\"https:\/\/www.gerhardsteinwender.eu\/wp-content\/uploads\/2023\/02\/Budapest_Juedischer-Friedhof-Salgotarjani_u_GST-5395-200x200.jpg\" class=\"attachment-thumbnail size-thumbnail\" alt=\"\" srcset=\"https:\/\/www.gerhardsteinwender.eu\/wp-content\/uploads\/2023\/02\/Budapest_Juedischer-Friedhof-Salgotarjani_u_GST-5395-200x200.jpg 200w, https:\/\/www.gerhardsteinwender.eu\/wp-content\/uploads\/2023\/02\/Budapest_Juedischer-Friedhof-Salgotarjani_u_GST-5395-533x533.jpg 533w, https:\/\/www.gerhardsteinwender.eu\/wp-content\/uploads\/2023\/02\/Budapest_Juedischer-Friedhof-Salgotarjani_u_GST-5395-640x640.jpg 640w\" sizes=\"auto, (max-width: 200px) 100vw, 200px\" \/><\/a>\n\t\t\t<\/div><\/figure><figure class='gallery-item'>\n\t\t\t<div class='gallery-icon portrait'>\n\t\t\t\t<a href='https:\/\/www.gerhardsteinwender.eu\/?attachment_id=9731'><img loading=\"lazy\" decoding=\"async\" data-attachment-id=\"9731\" data-orig-file=\"https:\/\/www.gerhardsteinwender.eu\/wp-content\/uploads\/2023\/02\/Budapest_Juedischer-Friedhof-Salgotarjani_u_GST-5394.jpg\" data-orig-size=\"800,1200\" data-comments-opened=\"1\" data-image-meta=\"{&quot;aperture&quot;:&quot;5&quot;,&quot;credit&quot;:&quot;G.STEINWENDER     photo8181&quot;,&quot;camera&quot;:&quot;NIKON D850&quot;,&quot;caption&quot;:&quot;&quot;,&quot;created_timestamp&quot;:&quot;1674983690&quot;,&quot;copyright&quot;:&quot;G.STEINWENDER     photo8181&quot;,&quot;focal_length&quot;:&quot;28&quot;,&quot;iso&quot;:&quot;800&quot;,&quot;shutter_speed&quot;:&quot;0.005&quot;,&quot;title&quot;:&quot;&quot;,&quot;orientation&quot;:&quot;0&quot;}\" data-image-title=\"Budapest_Ju\u0308discher Friedhof Salgo\u0301tarja\u0301ni_(c) Gerhard Steinwender\" data-image-description=\"\" data-medium-file=\"https:\/\/www.gerhardsteinwender.eu\/wp-content\/uploads\/2023\/02\/Budapest_Juedischer-Friedhof-Salgotarjani_u_GST-5394-200x300.jpg\" data-large-file=\"https:\/\/www.gerhardsteinwender.eu\/wp-content\/uploads\/2023\/02\/Budapest_Juedischer-Friedhof-Salgotarjani_u_GST-5394.jpg\" title=\"Budapest_Ju\u0308discher Friedhof Salgo\u0301tarja\u0301ni_(c) Gerhard Steinwender\" width=\"200\" height=\"200\" src=\"https:\/\/www.gerhardsteinwender.eu\/wp-content\/uploads\/2023\/02\/Budapest_Juedischer-Friedhof-Salgotarjani_u_GST-5394-200x200.jpg\" class=\"attachment-thumbnail size-thumbnail\" alt=\"\" srcset=\"https:\/\/www.gerhardsteinwender.eu\/wp-content\/uploads\/2023\/02\/Budapest_Juedischer-Friedhof-Salgotarjani_u_GST-5394-200x200.jpg 200w, https:\/\/www.gerhardsteinwender.eu\/wp-content\/uploads\/2023\/02\/Budapest_Juedischer-Friedhof-Salgotarjani_u_GST-5394-533x533.jpg 533w, https:\/\/www.gerhardsteinwender.eu\/wp-content\/uploads\/2023\/02\/Budapest_Juedischer-Friedhof-Salgotarjani_u_GST-5394-640x640.jpg 640w\" sizes=\"auto, (max-width: 200px) 100vw, 200px\" \/><\/a>\n\t\t\t<\/div><\/figure><figure class='gallery-item'>\n\t\t\t<div class='gallery-icon landscape'>\n\t\t\t\t<a href='https:\/\/www.gerhardsteinwender.eu\/?attachment_id=9730'><img loading=\"lazy\" decoding=\"async\" data-attachment-id=\"9730\" data-orig-file=\"https:\/\/www.gerhardsteinwender.eu\/wp-content\/uploads\/2023\/02\/Budapest_Juedischer-Friedhof-Salgotarjani_u_GST-5393.jpg\" data-orig-size=\"1200,800\" data-comments-opened=\"1\" data-image-meta=\"{&quot;aperture&quot;:&quot;4.5&quot;,&quot;credit&quot;:&quot;G.STEINWENDER     photo8181&quot;,&quot;camera&quot;:&quot;NIKON D850&quot;,&quot;caption&quot;:&quot;&quot;,&quot;created_timestamp&quot;:&quot;1674983631&quot;,&quot;copyright&quot;:&quot;G.STEINWENDER     photo8181&quot;,&quot;focal_length&quot;:&quot;34&quot;,&quot;iso&quot;:&quot;800&quot;,&quot;shutter_speed&quot;:&quot;0.005&quot;,&quot;title&quot;:&quot;&quot;,&quot;orientation&quot;:&quot;0&quot;}\" data-image-title=\"Budapest_Ju\u0308discher Friedhof Salgo\u0301tarja\u0301ni_(c) Gerhard Steinwender\" data-image-description=\"\" data-medium-file=\"https:\/\/www.gerhardsteinwender.eu\/wp-content\/uploads\/2023\/02\/Budapest_Juedischer-Friedhof-Salgotarjani_u_GST-5393-300x200.jpg\" data-large-file=\"https:\/\/www.gerhardsteinwender.eu\/wp-content\/uploads\/2023\/02\/Budapest_Juedischer-Friedhof-Salgotarjani_u_GST-5393-846x564.jpg\" title=\"Budapest_Ju\u0308discher Friedhof Salgo\u0301tarja\u0301ni_(c) Gerhard Steinwender\" width=\"200\" height=\"200\" src=\"https:\/\/www.gerhardsteinwender.eu\/wp-content\/uploads\/2023\/02\/Budapest_Juedischer-Friedhof-Salgotarjani_u_GST-5393-200x200.jpg\" class=\"attachment-thumbnail size-thumbnail\" alt=\"\" srcset=\"https:\/\/www.gerhardsteinwender.eu\/wp-content\/uploads\/2023\/02\/Budapest_Juedischer-Friedhof-Salgotarjani_u_GST-5393-200x200.jpg 200w, https:\/\/www.gerhardsteinwender.eu\/wp-content\/uploads\/2023\/02\/Budapest_Juedischer-Friedhof-Salgotarjani_u_GST-5393-533x533.jpg 533w, https:\/\/www.gerhardsteinwender.eu\/wp-content\/uploads\/2023\/02\/Budapest_Juedischer-Friedhof-Salgotarjani_u_GST-5393-640x640.jpg 640w\" sizes=\"auto, (max-width: 200px) 100vw, 200px\" \/><\/a>\n\t\t\t<\/div><\/figure><figure class='gallery-item'>\n\t\t\t<div class='gallery-icon portrait'>\n\t\t\t\t<a href='https:\/\/www.gerhardsteinwender.eu\/?attachment_id=9729'><img loading=\"lazy\" decoding=\"async\" data-attachment-id=\"9729\" data-orig-file=\"https:\/\/www.gerhardsteinwender.eu\/wp-content\/uploads\/2023\/02\/Budapest_Juedischer-Friedhof-Salgotarjani_u_GST-5392.jpg\" data-orig-size=\"800,1200\" data-comments-opened=\"1\" data-image-meta=\"{&quot;aperture&quot;:&quot;4.5&quot;,&quot;credit&quot;:&quot;G.STEINWENDER     photo8181&quot;,&quot;camera&quot;:&quot;NIKON D850&quot;,&quot;caption&quot;:&quot;&quot;,&quot;created_timestamp&quot;:&quot;1674983602&quot;,&quot;copyright&quot;:&quot;G.STEINWENDER     photo8181&quot;,&quot;focal_length&quot;:&quot;58&quot;,&quot;iso&quot;:&quot;800&quot;,&quot;shutter_speed&quot;:&quot;0.004&quot;,&quot;title&quot;:&quot;&quot;,&quot;orientation&quot;:&quot;0&quot;}\" data-image-title=\"Budapest_Ju\u0308discher Friedhof Salgo\u0301tarja\u0301ni_(c) Gerhard Steinwender\" data-image-description=\"\" data-medium-file=\"https:\/\/www.gerhardsteinwender.eu\/wp-content\/uploads\/2023\/02\/Budapest_Juedischer-Friedhof-Salgotarjani_u_GST-5392-200x300.jpg\" data-large-file=\"https:\/\/www.gerhardsteinwender.eu\/wp-content\/uploads\/2023\/02\/Budapest_Juedischer-Friedhof-Salgotarjani_u_GST-5392.jpg\" title=\"Budapest_Ju\u0308discher Friedhof Salgo\u0301tarja\u0301ni_(c) Gerhard Steinwender\" width=\"200\" height=\"200\" src=\"https:\/\/www.gerhardsteinwender.eu\/wp-content\/uploads\/2023\/02\/Budapest_Juedischer-Friedhof-Salgotarjani_u_GST-5392-200x200.jpg\" class=\"attachment-thumbnail size-thumbnail\" alt=\"\" srcset=\"https:\/\/www.gerhardsteinwender.eu\/wp-content\/uploads\/2023\/02\/Budapest_Juedischer-Friedhof-Salgotarjani_u_GST-5392-200x200.jpg 200w, https:\/\/www.gerhardsteinwender.eu\/wp-content\/uploads\/2023\/02\/Budapest_Juedischer-Friedhof-Salgotarjani_u_GST-5392-533x533.jpg 533w, https:\/\/www.gerhardsteinwender.eu\/wp-content\/uploads\/2023\/02\/Budapest_Juedischer-Friedhof-Salgotarjani_u_GST-5392-640x640.jpg 640w\" sizes=\"auto, (max-width: 200px) 100vw, 200px\" \/><\/a>\n\t\t\t<\/div><\/figure><figure class='gallery-item'>\n\t\t\t<div class='gallery-icon portrait'>\n\t\t\t\t<a href='https:\/\/www.gerhardsteinwender.eu\/?attachment_id=9728'><img loading=\"lazy\" decoding=\"async\" data-attachment-id=\"9728\" data-orig-file=\"https:\/\/www.gerhardsteinwender.eu\/wp-content\/uploads\/2023\/02\/Budapest_Juedischer-Friedhof-Salgotarjani_u_GST-5391.jpg\" data-orig-size=\"800,1200\" data-comments-opened=\"1\" data-image-meta=\"{&quot;aperture&quot;:&quot;4.5&quot;,&quot;credit&quot;:&quot;G.STEINWENDER     photo8181&quot;,&quot;camera&quot;:&quot;NIKON D850&quot;,&quot;caption&quot;:&quot;&quot;,&quot;created_timestamp&quot;:&quot;1674983593&quot;,&quot;copyright&quot;:&quot;G.STEINWENDER     photo8181&quot;,&quot;focal_length&quot;:&quot;70&quot;,&quot;iso&quot;:&quot;800&quot;,&quot;shutter_speed&quot;:&quot;0.005&quot;,&quot;title&quot;:&quot;&quot;,&quot;orientation&quot;:&quot;0&quot;}\" data-image-title=\"Budapest_Ju\u0308discher Friedhof Salgo\u0301tarja\u0301ni_(c) Gerhard Steinwender\" data-image-description=\"\" data-medium-file=\"https:\/\/www.gerhardsteinwender.eu\/wp-content\/uploads\/2023\/02\/Budapest_Juedischer-Friedhof-Salgotarjani_u_GST-5391-200x300.jpg\" data-large-file=\"https:\/\/www.gerhardsteinwender.eu\/wp-content\/uploads\/2023\/02\/Budapest_Juedischer-Friedhof-Salgotarjani_u_GST-5391.jpg\" title=\"Budapest_Ju\u0308discher Friedhof Salgo\u0301tarja\u0301ni_(c) Gerhard Steinwender\" width=\"200\" height=\"200\" src=\"https:\/\/www.gerhardsteinwender.eu\/wp-content\/uploads\/2023\/02\/Budapest_Juedischer-Friedhof-Salgotarjani_u_GST-5391-200x200.jpg\" class=\"attachment-thumbnail size-thumbnail\" alt=\"\" srcset=\"https:\/\/www.gerhardsteinwender.eu\/wp-content\/uploads\/2023\/02\/Budapest_Juedischer-Friedhof-Salgotarjani_u_GST-5391-200x200.jpg 200w, https:\/\/www.gerhardsteinwender.eu\/wp-content\/uploads\/2023\/02\/Budapest_Juedischer-Friedhof-Salgotarjani_u_GST-5391-533x533.jpg 533w, https:\/\/www.gerhardsteinwender.eu\/wp-content\/uploads\/2023\/02\/Budapest_Juedischer-Friedhof-Salgotarjani_u_GST-5391-640x640.jpg 640w\" sizes=\"auto, (max-width: 200px) 100vw, 200px\" \/><\/a>\n\t\t\t<\/div><\/figure><figure class='gallery-item'>\n\t\t\t<div class='gallery-icon portrait'>\n\t\t\t\t<a href='https:\/\/www.gerhardsteinwender.eu\/?attachment_id=9727'><img loading=\"lazy\" decoding=\"async\" data-attachment-id=\"9727\" data-orig-file=\"https:\/\/www.gerhardsteinwender.eu\/wp-content\/uploads\/2023\/02\/Budapest_Juedischer-Friedhof-Salgotarjani_u_GST-5390.jpg\" data-orig-size=\"800,1200\" data-comments-opened=\"1\" data-image-meta=\"{&quot;aperture&quot;:&quot;5.6&quot;,&quot;credit&quot;:&quot;G.STEINWENDER     photo8181&quot;,&quot;camera&quot;:&quot;NIKON D850&quot;,&quot;caption&quot;:&quot;&quot;,&quot;created_timestamp&quot;:&quot;1674983529&quot;,&quot;copyright&quot;:&quot;G.STEINWENDER     photo8181&quot;,&quot;focal_length&quot;:&quot;48&quot;,&quot;iso&quot;:&quot;800&quot;,&quot;shutter_speed&quot;:&quot;0.0125&quot;,&quot;title&quot;:&quot;&quot;,&quot;orientation&quot;:&quot;0&quot;}\" data-image-title=\"Budapest_Ju\u0308discher Friedhof Salgo\u0301tarja\u0301ni_(c) Gerhard Steinwender\" data-image-description=\"\" data-medium-file=\"https:\/\/www.gerhardsteinwender.eu\/wp-content\/uploads\/2023\/02\/Budapest_Juedischer-Friedhof-Salgotarjani_u_GST-5390-200x300.jpg\" data-large-file=\"https:\/\/www.gerhardsteinwender.eu\/wp-content\/uploads\/2023\/02\/Budapest_Juedischer-Friedhof-Salgotarjani_u_GST-5390.jpg\" title=\"Budapest_Ju\u0308discher Friedhof Salgo\u0301tarja\u0301ni_(c) Gerhard Steinwender\" width=\"200\" height=\"200\" src=\"https:\/\/www.gerhardsteinwender.eu\/wp-content\/uploads\/2023\/02\/Budapest_Juedischer-Friedhof-Salgotarjani_u_GST-5390-200x200.jpg\" class=\"attachment-thumbnail size-thumbnail\" alt=\"\" srcset=\"https:\/\/www.gerhardsteinwender.eu\/wp-content\/uploads\/2023\/02\/Budapest_Juedischer-Friedhof-Salgotarjani_u_GST-5390-200x200.jpg 200w, https:\/\/www.gerhardsteinwender.eu\/wp-content\/uploads\/2023\/02\/Budapest_Juedischer-Friedhof-Salgotarjani_u_GST-5390-533x533.jpg 533w, https:\/\/www.gerhardsteinwender.eu\/wp-content\/uploads\/2023\/02\/Budapest_Juedischer-Friedhof-Salgotarjani_u_GST-5390-640x640.jpg 640w\" sizes=\"auto, (max-width: 200px) 100vw, 200px\" \/><\/a>\n\t\t\t<\/div><\/figure><figure class='gallery-item'>\n\t\t\t<div class='gallery-icon landscape'>\n\t\t\t\t<a href='https:\/\/www.gerhardsteinwender.eu\/?attachment_id=9726'><img loading=\"lazy\" decoding=\"async\" data-attachment-id=\"9726\" data-orig-file=\"https:\/\/www.gerhardsteinwender.eu\/wp-content\/uploads\/2023\/02\/Budapest_Juedischer-Friedhof-Salgotarjani_u_GST-5389.jpg\" data-orig-size=\"1200,800\" data-comments-opened=\"1\" data-image-meta=\"{&quot;aperture&quot;:&quot;6.3&quot;,&quot;credit&quot;:&quot;G.STEINWENDER     photo8181&quot;,&quot;camera&quot;:&quot;NIKON D850&quot;,&quot;caption&quot;:&quot;&quot;,&quot;created_timestamp&quot;:&quot;1674983396&quot;,&quot;copyright&quot;:&quot;G.STEINWENDER     photo8181&quot;,&quot;focal_length&quot;:&quot;42&quot;,&quot;iso&quot;:&quot;800&quot;,&quot;shutter_speed&quot;:&quot;0.008&quot;,&quot;title&quot;:&quot;&quot;,&quot;orientation&quot;:&quot;0&quot;}\" data-image-title=\"Budapest_Ju\u0308discher Friedhof Salgo\u0301tarja\u0301ni_(c) Gerhard Steinwender\" data-image-description=\"\" data-medium-file=\"https:\/\/www.gerhardsteinwender.eu\/wp-content\/uploads\/2023\/02\/Budapest_Juedischer-Friedhof-Salgotarjani_u_GST-5389-300x200.jpg\" data-large-file=\"https:\/\/www.gerhardsteinwender.eu\/wp-content\/uploads\/2023\/02\/Budapest_Juedischer-Friedhof-Salgotarjani_u_GST-5389-846x564.jpg\" title=\"Budapest_Ju\u0308discher Friedhof Salgo\u0301tarja\u0301ni_(c) Gerhard Steinwender\" width=\"200\" height=\"200\" src=\"https:\/\/www.gerhardsteinwender.eu\/wp-content\/uploads\/2023\/02\/Budapest_Juedischer-Friedhof-Salgotarjani_u_GST-5389-200x200.jpg\" class=\"attachment-thumbnail size-thumbnail\" alt=\"\" srcset=\"https:\/\/www.gerhardsteinwender.eu\/wp-content\/uploads\/2023\/02\/Budapest_Juedischer-Friedhof-Salgotarjani_u_GST-5389-200x200.jpg 200w, https:\/\/www.gerhardsteinwender.eu\/wp-content\/uploads\/2023\/02\/Budapest_Juedischer-Friedhof-Salgotarjani_u_GST-5389-533x533.jpg 533w, https:\/\/www.gerhardsteinwender.eu\/wp-content\/uploads\/2023\/02\/Budapest_Juedischer-Friedhof-Salgotarjani_u_GST-5389-640x640.jpg 640w\" sizes=\"auto, (max-width: 200px) 100vw, 200px\" \/><\/a>\n\t\t\t<\/div><\/figure><figure class='gallery-item'>\n\t\t\t<div class='gallery-icon landscape'>\n\t\t\t\t<a href='https:\/\/www.gerhardsteinwender.eu\/?attachment_id=9725'><img loading=\"lazy\" decoding=\"async\" data-attachment-id=\"9725\" data-orig-file=\"https:\/\/www.gerhardsteinwender.eu\/wp-content\/uploads\/2023\/02\/Budapest_Juedischer-Friedhof-Salgotarjani_u_GST-5387.jpg\" data-orig-size=\"1200,800\" data-comments-opened=\"1\" data-image-meta=\"{&quot;aperture&quot;:&quot;5.6&quot;,&quot;credit&quot;:&quot;G.STEINWENDER     photo8181&quot;,&quot;camera&quot;:&quot;NIKON D850&quot;,&quot;caption&quot;:&quot;&quot;,&quot;created_timestamp&quot;:&quot;1674983182&quot;,&quot;copyright&quot;:&quot;G.STEINWENDER     photo8181&quot;,&quot;focal_length&quot;:&quot;55&quot;,&quot;iso&quot;:&quot;800&quot;,&quot;shutter_speed&quot;:&quot;0.0125&quot;,&quot;title&quot;:&quot;&quot;,&quot;orientation&quot;:&quot;0&quot;}\" data-image-title=\"Budapest_Ju\u0308discher Friedhof Salgo\u0301tarja\u0301ni_(c) Gerhard Steinwender\" data-image-description=\"\" data-medium-file=\"https:\/\/www.gerhardsteinwender.eu\/wp-content\/uploads\/2023\/02\/Budapest_Juedischer-Friedhof-Salgotarjani_u_GST-5387-300x200.jpg\" data-large-file=\"https:\/\/www.gerhardsteinwender.eu\/wp-content\/uploads\/2023\/02\/Budapest_Juedischer-Friedhof-Salgotarjani_u_GST-5387-846x564.jpg\" title=\"Budapest_Ju\u0308discher Friedhof Salgo\u0301tarja\u0301ni_(c) Gerhard Steinwender\" width=\"200\" height=\"200\" src=\"https:\/\/www.gerhardsteinwender.eu\/wp-content\/uploads\/2023\/02\/Budapest_Juedischer-Friedhof-Salgotarjani_u_GST-5387-200x200.jpg\" class=\"attachment-thumbnail size-thumbnail\" alt=\"\" srcset=\"https:\/\/www.gerhardsteinwender.eu\/wp-content\/uploads\/2023\/02\/Budapest_Juedischer-Friedhof-Salgotarjani_u_GST-5387-200x200.jpg 200w, https:\/\/www.gerhardsteinwender.eu\/wp-content\/uploads\/2023\/02\/Budapest_Juedischer-Friedhof-Salgotarjani_u_GST-5387-533x533.jpg 533w, https:\/\/www.gerhardsteinwender.eu\/wp-content\/uploads\/2023\/02\/Budapest_Juedischer-Friedhof-Salgotarjani_u_GST-5387-640x640.jpg 640w\" sizes=\"auto, (max-width: 200px) 100vw, 200px\" \/><\/a>\n\t\t\t<\/div><\/figure><figure class='gallery-item'>\n\t\t\t<div class='gallery-icon landscape'>\n\t\t\t\t<a href='https:\/\/www.gerhardsteinwender.eu\/?attachment_id=9724'><img loading=\"lazy\" decoding=\"async\" data-attachment-id=\"9724\" data-orig-file=\"https:\/\/www.gerhardsteinwender.eu\/wp-content\/uploads\/2023\/02\/Budapest_Juedischer-Friedhof-Salgotarjani_u_GST-5386.jpg\" data-orig-size=\"1200,800\" data-comments-opened=\"1\" data-image-meta=\"{&quot;aperture&quot;:&quot;5.6&quot;,&quot;credit&quot;:&quot;G.STEINWENDER     photo8181&quot;,&quot;camera&quot;:&quot;NIKON D850&quot;,&quot;caption&quot;:&quot;&quot;,&quot;created_timestamp&quot;:&quot;1674983145&quot;,&quot;copyright&quot;:&quot;G.STEINWENDER     photo8181&quot;,&quot;focal_length&quot;:&quot;24&quot;,&quot;iso&quot;:&quot;800&quot;,&quot;shutter_speed&quot;:&quot;0.01&quot;,&quot;title&quot;:&quot;&quot;,&quot;orientation&quot;:&quot;0&quot;}\" data-image-title=\"Budapest_Ju\u0308discher Friedhof Salgo\u0301tarja\u0301ni_(c) Gerhard Steinwender\" data-image-description=\"\" data-medium-file=\"https:\/\/www.gerhardsteinwender.eu\/wp-content\/uploads\/2023\/02\/Budapest_Juedischer-Friedhof-Salgotarjani_u_GST-5386-300x200.jpg\" data-large-file=\"https:\/\/www.gerhardsteinwender.eu\/wp-content\/uploads\/2023\/02\/Budapest_Juedischer-Friedhof-Salgotarjani_u_GST-5386-846x564.jpg\" title=\"Budapest_Ju\u0308discher Friedhof Salgo\u0301tarja\u0301ni_(c) Gerhard Steinwender\" width=\"200\" height=\"200\" src=\"https:\/\/www.gerhardsteinwender.eu\/wp-content\/uploads\/2023\/02\/Budapest_Juedischer-Friedhof-Salgotarjani_u_GST-5386-200x200.jpg\" class=\"attachment-thumbnail size-thumbnail\" alt=\"\" srcset=\"https:\/\/www.gerhardsteinwender.eu\/wp-content\/uploads\/2023\/02\/Budapest_Juedischer-Friedhof-Salgotarjani_u_GST-5386-200x200.jpg 200w, https:\/\/www.gerhardsteinwender.eu\/wp-content\/uploads\/2023\/02\/Budapest_Juedischer-Friedhof-Salgotarjani_u_GST-5386-533x533.jpg 533w, https:\/\/www.gerhardsteinwender.eu\/wp-content\/uploads\/2023\/02\/Budapest_Juedischer-Friedhof-Salgotarjani_u_GST-5386-640x640.jpg 640w\" sizes=\"auto, (max-width: 200px) 100vw, 200px\" \/><\/a>\n\t\t\t<\/div><\/figure><figure class='gallery-item'>\n\t\t\t<div class='gallery-icon landscape'>\n\t\t\t\t<a href='https:\/\/www.gerhardsteinwender.eu\/?attachment_id=9723'><img loading=\"lazy\" decoding=\"async\" data-attachment-id=\"9723\" data-orig-file=\"https:\/\/www.gerhardsteinwender.eu\/wp-content\/uploads\/2023\/02\/Budapest_Juedischer-Friedhof-Salgotarjani_u_GST-5385.jpg\" data-orig-size=\"1200,800\" data-comments-opened=\"1\" data-image-meta=\"{&quot;aperture&quot;:&quot;5.6&quot;,&quot;credit&quot;:&quot;G.STEINWENDER     photo8181&quot;,&quot;camera&quot;:&quot;NIKON D850&quot;,&quot;caption&quot;:&quot;&quot;,&quot;created_timestamp&quot;:&quot;1674983134&quot;,&quot;copyright&quot;:&quot;G.STEINWENDER     photo8181&quot;,&quot;focal_length&quot;:&quot;38&quot;,&quot;iso&quot;:&quot;800&quot;,&quot;shutter_speed&quot;:&quot;0.008&quot;,&quot;title&quot;:&quot;&quot;,&quot;orientation&quot;:&quot;0&quot;}\" data-image-title=\"Budapest_Ju\u0308discher Friedhof Salgo\u0301tarja\u0301ni_(c) Gerhard Steinwender\" data-image-description=\"\" data-medium-file=\"https:\/\/www.gerhardsteinwender.eu\/wp-content\/uploads\/2023\/02\/Budapest_Juedischer-Friedhof-Salgotarjani_u_GST-5385-300x200.jpg\" data-large-file=\"https:\/\/www.gerhardsteinwender.eu\/wp-content\/uploads\/2023\/02\/Budapest_Juedischer-Friedhof-Salgotarjani_u_GST-5385-846x564.jpg\" title=\"Budapest_Ju\u0308discher Friedhof Salgo\u0301tarja\u0301ni_(c) Gerhard Steinwender\" width=\"200\" height=\"200\" src=\"https:\/\/www.gerhardsteinwender.eu\/wp-content\/uploads\/2023\/02\/Budapest_Juedischer-Friedhof-Salgotarjani_u_GST-5385-200x200.jpg\" class=\"attachment-thumbnail size-thumbnail\" alt=\"\" srcset=\"https:\/\/www.gerhardsteinwender.eu\/wp-content\/uploads\/2023\/02\/Budapest_Juedischer-Friedhof-Salgotarjani_u_GST-5385-200x200.jpg 200w, https:\/\/www.gerhardsteinwender.eu\/wp-content\/uploads\/2023\/02\/Budapest_Juedischer-Friedhof-Salgotarjani_u_GST-5385-533x533.jpg 533w, https:\/\/www.gerhardsteinwender.eu\/wp-content\/uploads\/2023\/02\/Budapest_Juedischer-Friedhof-Salgotarjani_u_GST-5385-640x640.jpg 640w\" sizes=\"auto, (max-width: 200px) 100vw, 200px\" \/><\/a>\n\t\t\t<\/div><\/figure><figure class='gallery-item'>\n\t\t\t<div class='gallery-icon landscape'>\n\t\t\t\t<a href='https:\/\/www.gerhardsteinwender.eu\/?attachment_id=9722'><img loading=\"lazy\" decoding=\"async\" data-attachment-id=\"9722\" data-orig-file=\"https:\/\/www.gerhardsteinwender.eu\/wp-content\/uploads\/2023\/02\/Budapest_Juedischer-Friedhof-Salgotarjani_u_GST-5384.jpg\" data-orig-size=\"1200,800\" data-comments-opened=\"1\" data-image-meta=\"{&quot;aperture&quot;:&quot;5.6&quot;,&quot;credit&quot;:&quot;G.STEINWENDER     photo8181&quot;,&quot;camera&quot;:&quot;NIKON D850&quot;,&quot;caption&quot;:&quot;&quot;,&quot;created_timestamp&quot;:&quot;1674983096&quot;,&quot;copyright&quot;:&quot;G.STEINWENDER     photo8181&quot;,&quot;focal_length&quot;:&quot;46&quot;,&quot;iso&quot;:&quot;800&quot;,&quot;shutter_speed&quot;:&quot;0.008&quot;,&quot;title&quot;:&quot;&quot;,&quot;orientation&quot;:&quot;0&quot;}\" data-image-title=\"Budapest_Ju\u0308discher Friedhof Salgo\u0301tarja\u0301ni_(c) Gerhard Steinwender\" data-image-description=\"\" data-medium-file=\"https:\/\/www.gerhardsteinwender.eu\/wp-content\/uploads\/2023\/02\/Budapest_Juedischer-Friedhof-Salgotarjani_u_GST-5384-300x200.jpg\" data-large-file=\"https:\/\/www.gerhardsteinwender.eu\/wp-content\/uploads\/2023\/02\/Budapest_Juedischer-Friedhof-Salgotarjani_u_GST-5384-846x564.jpg\" title=\"Budapest_Ju\u0308discher Friedhof Salgo\u0301tarja\u0301ni_(c) Gerhard Steinwender\" width=\"200\" height=\"200\" src=\"https:\/\/www.gerhardsteinwender.eu\/wp-content\/uploads\/2023\/02\/Budapest_Juedischer-Friedhof-Salgotarjani_u_GST-5384-200x200.jpg\" class=\"attachment-thumbnail size-thumbnail\" alt=\"\" srcset=\"https:\/\/www.gerhardsteinwender.eu\/wp-content\/uploads\/2023\/02\/Budapest_Juedischer-Friedhof-Salgotarjani_u_GST-5384-200x200.jpg 200w, https:\/\/www.gerhardsteinwender.eu\/wp-content\/uploads\/2023\/02\/Budapest_Juedischer-Friedhof-Salgotarjani_u_GST-5384-533x533.jpg 533w, https:\/\/www.gerhardsteinwender.eu\/wp-content\/uploads\/2023\/02\/Budapest_Juedischer-Friedhof-Salgotarjani_u_GST-5384-640x640.jpg 640w\" sizes=\"auto, (max-width: 200px) 100vw, 200px\" \/><\/a>\n\t\t\t<\/div><\/figure><figure class='gallery-item'>\n\t\t\t<div class='gallery-icon landscape'>\n\t\t\t\t<a href='https:\/\/www.gerhardsteinwender.eu\/?attachment_id=9721'><img loading=\"lazy\" decoding=\"async\" data-attachment-id=\"9721\" data-orig-file=\"https:\/\/www.gerhardsteinwender.eu\/wp-content\/uploads\/2023\/02\/Budapest_Juedischer-Friedhof-Salgotarjani_u_GST-5383.jpg\" data-orig-size=\"1200,800\" data-comments-opened=\"1\" data-image-meta=\"{&quot;aperture&quot;:&quot;5.6&quot;,&quot;credit&quot;:&quot;G.STEINWENDER     photo8181&quot;,&quot;camera&quot;:&quot;NIKON D850&quot;,&quot;caption&quot;:&quot;&quot;,&quot;created_timestamp&quot;:&quot;1674983043&quot;,&quot;copyright&quot;:&quot;G.STEINWENDER     photo8181&quot;,&quot;focal_length&quot;:&quot;38&quot;,&quot;iso&quot;:&quot;800&quot;,&quot;shutter_speed&quot;:&quot;0.01&quot;,&quot;title&quot;:&quot;&quot;,&quot;orientation&quot;:&quot;0&quot;}\" data-image-title=\"Budapest_Ju\u0308discher Friedhof Salgo\u0301tarja\u0301ni_(c) Gerhard Steinwender\" data-image-description=\"\" data-medium-file=\"https:\/\/www.gerhardsteinwender.eu\/wp-content\/uploads\/2023\/02\/Budapest_Juedischer-Friedhof-Salgotarjani_u_GST-5383-300x200.jpg\" data-large-file=\"https:\/\/www.gerhardsteinwender.eu\/wp-content\/uploads\/2023\/02\/Budapest_Juedischer-Friedhof-Salgotarjani_u_GST-5383-846x564.jpg\" title=\"Budapest_Ju\u0308discher Friedhof Salgo\u0301tarja\u0301ni_(c) Gerhard Steinwender\" width=\"200\" height=\"200\" src=\"https:\/\/www.gerhardsteinwender.eu\/wp-content\/uploads\/2023\/02\/Budapest_Juedischer-Friedhof-Salgotarjani_u_GST-5383-200x200.jpg\" class=\"attachment-thumbnail size-thumbnail\" alt=\"\" srcset=\"https:\/\/www.gerhardsteinwender.eu\/wp-content\/uploads\/2023\/02\/Budapest_Juedischer-Friedhof-Salgotarjani_u_GST-5383-200x200.jpg 200w, https:\/\/www.gerhardsteinwender.eu\/wp-content\/uploads\/2023\/02\/Budapest_Juedischer-Friedhof-Salgotarjani_u_GST-5383-533x533.jpg 533w, https:\/\/www.gerhardsteinwender.eu\/wp-content\/uploads\/2023\/02\/Budapest_Juedischer-Friedhof-Salgotarjani_u_GST-5383-640x640.jpg 640w\" sizes=\"auto, (max-width: 200px) 100vw, 200px\" \/><\/a>\n\t\t\t<\/div><\/figure><figure class='gallery-item'>\n\t\t\t<div class='gallery-icon landscape'>\n\t\t\t\t<a href='https:\/\/www.gerhardsteinwender.eu\/?attachment_id=9720'><img loading=\"lazy\" decoding=\"async\" data-attachment-id=\"9720\" data-orig-file=\"https:\/\/www.gerhardsteinwender.eu\/wp-content\/uploads\/2023\/02\/Budapest_Juedischer-Friedhof-Salgotarjani_u_GST-5382.jpg\" data-orig-size=\"1200,800\" data-comments-opened=\"1\" data-image-meta=\"{&quot;aperture&quot;:&quot;4.5&quot;,&quot;credit&quot;:&quot;G.STEINWENDER     photo8181&quot;,&quot;camera&quot;:&quot;NIKON D850&quot;,&quot;caption&quot;:&quot;&quot;,&quot;created_timestamp&quot;:&quot;1674982934&quot;,&quot;copyright&quot;:&quot;G.STEINWENDER     photo8181&quot;,&quot;focal_length&quot;:&quot;40&quot;,&quot;iso&quot;:&quot;800&quot;,&quot;shutter_speed&quot;:&quot;0.00625&quot;,&quot;title&quot;:&quot;&quot;,&quot;orientation&quot;:&quot;0&quot;}\" data-image-title=\"Budapest_Ju\u0308discher Friedhof Salgo\u0301tarja\u0301ni_(c) Gerhard Steinwender\" data-image-description=\"\" data-medium-file=\"https:\/\/www.gerhardsteinwender.eu\/wp-content\/uploads\/2023\/02\/Budapest_Juedischer-Friedhof-Salgotarjani_u_GST-5382-300x200.jpg\" data-large-file=\"https:\/\/www.gerhardsteinwender.eu\/wp-content\/uploads\/2023\/02\/Budapest_Juedischer-Friedhof-Salgotarjani_u_GST-5382-846x564.jpg\" title=\"Budapest_Ju\u0308discher Friedhof Salgo\u0301tarja\u0301ni_(c) Gerhard Steinwender\" width=\"200\" height=\"200\" src=\"https:\/\/www.gerhardsteinwender.eu\/wp-content\/uploads\/2023\/02\/Budapest_Juedischer-Friedhof-Salgotarjani_u_GST-5382-200x200.jpg\" class=\"attachment-thumbnail size-thumbnail\" alt=\"\" srcset=\"https:\/\/www.gerhardsteinwender.eu\/wp-content\/uploads\/2023\/02\/Budapest_Juedischer-Friedhof-Salgotarjani_u_GST-5382-200x200.jpg 200w, https:\/\/www.gerhardsteinwender.eu\/wp-content\/uploads\/2023\/02\/Budapest_Juedischer-Friedhof-Salgotarjani_u_GST-5382-533x533.jpg 533w, https:\/\/www.gerhardsteinwender.eu\/wp-content\/uploads\/2023\/02\/Budapest_Juedischer-Friedhof-Salgotarjani_u_GST-5382-640x640.jpg 640w\" sizes=\"auto, (max-width: 200px) 100vw, 200px\" \/><\/a>\n\t\t\t<\/div><\/figure><figure class='gallery-item'>\n\t\t\t<div class='gallery-icon landscape'>\n\t\t\t\t<a href='https:\/\/www.gerhardsteinwender.eu\/?attachment_id=9718'><img loading=\"lazy\" decoding=\"async\" data-attachment-id=\"9718\" data-orig-file=\"https:\/\/www.gerhardsteinwender.eu\/wp-content\/uploads\/2023\/02\/Budapest_Juedischer-Friedhof-Salgotarjani_u_GST-5380.jpg\" data-orig-size=\"1200,800\" data-comments-opened=\"1\" data-image-meta=\"{&quot;aperture&quot;:&quot;6.3&quot;,&quot;credit&quot;:&quot;G.STEINWENDER     photo8181&quot;,&quot;camera&quot;:&quot;NIKON D850&quot;,&quot;caption&quot;:&quot;&quot;,&quot;created_timestamp&quot;:&quot;1674982903&quot;,&quot;copyright&quot;:&quot;G.STEINWENDER     photo8181&quot;,&quot;focal_length&quot;:&quot;24&quot;,&quot;iso&quot;:&quot;800&quot;,&quot;shutter_speed&quot;:&quot;0.0125&quot;,&quot;title&quot;:&quot;&quot;,&quot;orientation&quot;:&quot;0&quot;}\" data-image-title=\"Budapest_Ju\u0308discher Friedhof Salgo\u0301tarja\u0301ni_(c) Gerhard Steinwender\" data-image-description=\"\" data-medium-file=\"https:\/\/www.gerhardsteinwender.eu\/wp-content\/uploads\/2023\/02\/Budapest_Juedischer-Friedhof-Salgotarjani_u_GST-5380-300x200.jpg\" data-large-file=\"https:\/\/www.gerhardsteinwender.eu\/wp-content\/uploads\/2023\/02\/Budapest_Juedischer-Friedhof-Salgotarjani_u_GST-5380-846x564.jpg\" title=\"Budapest_Ju\u0308discher Friedhof Salgo\u0301tarja\u0301ni_(c) Gerhard Steinwender\" width=\"200\" height=\"200\" src=\"https:\/\/www.gerhardsteinwender.eu\/wp-content\/uploads\/2023\/02\/Budapest_Juedischer-Friedhof-Salgotarjani_u_GST-5380-200x200.jpg\" class=\"attachment-thumbnail size-thumbnail\" alt=\"\" srcset=\"https:\/\/www.gerhardsteinwender.eu\/wp-content\/uploads\/2023\/02\/Budapest_Juedischer-Friedhof-Salgotarjani_u_GST-5380-200x200.jpg 200w, https:\/\/www.gerhardsteinwender.eu\/wp-content\/uploads\/2023\/02\/Budapest_Juedischer-Friedhof-Salgotarjani_u_GST-5380-533x533.jpg 533w, https:\/\/www.gerhardsteinwender.eu\/wp-content\/uploads\/2023\/02\/Budapest_Juedischer-Friedhof-Salgotarjani_u_GST-5380-640x640.jpg 640w\" sizes=\"auto, (max-width: 200px) 100vw, 200px\" \/><\/a>\n\t\t\t<\/div><\/figure><figure class='gallery-item'>\n\t\t\t<div class='gallery-icon landscape'>\n\t\t\t\t<a href='https:\/\/www.gerhardsteinwender.eu\/?attachment_id=9716'><img loading=\"lazy\" decoding=\"async\" data-attachment-id=\"9716\" data-orig-file=\"https:\/\/www.gerhardsteinwender.eu\/wp-content\/uploads\/2023\/02\/Budapest_Juedischer-Friedhof-Salgotarjani_u_GST-5377.jpg\" data-orig-size=\"1200,800\" data-comments-opened=\"1\" data-image-meta=\"{&quot;aperture&quot;:&quot;5.6&quot;,&quot;credit&quot;:&quot;G.STEINWENDER     photo8181&quot;,&quot;camera&quot;:&quot;NIKON D850&quot;,&quot;caption&quot;:&quot;&quot;,&quot;created_timestamp&quot;:&quot;1674982801&quot;,&quot;copyright&quot;:&quot;G.STEINWENDER     photo8181&quot;,&quot;focal_length&quot;:&quot;24&quot;,&quot;iso&quot;:&quot;800&quot;,&quot;shutter_speed&quot;:&quot;0.00625&quot;,&quot;title&quot;:&quot;&quot;,&quot;orientation&quot;:&quot;0&quot;}\" data-image-title=\"Budapest_Ju\u0308discher Friedhof Salgo\u0301tarja\u0301ni_(c) Gerhard Steinwender\" data-image-description=\"\" data-medium-file=\"https:\/\/www.gerhardsteinwender.eu\/wp-content\/uploads\/2023\/02\/Budapest_Juedischer-Friedhof-Salgotarjani_u_GST-5377-300x200.jpg\" data-large-file=\"https:\/\/www.gerhardsteinwender.eu\/wp-content\/uploads\/2023\/02\/Budapest_Juedischer-Friedhof-Salgotarjani_u_GST-5377-846x564.jpg\" title=\"Budapest_Ju\u0308discher Friedhof Salgo\u0301tarja\u0301ni_(c) Gerhard Steinwender\" width=\"200\" height=\"200\" src=\"https:\/\/www.gerhardsteinwender.eu\/wp-content\/uploads\/2023\/02\/Budapest_Juedischer-Friedhof-Salgotarjani_u_GST-5377-200x200.jpg\" class=\"attachment-thumbnail size-thumbnail\" alt=\"\" srcset=\"https:\/\/www.gerhardsteinwender.eu\/wp-content\/uploads\/2023\/02\/Budapest_Juedischer-Friedhof-Salgotarjani_u_GST-5377-200x200.jpg 200w, https:\/\/www.gerhardsteinwender.eu\/wp-content\/uploads\/2023\/02\/Budapest_Juedischer-Friedhof-Salgotarjani_u_GST-5377-533x533.jpg 533w, https:\/\/www.gerhardsteinwender.eu\/wp-content\/uploads\/2023\/02\/Budapest_Juedischer-Friedhof-Salgotarjani_u_GST-5377-640x640.jpg 640w\" sizes=\"auto, (max-width: 200px) 100vw, 200px\" \/><\/a>\n\t\t\t<\/div><\/figure><figure class='gallery-item'>\n\t\t\t<div class='gallery-icon portrait'>\n\t\t\t\t<a href='https:\/\/www.gerhardsteinwender.eu\/?attachment_id=9714'><img loading=\"lazy\" decoding=\"async\" data-attachment-id=\"9714\" data-orig-file=\"https:\/\/www.gerhardsteinwender.eu\/wp-content\/uploads\/2023\/02\/Budapest_Juedischer-Friedhof-Salgotarjani_u_GST-5375.jpg\" data-orig-size=\"800,1200\" data-comments-opened=\"1\" data-image-meta=\"{&quot;aperture&quot;:&quot;5.6&quot;,&quot;credit&quot;:&quot;G.STEINWENDER     photo8181&quot;,&quot;camera&quot;:&quot;NIKON D850&quot;,&quot;caption&quot;:&quot;&quot;,&quot;created_timestamp&quot;:&quot;1674982712&quot;,&quot;copyright&quot;:&quot;G.STEINWENDER     photo8181&quot;,&quot;focal_length&quot;:&quot;36&quot;,&quot;iso&quot;:&quot;800&quot;,&quot;shutter_speed&quot;:&quot;0.01&quot;,&quot;title&quot;:&quot;&quot;,&quot;orientation&quot;:&quot;0&quot;}\" data-image-title=\"Budapest_Ju\u0308discher Friedhof Salgo\u0301tarja\u0301ni_(c) Gerhard Steinwender\" data-image-description=\"\" data-medium-file=\"https:\/\/www.gerhardsteinwender.eu\/wp-content\/uploads\/2023\/02\/Budapest_Juedischer-Friedhof-Salgotarjani_u_GST-5375-200x300.jpg\" data-large-file=\"https:\/\/www.gerhardsteinwender.eu\/wp-content\/uploads\/2023\/02\/Budapest_Juedischer-Friedhof-Salgotarjani_u_GST-5375.jpg\" title=\"Budapest_Ju\u0308discher Friedhof Salgo\u0301tarja\u0301ni_(c) Gerhard Steinwender\" width=\"200\" height=\"200\" src=\"https:\/\/www.gerhardsteinwender.eu\/wp-content\/uploads\/2023\/02\/Budapest_Juedischer-Friedhof-Salgotarjani_u_GST-5375-200x200.jpg\" class=\"attachment-thumbnail size-thumbnail\" alt=\"\" srcset=\"https:\/\/www.gerhardsteinwender.eu\/wp-content\/uploads\/2023\/02\/Budapest_Juedischer-Friedhof-Salgotarjani_u_GST-5375-200x200.jpg 200w, https:\/\/www.gerhardsteinwender.eu\/wp-content\/uploads\/2023\/02\/Budapest_Juedischer-Friedhof-Salgotarjani_u_GST-5375-533x533.jpg 533w, https:\/\/www.gerhardsteinwender.eu\/wp-content\/uploads\/2023\/02\/Budapest_Juedischer-Friedhof-Salgotarjani_u_GST-5375-640x640.jpg 640w\" sizes=\"auto, (max-width: 200px) 100vw, 200px\" \/><\/a>\n\t\t\t<\/div><\/figure><figure class='gallery-item'>\n\t\t\t<div class='gallery-icon landscape'>\n\t\t\t\t<a href='https:\/\/www.gerhardsteinwender.eu\/?attachment_id=9713'><img loading=\"lazy\" decoding=\"async\" data-attachment-id=\"9713\" data-orig-file=\"https:\/\/www.gerhardsteinwender.eu\/wp-content\/uploads\/2023\/02\/Budapest_Juedischer-Friedhof-Salgotarjani_u_GST-5374.jpg\" data-orig-size=\"1200,800\" data-comments-opened=\"1\" data-image-meta=\"{&quot;aperture&quot;:&quot;5.6&quot;,&quot;credit&quot;:&quot;G.STEINWENDER     photo8181&quot;,&quot;camera&quot;:&quot;NIKON D850&quot;,&quot;caption&quot;:&quot;&quot;,&quot;created_timestamp&quot;:&quot;1674982683&quot;,&quot;copyright&quot;:&quot;G.STEINWENDER     photo8181&quot;,&quot;focal_length&quot;:&quot;34&quot;,&quot;iso&quot;:&quot;800&quot;,&quot;shutter_speed&quot;:&quot;0.008&quot;,&quot;title&quot;:&quot;&quot;,&quot;orientation&quot;:&quot;0&quot;}\" data-image-title=\"Budapest_Ju\u0308discher Friedhof Salgo\u0301tarja\u0301ni_(c) Gerhard Steinwender\" data-image-description=\"\" data-medium-file=\"https:\/\/www.gerhardsteinwender.eu\/wp-content\/uploads\/2023\/02\/Budapest_Juedischer-Friedhof-Salgotarjani_u_GST-5374-300x200.jpg\" data-large-file=\"https:\/\/www.gerhardsteinwender.eu\/wp-content\/uploads\/2023\/02\/Budapest_Juedischer-Friedhof-Salgotarjani_u_GST-5374-846x564.jpg\" title=\"Budapest_Ju\u0308discher Friedhof Salgo\u0301tarja\u0301ni_(c) Gerhard Steinwender\" width=\"200\" height=\"200\" src=\"https:\/\/www.gerhardsteinwender.eu\/wp-content\/uploads\/2023\/02\/Budapest_Juedischer-Friedhof-Salgotarjani_u_GST-5374-200x200.jpg\" class=\"attachment-thumbnail size-thumbnail\" alt=\"\" srcset=\"https:\/\/www.gerhardsteinwender.eu\/wp-content\/uploads\/2023\/02\/Budapest_Juedischer-Friedhof-Salgotarjani_u_GST-5374-200x200.jpg 200w, https:\/\/www.gerhardsteinwender.eu\/wp-content\/uploads\/2023\/02\/Budapest_Juedischer-Friedhof-Salgotarjani_u_GST-5374-533x533.jpg 533w, https:\/\/www.gerhardsteinwender.eu\/wp-content\/uploads\/2023\/02\/Budapest_Juedischer-Friedhof-Salgotarjani_u_GST-5374-640x640.jpg 640w\" sizes=\"auto, (max-width: 200px) 100vw, 200px\" \/><\/a>\n\t\t\t<\/div><\/figure><figure class='gallery-item'>\n\t\t\t<div class='gallery-icon landscape'>\n\t\t\t\t<a href='https:\/\/www.gerhardsteinwender.eu\/?attachment_id=9712'><img loading=\"lazy\" decoding=\"async\" data-attachment-id=\"9712\" data-orig-file=\"https:\/\/www.gerhardsteinwender.eu\/wp-content\/uploads\/2023\/02\/Budapest_Juedischer-Friedhof-Salgotarjani_u_GST-5373.jpg\" data-orig-size=\"1200,800\" data-comments-opened=\"1\" data-image-meta=\"{&quot;aperture&quot;:&quot;5.6&quot;,&quot;credit&quot;:&quot;G.STEINWENDER     photo8181&quot;,&quot;camera&quot;:&quot;NIKON D850&quot;,&quot;caption&quot;:&quot;&quot;,&quot;created_timestamp&quot;:&quot;1674982621&quot;,&quot;copyright&quot;:&quot;G.STEINWENDER     photo8181&quot;,&quot;focal_length&quot;:&quot;32&quot;,&quot;iso&quot;:&quot;800&quot;,&quot;shutter_speed&quot;:&quot;0.0125&quot;,&quot;title&quot;:&quot;&quot;,&quot;orientation&quot;:&quot;0&quot;}\" data-image-title=\"Budapest_Ju\u0308discher Friedhof Budapest_Ju\u0308discher Friedhof Salgo\u0301tarja\u0301ni_(c) Gerhard Steinwender\" data-image-description=\"\" data-medium-file=\"https:\/\/www.gerhardsteinwender.eu\/wp-content\/uploads\/2023\/02\/Budapest_Juedischer-Friedhof-Salgotarjani_u_GST-5373-300x200.jpg\" data-large-file=\"https:\/\/www.gerhardsteinwender.eu\/wp-content\/uploads\/2023\/02\/Budapest_Juedischer-Friedhof-Salgotarjani_u_GST-5373-846x564.jpg\" title=\"Budapest_Ju\u0308discher Friedhof Budapest_Ju\u0308discher Friedhof Salgo\u0301tarja\u0301ni_(c) Gerhard Steinwender\" width=\"200\" height=\"200\" src=\"https:\/\/www.gerhardsteinwender.eu\/wp-content\/uploads\/2023\/02\/Budapest_Juedischer-Friedhof-Salgotarjani_u_GST-5373-200x200.jpg\" class=\"attachment-thumbnail size-thumbnail\" alt=\"\" srcset=\"https:\/\/www.gerhardsteinwender.eu\/wp-content\/uploads\/2023\/02\/Budapest_Juedischer-Friedhof-Salgotarjani_u_GST-5373-200x200.jpg 200w, https:\/\/www.gerhardsteinwender.eu\/wp-content\/uploads\/2023\/02\/Budapest_Juedischer-Friedhof-Salgotarjani_u_GST-5373-533x533.jpg 533w, https:\/\/www.gerhardsteinwender.eu\/wp-content\/uploads\/2023\/02\/Budapest_Juedischer-Friedhof-Salgotarjani_u_GST-5373-640x640.jpg 640w\" sizes=\"auto, (max-width: 200px) 100vw, 200px\" \/><\/a>\n\t\t\t<\/div><\/figure><figure class='gallery-item'>\n\t\t\t<div class='gallery-icon landscape'>\n\t\t\t\t<a href='https:\/\/www.gerhardsteinwender.eu\/?attachment_id=9711'><img loading=\"lazy\" decoding=\"async\" data-attachment-id=\"9711\" data-orig-file=\"https:\/\/www.gerhardsteinwender.eu\/wp-content\/uploads\/2023\/02\/Budapest_Juedischer-Friedhof-Salgotarjani_u_GST-5372.jpg\" data-orig-size=\"1200,800\" data-comments-opened=\"1\" data-image-meta=\"{&quot;aperture&quot;:&quot;5.6&quot;,&quot;credit&quot;:&quot;G.STEINWENDER     photo8181&quot;,&quot;camera&quot;:&quot;NIKON D850&quot;,&quot;caption&quot;:&quot;&quot;,&quot;created_timestamp&quot;:&quot;1674982590&quot;,&quot;copyright&quot;:&quot;G.STEINWENDER     photo8181&quot;,&quot;focal_length&quot;:&quot;30&quot;,&quot;iso&quot;:&quot;800&quot;,&quot;shutter_speed&quot;:&quot;0.008&quot;,&quot;title&quot;:&quot;&quot;,&quot;orientation&quot;:&quot;0&quot;}\" data-image-title=\"Budapest_Ju\u0308discher Friedhof Salgo\u0301tarja\u0301ni_(c) Gerhard Steinwender\" data-image-description=\"\" data-medium-file=\"https:\/\/www.gerhardsteinwender.eu\/wp-content\/uploads\/2023\/02\/Budapest_Juedischer-Friedhof-Salgotarjani_u_GST-5372-300x200.jpg\" data-large-file=\"https:\/\/www.gerhardsteinwender.eu\/wp-content\/uploads\/2023\/02\/Budapest_Juedischer-Friedhof-Salgotarjani_u_GST-5372-846x564.jpg\" title=\"Budapest_Ju\u0308discher Friedhof Salgo\u0301tarja\u0301ni_(c) Gerhard Steinwender\" width=\"200\" height=\"200\" src=\"https:\/\/www.gerhardsteinwender.eu\/wp-content\/uploads\/2023\/02\/Budapest_Juedischer-Friedhof-Salgotarjani_u_GST-5372-200x200.jpg\" class=\"attachment-thumbnail size-thumbnail\" alt=\"\" srcset=\"https:\/\/www.gerhardsteinwender.eu\/wp-content\/uploads\/2023\/02\/Budapest_Juedischer-Friedhof-Salgotarjani_u_GST-5372-200x200.jpg 200w, https:\/\/www.gerhardsteinwender.eu\/wp-content\/uploads\/2023\/02\/Budapest_Juedischer-Friedhof-Salgotarjani_u_GST-5372-533x533.jpg 533w, https:\/\/www.gerhardsteinwender.eu\/wp-content\/uploads\/2023\/02\/Budapest_Juedischer-Friedhof-Salgotarjani_u_GST-5372-640x640.jpg 640w\" sizes=\"auto, (max-width: 200px) 100vw, 200px\" \/><\/a>\n\t\t\t<\/div><\/figure><figure class='gallery-item'>\n\t\t\t<div class='gallery-icon landscape'>\n\t\t\t\t<a href='https:\/\/www.gerhardsteinwender.eu\/?attachment_id=9710'><img loading=\"lazy\" decoding=\"async\" data-attachment-id=\"9710\" data-orig-file=\"https:\/\/www.gerhardsteinwender.eu\/wp-content\/uploads\/2023\/02\/Budapest_Juedischer-Friedhof-Salgotarjani_u_GST-5371.jpg\" data-orig-size=\"1200,800\" data-comments-opened=\"1\" data-image-meta=\"{&quot;aperture&quot;:&quot;5.6&quot;,&quot;credit&quot;:&quot;G.STEINWENDER     photo8181&quot;,&quot;camera&quot;:&quot;NIKON D850&quot;,&quot;caption&quot;:&quot;&quot;,&quot;created_timestamp&quot;:&quot;1674982539&quot;,&quot;copyright&quot;:&quot;G.STEINWENDER     photo8181&quot;,&quot;focal_length&quot;:&quot;35&quot;,&quot;iso&quot;:&quot;800&quot;,&quot;shutter_speed&quot;:&quot;0.01&quot;,&quot;title&quot;:&quot;&quot;,&quot;orientation&quot;:&quot;0&quot;}\" data-image-title=\"Budapest_Ju\u0308discher Friedhof Salgo\u0301tarja\u0301ni_(c) Gerhard Steinwender\" data-image-description=\"\" data-medium-file=\"https:\/\/www.gerhardsteinwender.eu\/wp-content\/uploads\/2023\/02\/Budapest_Juedischer-Friedhof-Salgotarjani_u_GST-5371-300x200.jpg\" data-large-file=\"https:\/\/www.gerhardsteinwender.eu\/wp-content\/uploads\/2023\/02\/Budapest_Juedischer-Friedhof-Salgotarjani_u_GST-5371-846x564.jpg\" title=\"Budapest_Ju\u0308discher Friedhof Salgo\u0301tarja\u0301ni_(c) Gerhard Steinwender\" width=\"200\" height=\"200\" src=\"https:\/\/www.gerhardsteinwender.eu\/wp-content\/uploads\/2023\/02\/Budapest_Juedischer-Friedhof-Salgotarjani_u_GST-5371-200x200.jpg\" class=\"attachment-thumbnail size-thumbnail\" alt=\"\" srcset=\"https:\/\/www.gerhardsteinwender.eu\/wp-content\/uploads\/2023\/02\/Budapest_Juedischer-Friedhof-Salgotarjani_u_GST-5371-200x200.jpg 200w, https:\/\/www.gerhardsteinwender.eu\/wp-content\/uploads\/2023\/02\/Budapest_Juedischer-Friedhof-Salgotarjani_u_GST-5371-533x533.jpg 533w, https:\/\/www.gerhardsteinwender.eu\/wp-content\/uploads\/2023\/02\/Budapest_Juedischer-Friedhof-Salgotarjani_u_GST-5371-640x640.jpg 640w\" sizes=\"auto, (max-width: 200px) 100vw, 200px\" \/><\/a>\n\t\t\t<\/div><\/figure><figure class='gallery-item'>\n\t\t\t<div class='gallery-icon landscape'>\n\t\t\t\t<a href='https:\/\/www.gerhardsteinwender.eu\/?attachment_id=9709'><img loading=\"lazy\" decoding=\"async\" data-attachment-id=\"9709\" data-orig-file=\"https:\/\/www.gerhardsteinwender.eu\/wp-content\/uploads\/2023\/02\/Budapest_Juedischer-Friedhof-Salgotarjani_u_GST-5370.jpg\" data-orig-size=\"1200,800\" data-comments-opened=\"1\" data-image-meta=\"{&quot;aperture&quot;:&quot;5.6&quot;,&quot;credit&quot;:&quot;G.STEINWENDER     photo8181&quot;,&quot;camera&quot;:&quot;NIKON D850&quot;,&quot;caption&quot;:&quot;&quot;,&quot;created_timestamp&quot;:&quot;1674982529&quot;,&quot;copyright&quot;:&quot;G.STEINWENDER     photo8181&quot;,&quot;focal_length&quot;:&quot;52&quot;,&quot;iso&quot;:&quot;800&quot;,&quot;shutter_speed&quot;:&quot;0.016666666666667&quot;,&quot;title&quot;:&quot;&quot;,&quot;orientation&quot;:&quot;0&quot;}\" data-image-title=\"Budapest_Ju\u0308discher Friedhof Salgo\u0301tarja\u0301ni_(c) Gerhard Steinwender\" data-image-description=\"\" data-medium-file=\"https:\/\/www.gerhardsteinwender.eu\/wp-content\/uploads\/2023\/02\/Budapest_Juedischer-Friedhof-Salgotarjani_u_GST-5370-300x200.jpg\" data-large-file=\"https:\/\/www.gerhardsteinwender.eu\/wp-content\/uploads\/2023\/02\/Budapest_Juedischer-Friedhof-Salgotarjani_u_GST-5370-846x564.jpg\" title=\"Budapest_Ju\u0308discher Friedhof Salgo\u0301tarja\u0301ni_(c) Gerhard Steinwender\" width=\"200\" height=\"200\" src=\"https:\/\/www.gerhardsteinwender.eu\/wp-content\/uploads\/2023\/02\/Budapest_Juedischer-Friedhof-Salgotarjani_u_GST-5370-200x200.jpg\" class=\"attachment-thumbnail size-thumbnail\" alt=\"\" srcset=\"https:\/\/www.gerhardsteinwender.eu\/wp-content\/uploads\/2023\/02\/Budapest_Juedischer-Friedhof-Salgotarjani_u_GST-5370-200x200.jpg 200w, https:\/\/www.gerhardsteinwender.eu\/wp-content\/uploads\/2023\/02\/Budapest_Juedischer-Friedhof-Salgotarjani_u_GST-5370-533x533.jpg 533w, https:\/\/www.gerhardsteinwender.eu\/wp-content\/uploads\/2023\/02\/Budapest_Juedischer-Friedhof-Salgotarjani_u_GST-5370-640x640.jpg 640w\" sizes=\"auto, (max-width: 200px) 100vw, 200px\" \/><\/a>\n\t\t\t<\/div><\/figure><figure class='gallery-item'>\n\t\t\t<div class='gallery-icon landscape'>\n\t\t\t\t<a href='https:\/\/www.gerhardsteinwender.eu\/?attachment_id=9708'><img loading=\"lazy\" decoding=\"async\" data-attachment-id=\"9708\" data-orig-file=\"https:\/\/www.gerhardsteinwender.eu\/wp-content\/uploads\/2023\/02\/Budapest_Juedischer-Friedhof-Salgotarjani_u_GST-5367.jpg\" data-orig-size=\"1200,800\" data-comments-opened=\"1\" data-image-meta=\"{&quot;aperture&quot;:&quot;5.6&quot;,&quot;credit&quot;:&quot;G.STEINWENDER     photo8181&quot;,&quot;camera&quot;:&quot;NIKON D850&quot;,&quot;caption&quot;:&quot;&quot;,&quot;created_timestamp&quot;:&quot;1674982504&quot;,&quot;copyright&quot;:&quot;G.STEINWENDER     photo8181&quot;,&quot;focal_length&quot;:&quot;31&quot;,&quot;iso&quot;:&quot;800&quot;,&quot;shutter_speed&quot;:&quot;0.01&quot;,&quot;title&quot;:&quot;&quot;,&quot;orientation&quot;:&quot;0&quot;}\" data-image-title=\"Budapest_Ju\u0308discher Friedhof Salgo\u0301tarja\u0301ni_(c) Gerhard Steinwender\" data-image-description=\"\" data-medium-file=\"https:\/\/www.gerhardsteinwender.eu\/wp-content\/uploads\/2023\/02\/Budapest_Juedischer-Friedhof-Salgotarjani_u_GST-5367-300x200.jpg\" data-large-file=\"https:\/\/www.gerhardsteinwender.eu\/wp-content\/uploads\/2023\/02\/Budapest_Juedischer-Friedhof-Salgotarjani_u_GST-5367-846x564.jpg\" title=\"Budapest_Ju\u0308discher Friedhof Salgo\u0301tarja\u0301ni_(c) Gerhard Steinwender\" width=\"200\" height=\"200\" src=\"https:\/\/www.gerhardsteinwender.eu\/wp-content\/uploads\/2023\/02\/Budapest_Juedischer-Friedhof-Salgotarjani_u_GST-5367-200x200.jpg\" class=\"attachment-thumbnail size-thumbnail\" alt=\"\" srcset=\"https:\/\/www.gerhardsteinwender.eu\/wp-content\/uploads\/2023\/02\/Budapest_Juedischer-Friedhof-Salgotarjani_u_GST-5367-200x200.jpg 200w, https:\/\/www.gerhardsteinwender.eu\/wp-content\/uploads\/2023\/02\/Budapest_Juedischer-Friedhof-Salgotarjani_u_GST-5367-533x533.jpg 533w, https:\/\/www.gerhardsteinwender.eu\/wp-content\/uploads\/2023\/02\/Budapest_Juedischer-Friedhof-Salgotarjani_u_GST-5367-640x640.jpg 640w\" sizes=\"auto, (max-width: 200px) 100vw, 200px\" \/><\/a>\n\t\t\t<\/div><\/figure><figure class='gallery-item'>\n\t\t\t<div class='gallery-icon portrait'>\n\t\t\t\t<a href='https:\/\/www.gerhardsteinwender.eu\/?attachment_id=9706'><img loading=\"lazy\" decoding=\"async\" data-attachment-id=\"9706\" data-orig-file=\"https:\/\/www.gerhardsteinwender.eu\/wp-content\/uploads\/2023\/02\/Budapest_Juedischer-Friedhof-Salgotarjani_u_GST-5365.jpg\" data-orig-size=\"800,1200\" data-comments-opened=\"1\" data-image-meta=\"{&quot;aperture&quot;:&quot;5&quot;,&quot;credit&quot;:&quot;G.STEINWENDER     photo8181&quot;,&quot;camera&quot;:&quot;NIKON D850&quot;,&quot;caption&quot;:&quot;&quot;,&quot;created_timestamp&quot;:&quot;1674982425&quot;,&quot;copyright&quot;:&quot;G.STEINWENDER     photo8181&quot;,&quot;focal_length&quot;:&quot;40&quot;,&quot;iso&quot;:&quot;800&quot;,&quot;shutter_speed&quot;:&quot;0.01&quot;,&quot;title&quot;:&quot;&quot;,&quot;orientation&quot;:&quot;0&quot;}\" data-image-title=\"Budapest_Ju\u0308discher Friedhof Salgo\u0301tarja\u0301ni_(c) Gerhard Steinwender\" data-image-description=\"\" data-medium-file=\"https:\/\/www.gerhardsteinwender.eu\/wp-content\/uploads\/2023\/02\/Budapest_Juedischer-Friedhof-Salgotarjani_u_GST-5365-200x300.jpg\" data-large-file=\"https:\/\/www.gerhardsteinwender.eu\/wp-content\/uploads\/2023\/02\/Budapest_Juedischer-Friedhof-Salgotarjani_u_GST-5365.jpg\" title=\"Budapest_Ju\u0308discher Friedhof Salgo\u0301tarja\u0301ni_(c) Gerhard Steinwender\" width=\"200\" height=\"200\" src=\"https:\/\/www.gerhardsteinwender.eu\/wp-content\/uploads\/2023\/02\/Budapest_Juedischer-Friedhof-Salgotarjani_u_GST-5365-200x200.jpg\" class=\"attachment-thumbnail size-thumbnail\" alt=\"\" srcset=\"https:\/\/www.gerhardsteinwender.eu\/wp-content\/uploads\/2023\/02\/Budapest_Juedischer-Friedhof-Salgotarjani_u_GST-5365-200x200.jpg 200w, https:\/\/www.gerhardsteinwender.eu\/wp-content\/uploads\/2023\/02\/Budapest_Juedischer-Friedhof-Salgotarjani_u_GST-5365-533x533.jpg 533w, https:\/\/www.gerhardsteinwender.eu\/wp-content\/uploads\/2023\/02\/Budapest_Juedischer-Friedhof-Salgotarjani_u_GST-5365-640x640.jpg 640w\" sizes=\"auto, (max-width: 200px) 100vw, 200px\" \/><\/a>\n\t\t\t<\/div><\/figure><figure class='gallery-item'>\n\t\t\t<div class='gallery-icon landscape'>\n\t\t\t\t<a href='https:\/\/www.gerhardsteinwender.eu\/?attachment_id=9705'><img loading=\"lazy\" decoding=\"async\" data-attachment-id=\"9705\" data-orig-file=\"https:\/\/www.gerhardsteinwender.eu\/wp-content\/uploads\/2023\/02\/Budapest_Juedischer-Friedhof-Salgotarjani_u_GST-5363.jpg\" data-orig-size=\"1200,800\" data-comments-opened=\"1\" data-image-meta=\"{&quot;aperture&quot;:&quot;6.3&quot;,&quot;credit&quot;:&quot;G.STEINWENDER     photo8181&quot;,&quot;camera&quot;:&quot;NIKON D850&quot;,&quot;caption&quot;:&quot;&quot;,&quot;created_timestamp&quot;:&quot;1674982403&quot;,&quot;copyright&quot;:&quot;G.STEINWENDER     photo8181&quot;,&quot;focal_length&quot;:&quot;55&quot;,&quot;iso&quot;:&quot;800&quot;,&quot;shutter_speed&quot;:&quot;0.01&quot;,&quot;title&quot;:&quot;&quot;,&quot;orientation&quot;:&quot;0&quot;}\" data-image-title=\"Budapest_Ju\u0308discher Friedhof Salgo\u0301tarja\u0301ni_u_GST-5363\" data-image-description=\"\" data-medium-file=\"https:\/\/www.gerhardsteinwender.eu\/wp-content\/uploads\/2023\/02\/Budapest_Juedischer-Friedhof-Salgotarjani_u_GST-5363-300x200.jpg\" data-large-file=\"https:\/\/www.gerhardsteinwender.eu\/wp-content\/uploads\/2023\/02\/Budapest_Juedischer-Friedhof-Salgotarjani_u_GST-5363-846x564.jpg\" title=\"Budapest_Ju\u0308discher Friedhof Salgo\u0301tarja\u0301ni_u_GST-5363\" width=\"200\" height=\"200\" src=\"https:\/\/www.gerhardsteinwender.eu\/wp-content\/uploads\/2023\/02\/Budapest_Juedischer-Friedhof-Salgotarjani_u_GST-5363-200x200.jpg\" class=\"attachment-thumbnail size-thumbnail\" alt=\"\" srcset=\"https:\/\/www.gerhardsteinwender.eu\/wp-content\/uploads\/2023\/02\/Budapest_Juedischer-Friedhof-Salgotarjani_u_GST-5363-200x200.jpg 200w, https:\/\/www.gerhardsteinwender.eu\/wp-content\/uploads\/2023\/02\/Budapest_Juedischer-Friedhof-Salgotarjani_u_GST-5363-533x533.jpg 533w, https:\/\/www.gerhardsteinwender.eu\/wp-content\/uploads\/2023\/02\/Budapest_Juedischer-Friedhof-Salgotarjani_u_GST-5363-640x640.jpg 640w\" sizes=\"auto, (max-width: 200px) 100vw, 200px\" \/><\/a>\n\t\t\t<\/div><\/figure><figure class='gallery-item'>\n\t\t\t<div class='gallery-icon landscape'>\n\t\t\t\t<a href='https:\/\/www.gerhardsteinwender.eu\/?attachment_id=9704'><img loading=\"lazy\" decoding=\"async\" data-attachment-id=\"9704\" data-orig-file=\"https:\/\/www.gerhardsteinwender.eu\/wp-content\/uploads\/2023\/02\/Budapest_Juedischer-Friedhof-Salgotarjani_u_GST-5362.jpg\" data-orig-size=\"1200,800\" data-comments-opened=\"1\" data-image-meta=\"{&quot;aperture&quot;:&quot;4.5&quot;,&quot;credit&quot;:&quot;G.STEINWENDER     photo8181&quot;,&quot;camera&quot;:&quot;NIKON D850&quot;,&quot;caption&quot;:&quot;&quot;,&quot;created_timestamp&quot;:&quot;1674982356&quot;,&quot;copyright&quot;:&quot;G.STEINWENDER     photo8181&quot;,&quot;focal_length&quot;:&quot;48&quot;,&quot;iso&quot;:&quot;800&quot;,&quot;shutter_speed&quot;:&quot;0.00625&quot;,&quot;title&quot;:&quot;&quot;,&quot;orientation&quot;:&quot;0&quot;}\" data-image-title=\"Budapest_Ju\u0308discher Friedhof Salgo\u0301tarja\u0301ni_(c) Gerhard Steinwender\" data-image-description=\"\" data-medium-file=\"https:\/\/www.gerhardsteinwender.eu\/wp-content\/uploads\/2023\/02\/Budapest_Juedischer-Friedhof-Salgotarjani_u_GST-5362-300x200.jpg\" data-large-file=\"https:\/\/www.gerhardsteinwender.eu\/wp-content\/uploads\/2023\/02\/Budapest_Juedischer-Friedhof-Salgotarjani_u_GST-5362-846x564.jpg\" title=\"Budapest_Ju\u0308discher Friedhof Salgo\u0301tarja\u0301ni_(c) Gerhard Steinwender\" width=\"200\" height=\"200\" src=\"https:\/\/www.gerhardsteinwender.eu\/wp-content\/uploads\/2023\/02\/Budapest_Juedischer-Friedhof-Salgotarjani_u_GST-5362-200x200.jpg\" class=\"attachment-thumbnail size-thumbnail\" alt=\"\" srcset=\"https:\/\/www.gerhardsteinwender.eu\/wp-content\/uploads\/2023\/02\/Budapest_Juedischer-Friedhof-Salgotarjani_u_GST-5362-200x200.jpg 200w, https:\/\/www.gerhardsteinwender.eu\/wp-content\/uploads\/2023\/02\/Budapest_Juedischer-Friedhof-Salgotarjani_u_GST-5362-533x533.jpg 533w, https:\/\/www.gerhardsteinwender.eu\/wp-content\/uploads\/2023\/02\/Budapest_Juedischer-Friedhof-Salgotarjani_u_GST-5362-640x640.jpg 640w\" sizes=\"auto, (max-width: 200px) 100vw, 200px\" \/><\/a>\n\t\t\t<\/div><\/figure><figure class='gallery-item'>\n\t\t\t<div class='gallery-icon landscape'>\n\t\t\t\t<a href='https:\/\/www.gerhardsteinwender.eu\/?attachment_id=9703'><img loading=\"lazy\" decoding=\"async\" data-attachment-id=\"9703\" data-orig-file=\"https:\/\/www.gerhardsteinwender.eu\/wp-content\/uploads\/2023\/02\/Budapest_Juedischer-Friedhof-Salgotarjani_u_GST-5361.jpg\" data-orig-size=\"1200,800\" data-comments-opened=\"1\" data-image-meta=\"{&quot;aperture&quot;:&quot;5&quot;,&quot;credit&quot;:&quot;G.STEINWENDER     photo8181&quot;,&quot;camera&quot;:&quot;NIKON D850&quot;,&quot;caption&quot;:&quot;&quot;,&quot;created_timestamp&quot;:&quot;1674982287&quot;,&quot;copyright&quot;:&quot;G.STEINWENDER     photo8181&quot;,&quot;focal_length&quot;:&quot;36&quot;,&quot;iso&quot;:&quot;800&quot;,&quot;shutter_speed&quot;:&quot;0.01&quot;,&quot;title&quot;:&quot;&quot;,&quot;orientation&quot;:&quot;0&quot;}\" data-image-title=\"Budapest_Ju\u0308discher Friedhof Salgo\u0301tarja\u0301ni_(c) Gerhard Steinwender\" data-image-description=\"\" data-medium-file=\"https:\/\/www.gerhardsteinwender.eu\/wp-content\/uploads\/2023\/02\/Budapest_Juedischer-Friedhof-Salgotarjani_u_GST-5361-300x200.jpg\" data-large-file=\"https:\/\/www.gerhardsteinwender.eu\/wp-content\/uploads\/2023\/02\/Budapest_Juedischer-Friedhof-Salgotarjani_u_GST-5361-846x564.jpg\" title=\"Budapest_Ju\u0308discher Friedhof Salgo\u0301tarja\u0301ni_(c) Gerhard Steinwender\" width=\"200\" height=\"200\" src=\"https:\/\/www.gerhardsteinwender.eu\/wp-content\/uploads\/2023\/02\/Budapest_Juedischer-Friedhof-Salgotarjani_u_GST-5361-200x200.jpg\" class=\"attachment-thumbnail size-thumbnail\" alt=\"\" srcset=\"https:\/\/www.gerhardsteinwender.eu\/wp-content\/uploads\/2023\/02\/Budapest_Juedischer-Friedhof-Salgotarjani_u_GST-5361-200x200.jpg 200w, https:\/\/www.gerhardsteinwender.eu\/wp-content\/uploads\/2023\/02\/Budapest_Juedischer-Friedhof-Salgotarjani_u_GST-5361-533x533.jpg 533w, https:\/\/www.gerhardsteinwender.eu\/wp-content\/uploads\/2023\/02\/Budapest_Juedischer-Friedhof-Salgotarjani_u_GST-5361-640x640.jpg 640w\" sizes=\"auto, (max-width: 200px) 100vw, 200px\" \/><\/a>\n\t\t\t<\/div><\/figure><figure class='gallery-item'>\n\t\t\t<div class='gallery-icon portrait'>\n\t\t\t\t<a href='https:\/\/www.gerhardsteinwender.eu\/?attachment_id=9702'><img loading=\"lazy\" decoding=\"async\" data-attachment-id=\"9702\" data-orig-file=\"https:\/\/www.gerhardsteinwender.eu\/wp-content\/uploads\/2023\/02\/Budapest_Juedischer-Friedhof-Salgotarjani_u_GST-5360.jpg\" data-orig-size=\"800,1200\" data-comments-opened=\"1\" data-image-meta=\"{&quot;aperture&quot;:&quot;5&quot;,&quot;credit&quot;:&quot;G.STEINWENDER     photo8181&quot;,&quot;camera&quot;:&quot;NIKON D850&quot;,&quot;caption&quot;:&quot;&quot;,&quot;created_timestamp&quot;:&quot;1674982234&quot;,&quot;copyright&quot;:&quot;G.STEINWENDER     photo8181&quot;,&quot;focal_length&quot;:&quot;45&quot;,&quot;iso&quot;:&quot;800&quot;,&quot;shutter_speed&quot;:&quot;0.0125&quot;,&quot;title&quot;:&quot;&quot;,&quot;orientation&quot;:&quot;0&quot;}\" data-image-title=\"Budapest_Ju\u0308discher Friedhof Salgo\u0301tarja\u0301ni_(c) Gerhard Steinwender\" data-image-description=\"\" data-medium-file=\"https:\/\/www.gerhardsteinwender.eu\/wp-content\/uploads\/2023\/02\/Budapest_Juedischer-Friedhof-Salgotarjani_u_GST-5360-200x300.jpg\" data-large-file=\"https:\/\/www.gerhardsteinwender.eu\/wp-content\/uploads\/2023\/02\/Budapest_Juedischer-Friedhof-Salgotarjani_u_GST-5360.jpg\" title=\"Budapest_Ju\u0308discher Friedhof Salgo\u0301tarja\u0301ni_(c) Gerhard Steinwender\" width=\"200\" height=\"200\" src=\"https:\/\/www.gerhardsteinwender.eu\/wp-content\/uploads\/2023\/02\/Budapest_Juedischer-Friedhof-Salgotarjani_u_GST-5360-200x200.jpg\" class=\"attachment-thumbnail size-thumbnail\" alt=\"\" srcset=\"https:\/\/www.gerhardsteinwender.eu\/wp-content\/uploads\/2023\/02\/Budapest_Juedischer-Friedhof-Salgotarjani_u_GST-5360-200x200.jpg 200w, https:\/\/www.gerhardsteinwender.eu\/wp-content\/uploads\/2023\/02\/Budapest_Juedischer-Friedhof-Salgotarjani_u_GST-5360-533x533.jpg 533w, https:\/\/www.gerhardsteinwender.eu\/wp-content\/uploads\/2023\/02\/Budapest_Juedischer-Friedhof-Salgotarjani_u_GST-5360-640x640.jpg 640w\" sizes=\"auto, (max-width: 200px) 100vw, 200px\" \/><\/a>\n\t\t\t<\/div><\/figure><figure class='gallery-item'>\n\t\t\t<div class='gallery-icon portrait'>\n\t\t\t\t<a href='https:\/\/www.gerhardsteinwender.eu\/?attachment_id=9699'><img loading=\"lazy\" decoding=\"async\" data-attachment-id=\"9699\" data-orig-file=\"https:\/\/www.gerhardsteinwender.eu\/wp-content\/uploads\/2023\/02\/Budapest_Juedischer-Friedhof-Salgotarjani_u_GST-5357.jpg\" data-orig-size=\"800,1200\" data-comments-opened=\"1\" data-image-meta=\"{&quot;aperture&quot;:&quot;5&quot;,&quot;credit&quot;:&quot;G.STEINWENDER     photo8181&quot;,&quot;camera&quot;:&quot;NIKON D850&quot;,&quot;caption&quot;:&quot;&quot;,&quot;created_timestamp&quot;:&quot;1674982157&quot;,&quot;copyright&quot;:&quot;G.STEINWENDER     photo8181&quot;,&quot;focal_length&quot;:&quot;70&quot;,&quot;iso&quot;:&quot;400&quot;,&quot;shutter_speed&quot;:&quot;0.02&quot;,&quot;title&quot;:&quot;&quot;,&quot;orientation&quot;:&quot;0&quot;}\" data-image-title=\"Budapest_Ju\u0308discher Friedhof Salgo\u0301tarja\u0301ni_(c) Gerhard Steinwender\" data-image-description=\"\" data-medium-file=\"https:\/\/www.gerhardsteinwender.eu\/wp-content\/uploads\/2023\/02\/Budapest_Juedischer-Friedhof-Salgotarjani_u_GST-5357-200x300.jpg\" data-large-file=\"https:\/\/www.gerhardsteinwender.eu\/wp-content\/uploads\/2023\/02\/Budapest_Juedischer-Friedhof-Salgotarjani_u_GST-5357.jpg\" title=\"Budapest_Ju\u0308discher Friedhof Salgo\u0301tarja\u0301ni_(c) Gerhard Steinwender\" width=\"200\" height=\"200\" src=\"https:\/\/www.gerhardsteinwender.eu\/wp-content\/uploads\/2023\/02\/Budapest_Juedischer-Friedhof-Salgotarjani_u_GST-5357-200x200.jpg\" class=\"attachment-thumbnail size-thumbnail\" alt=\"\" srcset=\"https:\/\/www.gerhardsteinwender.eu\/wp-content\/uploads\/2023\/02\/Budapest_Juedischer-Friedhof-Salgotarjani_u_GST-5357-200x200.jpg 200w, https:\/\/www.gerhardsteinwender.eu\/wp-content\/uploads\/2023\/02\/Budapest_Juedischer-Friedhof-Salgotarjani_u_GST-5357-533x533.jpg 533w, https:\/\/www.gerhardsteinwender.eu\/wp-content\/uploads\/2023\/02\/Budapest_Juedischer-Friedhof-Salgotarjani_u_GST-5357-640x640.jpg 640w\" sizes=\"auto, (max-width: 200px) 100vw, 200px\" \/><\/a>\n\t\t\t<\/div><\/figure><figure class='gallery-item'>\n\t\t\t<div class='gallery-icon landscape'>\n\t\t\t\t<a href='https:\/\/www.gerhardsteinwender.eu\/?attachment_id=9697'><img loading=\"lazy\" decoding=\"async\" data-attachment-id=\"9697\" data-orig-file=\"https:\/\/www.gerhardsteinwender.eu\/wp-content\/uploads\/2023\/02\/Budapest_Juedischer-Friedhof-Salgotarjani_u_GST-5355.jpg\" data-orig-size=\"1200,800\" data-comments-opened=\"1\" data-image-meta=\"{&quot;aperture&quot;:&quot;5.6&quot;,&quot;credit&quot;:&quot;G.STEINWENDER     photo8181&quot;,&quot;camera&quot;:&quot;NIKON D850&quot;,&quot;caption&quot;:&quot;&quot;,&quot;created_timestamp&quot;:&quot;1674982109&quot;,&quot;copyright&quot;:&quot;G.STEINWENDER     photo8181&quot;,&quot;focal_length&quot;:&quot;31&quot;,&quot;iso&quot;:&quot;400&quot;,&quot;shutter_speed&quot;:&quot;0.02&quot;,&quot;title&quot;:&quot;&quot;,&quot;orientation&quot;:&quot;0&quot;}\" data-image-title=\"Budapest_Ju\u0308discher Friedhof Salgo\u0301tarja\u0301ni_(c) Gerhard Steinwender\" data-image-description=\"\" data-medium-file=\"https:\/\/www.gerhardsteinwender.eu\/wp-content\/uploads\/2023\/02\/Budapest_Juedischer-Friedhof-Salgotarjani_u_GST-5355-300x200.jpg\" data-large-file=\"https:\/\/www.gerhardsteinwender.eu\/wp-content\/uploads\/2023\/02\/Budapest_Juedischer-Friedhof-Salgotarjani_u_GST-5355-846x564.jpg\" title=\"Budapest_Ju\u0308discher Friedhof Salgo\u0301tarja\u0301ni_(c) Gerhard Steinwender\" width=\"200\" height=\"200\" src=\"https:\/\/www.gerhardsteinwender.eu\/wp-content\/uploads\/2023\/02\/Budapest_Juedischer-Friedhof-Salgotarjani_u_GST-5355-200x200.jpg\" class=\"attachment-thumbnail size-thumbnail\" alt=\"\" srcset=\"https:\/\/www.gerhardsteinwender.eu\/wp-content\/uploads\/2023\/02\/Budapest_Juedischer-Friedhof-Salgotarjani_u_GST-5355-200x200.jpg 200w, https:\/\/www.gerhardsteinwender.eu\/wp-content\/uploads\/2023\/02\/Budapest_Juedischer-Friedhof-Salgotarjani_u_GST-5355-533x533.jpg 533w, https:\/\/www.gerhardsteinwender.eu\/wp-content\/uploads\/2023\/02\/Budapest_Juedischer-Friedhof-Salgotarjani_u_GST-5355-640x640.jpg 640w\" sizes=\"auto, (max-width: 200px) 100vw, 200px\" \/><\/a>\n\t\t\t<\/div><\/figure><figure class='gallery-item'>\n\t\t\t<div class='gallery-icon portrait'>\n\t\t\t\t<a href='https:\/\/www.gerhardsteinwender.eu\/?attachment_id=9696'><img loading=\"lazy\" decoding=\"async\" data-attachment-id=\"9696\" data-orig-file=\"https:\/\/www.gerhardsteinwender.eu\/wp-content\/uploads\/2023\/02\/Budapest_Juedischer-Friedhof-Salgotarjani_u_GST-5354.jpg\" data-orig-size=\"800,1200\" data-comments-opened=\"1\" data-image-meta=\"{&quot;aperture&quot;:&quot;5.6&quot;,&quot;credit&quot;:&quot;G.STEINWENDER     photo8181&quot;,&quot;camera&quot;:&quot;NIKON D850&quot;,&quot;caption&quot;:&quot;&quot;,&quot;created_timestamp&quot;:&quot;1674982090&quot;,&quot;copyright&quot;:&quot;G.STEINWENDER     photo8181&quot;,&quot;focal_length&quot;:&quot;65&quot;,&quot;iso&quot;:&quot;400&quot;,&quot;shutter_speed&quot;:&quot;0.008&quot;,&quot;title&quot;:&quot;&quot;,&quot;orientation&quot;:&quot;0&quot;}\" data-image-title=\"BBudapest_Ju\u0308discher Friedhof Salgo\u0301tarja\u0301ni_(c) Gerhard Steinwender\" data-image-description=\"\" data-medium-file=\"https:\/\/www.gerhardsteinwender.eu\/wp-content\/uploads\/2023\/02\/Budapest_Juedischer-Friedhof-Salgotarjani_u_GST-5354-200x300.jpg\" data-large-file=\"https:\/\/www.gerhardsteinwender.eu\/wp-content\/uploads\/2023\/02\/Budapest_Juedischer-Friedhof-Salgotarjani_u_GST-5354.jpg\" title=\"BBudapest_Ju\u0308discher Friedhof Salgo\u0301tarja\u0301ni_(c) Gerhard Steinwender\" width=\"200\" height=\"200\" src=\"https:\/\/www.gerhardsteinwender.eu\/wp-content\/uploads\/2023\/02\/Budapest_Juedischer-Friedhof-Salgotarjani_u_GST-5354-200x200.jpg\" class=\"attachment-thumbnail size-thumbnail\" alt=\"\" srcset=\"https:\/\/www.gerhardsteinwender.eu\/wp-content\/uploads\/2023\/02\/Budapest_Juedischer-Friedhof-Salgotarjani_u_GST-5354-200x200.jpg 200w, https:\/\/www.gerhardsteinwender.eu\/wp-content\/uploads\/2023\/02\/Budapest_Juedischer-Friedhof-Salgotarjani_u_GST-5354-533x533.jpg 533w, https:\/\/www.gerhardsteinwender.eu\/wp-content\/uploads\/2023\/02\/Budapest_Juedischer-Friedhof-Salgotarjani_u_GST-5354-640x640.jpg 640w\" sizes=\"auto, (max-width: 200px) 100vw, 200px\" \/><\/a>\n\t\t\t<\/div><\/figure><figure class='gallery-item'>\n\t\t\t<div class='gallery-icon landscape'>\n\t\t\t\t<a href='https:\/\/www.gerhardsteinwender.eu\/?attachment_id=9695'><img loading=\"lazy\" decoding=\"async\" data-attachment-id=\"9695\" data-orig-file=\"https:\/\/www.gerhardsteinwender.eu\/wp-content\/uploads\/2023\/02\/Budapest_Juedischer-Friedhof-Salgotarjani_u_GST-5353.jpg\" data-orig-size=\"1200,800\" data-comments-opened=\"1\" data-image-meta=\"{&quot;aperture&quot;:&quot;5.6&quot;,&quot;credit&quot;:&quot;G.STEINWENDER     photo8181&quot;,&quot;camera&quot;:&quot;NIKON D850&quot;,&quot;caption&quot;:&quot;&quot;,&quot;created_timestamp&quot;:&quot;1674982060&quot;,&quot;copyright&quot;:&quot;G.STEINWENDER     photo8181&quot;,&quot;focal_length&quot;:&quot;42&quot;,&quot;iso&quot;:&quot;400&quot;,&quot;shutter_speed&quot;:&quot;0.033333333333333&quot;,&quot;title&quot;:&quot;&quot;,&quot;orientation&quot;:&quot;0&quot;}\" data-image-title=\"Budapest_Ju\u0308discher Friedhof Salgo\u0301tarja\u0301ni_(c) Gerhard Steinwender\" data-image-description=\"\" data-medium-file=\"https:\/\/www.gerhardsteinwender.eu\/wp-content\/uploads\/2023\/02\/Budapest_Juedischer-Friedhof-Salgotarjani_u_GST-5353-300x200.jpg\" data-large-file=\"https:\/\/www.gerhardsteinwender.eu\/wp-content\/uploads\/2023\/02\/Budapest_Juedischer-Friedhof-Salgotarjani_u_GST-5353-846x564.jpg\" title=\"Budapest_Ju\u0308discher Friedhof Salgo\u0301tarja\u0301ni_(c) Gerhard Steinwender\" width=\"200\" height=\"200\" src=\"https:\/\/www.gerhardsteinwender.eu\/wp-content\/uploads\/2023\/02\/Budapest_Juedischer-Friedhof-Salgotarjani_u_GST-5353-200x200.jpg\" class=\"attachment-thumbnail size-thumbnail\" alt=\"\" srcset=\"https:\/\/www.gerhardsteinwender.eu\/wp-content\/uploads\/2023\/02\/Budapest_Juedischer-Friedhof-Salgotarjani_u_GST-5353-200x200.jpg 200w, https:\/\/www.gerhardsteinwender.eu\/wp-content\/uploads\/2023\/02\/Budapest_Juedischer-Friedhof-Salgotarjani_u_GST-5353-533x533.jpg 533w, https:\/\/www.gerhardsteinwender.eu\/wp-content\/uploads\/2023\/02\/Budapest_Juedischer-Friedhof-Salgotarjani_u_GST-5353-640x640.jpg 640w\" sizes=\"auto, (max-width: 200px) 100vw, 200px\" \/><\/a>\n\t\t\t<\/div><\/figure><figure class='gallery-item'>\n\t\t\t<div class='gallery-icon portrait'>\n\t\t\t\t<a href='https:\/\/www.gerhardsteinwender.eu\/?attachment_id=9694'><img loading=\"lazy\" decoding=\"async\" data-attachment-id=\"9694\" data-orig-file=\"https:\/\/www.gerhardsteinwender.eu\/wp-content\/uploads\/2023\/02\/Budapest_Juedischer-Friedhof-Salgotarjani_u_GST-5351.jpg\" data-orig-size=\"800,1200\" data-comments-opened=\"1\" data-image-meta=\"{&quot;aperture&quot;:&quot;5.6&quot;,&quot;credit&quot;:&quot;G.STEINWENDER     photo8181&quot;,&quot;camera&quot;:&quot;NIKON D850&quot;,&quot;caption&quot;:&quot;&quot;,&quot;created_timestamp&quot;:&quot;1674981981&quot;,&quot;copyright&quot;:&quot;G.STEINWENDER     photo8181&quot;,&quot;focal_length&quot;:&quot;50&quot;,&quot;iso&quot;:&quot;250&quot;,&quot;shutter_speed&quot;:&quot;0.01&quot;,&quot;title&quot;:&quot;&quot;,&quot;orientation&quot;:&quot;0&quot;}\" data-image-title=\"Budapest_Ju\u0308discher Friedhof Salgo\u0301tarja\u0301ni_(c) Gerhard Steinwender\" data-image-description=\"\" data-medium-file=\"https:\/\/www.gerhardsteinwender.eu\/wp-content\/uploads\/2023\/02\/Budapest_Juedischer-Friedhof-Salgotarjani_u_GST-5351-200x300.jpg\" data-large-file=\"https:\/\/www.gerhardsteinwender.eu\/wp-content\/uploads\/2023\/02\/Budapest_Juedischer-Friedhof-Salgotarjani_u_GST-5351.jpg\" title=\"Budapest_Ju\u0308discher Friedhof Salgo\u0301tarja\u0301ni_(c) Gerhard Steinwender\" width=\"200\" height=\"200\" src=\"https:\/\/www.gerhardsteinwender.eu\/wp-content\/uploads\/2023\/02\/Budapest_Juedischer-Friedhof-Salgotarjani_u_GST-5351-200x200.jpg\" class=\"attachment-thumbnail size-thumbnail\" alt=\"\" srcset=\"https:\/\/www.gerhardsteinwender.eu\/wp-content\/uploads\/2023\/02\/Budapest_Juedischer-Friedhof-Salgotarjani_u_GST-5351-200x200.jpg 200w, https:\/\/www.gerhardsteinwender.eu\/wp-content\/uploads\/2023\/02\/Budapest_Juedischer-Friedhof-Salgotarjani_u_GST-5351-533x533.jpg 533w, https:\/\/www.gerhardsteinwender.eu\/wp-content\/uploads\/2023\/02\/Budapest_Juedischer-Friedhof-Salgotarjani_u_GST-5351-640x640.jpg 640w\" sizes=\"auto, (max-width: 200px) 100vw, 200px\" \/><\/a>\n\t\t\t<\/div><\/figure><figure class='gallery-item'>\n\t\t\t<div class='gallery-icon landscape'>\n\t\t\t\t<a href='https:\/\/www.gerhardsteinwender.eu\/?attachment_id=9693'><img loading=\"lazy\" decoding=\"async\" data-attachment-id=\"9693\" data-orig-file=\"https:\/\/www.gerhardsteinwender.eu\/wp-content\/uploads\/2023\/02\/Budapest_Juedischer-Friedhof-Salgotarjani_u_GST-5350.jpg\" data-orig-size=\"1200,800\" data-comments-opened=\"1\" data-image-meta=\"{&quot;aperture&quot;:&quot;3.5&quot;,&quot;credit&quot;:&quot;G.STEINWENDER     photo8181&quot;,&quot;camera&quot;:&quot;NIKON D850&quot;,&quot;caption&quot;:&quot;&quot;,&quot;created_timestamp&quot;:&quot;1674981941&quot;,&quot;copyright&quot;:&quot;G.STEINWENDER     photo8181&quot;,&quot;focal_length&quot;:&quot;34&quot;,&quot;iso&quot;:&quot;250&quot;,&quot;shutter_speed&quot;:&quot;0.016666666666667&quot;,&quot;title&quot;:&quot;&quot;,&quot;orientation&quot;:&quot;0&quot;}\" data-image-title=\"Budapest_Ju\u0308discher Friedhof Salgo\u0301tarja\u0301ni_(c) Gerhard Steinwender\" data-image-description=\"\" data-medium-file=\"https:\/\/www.gerhardsteinwender.eu\/wp-content\/uploads\/2023\/02\/Budapest_Juedischer-Friedhof-Salgotarjani_u_GST-5350-300x200.jpg\" data-large-file=\"https:\/\/www.gerhardsteinwender.eu\/wp-content\/uploads\/2023\/02\/Budapest_Juedischer-Friedhof-Salgotarjani_u_GST-5350-846x564.jpg\" title=\"Budapest_Ju\u0308discher Friedhof Salgo\u0301tarja\u0301ni_(c) Gerhard Steinwender\" width=\"200\" height=\"200\" src=\"https:\/\/www.gerhardsteinwender.eu\/wp-content\/uploads\/2023\/02\/Budapest_Juedischer-Friedhof-Salgotarjani_u_GST-5350-200x200.jpg\" class=\"attachment-thumbnail size-thumbnail\" alt=\"\" srcset=\"https:\/\/www.gerhardsteinwender.eu\/wp-content\/uploads\/2023\/02\/Budapest_Juedischer-Friedhof-Salgotarjani_u_GST-5350-200x200.jpg 200w, https:\/\/www.gerhardsteinwender.eu\/wp-content\/uploads\/2023\/02\/Budapest_Juedischer-Friedhof-Salgotarjani_u_GST-5350-533x533.jpg 533w, https:\/\/www.gerhardsteinwender.eu\/wp-content\/uploads\/2023\/02\/Budapest_Juedischer-Friedhof-Salgotarjani_u_GST-5350-640x640.jpg 640w\" sizes=\"auto, (max-width: 200px) 100vw, 200px\" \/><\/a>\n\t\t\t<\/div><\/figure><figure class='gallery-item'>\n\t\t\t<div class='gallery-icon landscape'>\n\t\t\t\t<a href='https:\/\/www.gerhardsteinwender.eu\/?attachment_id=9692'><img loading=\"lazy\" decoding=\"async\" data-attachment-id=\"9692\" data-orig-file=\"https:\/\/www.gerhardsteinwender.eu\/wp-content\/uploads\/2023\/02\/Budapest_Juedischer-Friedhof-Salgotarjani_u_GST-5349.jpg\" data-orig-size=\"1200,800\" data-comments-opened=\"1\" data-image-meta=\"{&quot;aperture&quot;:&quot;3.5&quot;,&quot;credit&quot;:&quot;G.STEINWENDER     photo8181&quot;,&quot;camera&quot;:&quot;NIKON D850&quot;,&quot;caption&quot;:&quot;&quot;,&quot;created_timestamp&quot;:&quot;1674981914&quot;,&quot;copyright&quot;:&quot;G.STEINWENDER     photo8181&quot;,&quot;focal_length&quot;:&quot;56&quot;,&quot;iso&quot;:&quot;250&quot;,&quot;shutter_speed&quot;:&quot;0.01&quot;,&quot;title&quot;:&quot;&quot;,&quot;orientation&quot;:&quot;0&quot;}\" data-image-title=\"Budapest_Ju\u0308discher Friedhof Salgo\u0301tarja\u0301ni_(c) Gerhard Steinwender\" data-image-description=\"\" data-medium-file=\"https:\/\/www.gerhardsteinwender.eu\/wp-content\/uploads\/2023\/02\/Budapest_Juedischer-Friedhof-Salgotarjani_u_GST-5349-300x200.jpg\" data-large-file=\"https:\/\/www.gerhardsteinwender.eu\/wp-content\/uploads\/2023\/02\/Budapest_Juedischer-Friedhof-Salgotarjani_u_GST-5349-846x564.jpg\" title=\"Budapest_Ju\u0308discher Friedhof Salgo\u0301tarja\u0301ni_(c) Gerhard Steinwender\" width=\"200\" height=\"200\" src=\"https:\/\/www.gerhardsteinwender.eu\/wp-content\/uploads\/2023\/02\/Budapest_Juedischer-Friedhof-Salgotarjani_u_GST-5349-200x200.jpg\" class=\"attachment-thumbnail size-thumbnail\" alt=\"\" srcset=\"https:\/\/www.gerhardsteinwender.eu\/wp-content\/uploads\/2023\/02\/Budapest_Juedischer-Friedhof-Salgotarjani_u_GST-5349-200x200.jpg 200w, https:\/\/www.gerhardsteinwender.eu\/wp-content\/uploads\/2023\/02\/Budapest_Juedischer-Friedhof-Salgotarjani_u_GST-5349-533x533.jpg 533w, https:\/\/www.gerhardsteinwender.eu\/wp-content\/uploads\/2023\/02\/Budapest_Juedischer-Friedhof-Salgotarjani_u_GST-5349-640x640.jpg 640w\" sizes=\"auto, (max-width: 200px) 100vw, 200px\" \/><\/a>\n\t\t\t<\/div><\/figure>\n\t\t<\/div>\n\n<p>&nbsp;<\/p>\n","protected":false},"excerpt":{"rendered":"<p>&nbsp;<\/p>\n","protected":false},"author":1,"featured_media":9756,"parent":9631,"menu_order":2,"comment_status":"closed","ping_status":"closed","template":"","meta":{"footnotes":""},"class_list":["post-9687","page","type-page","status-publish","has-post-thumbnail","hentry"],"_links":{"self":[{"href":"https:\/\/www.gerhardsteinwender.eu\/index.php?rest_route=\/wp\/v2\/pages\/9687","targetHints":{"allow":["GET"]}}],"collection":[{"href":"https:\/\/www.gerhardsteinwender.eu\/index.php?rest_route=\/wp\/v2\/pages"}],"about":[{"href":"https:\/\/www.gerhardsteinwender.eu\/index.php?rest_route=\/wp\/v2\/types\/page"}],"author":[{"embeddable":true,"href":"https:\/\/www.gerhardsteinwender.eu\/index.php?rest_route=\/wp\/v2\/users\/1"}],"replies":[{"embeddable":true,"href":"https:\/\/www.gerhardsteinwender.eu\/index.php?rest_route=%2Fwp%2Fv2%2Fcomments&post=9687"}],"version-history":[{"count":6,"href":"https:\/\/www.gerhardsteinwender.eu\/index.php?rest_route=\/wp\/v2\/pages\/9687\/revisions"}],"predecessor-version":[{"id":9853,"href":"https:\/\/www.gerhardsteinwender.eu\/index.php?rest_route=\/wp\/v2\/pages\/9687\/revisions\/9853"}],"up":[{"embeddable":true,"href":"https:\/\/www.gerhardsteinwender.eu\/index.php?rest_route=\/wp\/v2\/pages\/9631"}],"wp:featuredmedia":[{"embeddable":true,"href":"https:\/\/www.gerhardsteinwender.eu\/index.php?rest_route=\/wp\/v2\/media\/9756"}],"wp:attachment":[{"href":"https:\/\/www.gerhardsteinwender.eu\/index.php?rest_route=%2Fwp%2Fv2%2Fmedia&parent=9687"}],"curies":[{"name":"wp","href":"https:\/\/api.w.org\/{rel}","templated":true}]}}